{"id":980,"date":"2023-03-16T20:38:07","date_gmt":"2023-03-16T23:38:07","guid":{"rendered":"https:\/\/salvadordabahia.com\/capitalafro\/?post_type=experiencias&#038;p=980"},"modified":"2023-03-16T20:45:40","modified_gmt":"2023-03-16T23:45:40","slug":"festival-salvador-uma-collab-salvador-shopping-e-salvador-capital-afro","status":"publish","type":"experiencias","link":"https:\/\/www.salvadordabahia.com\/capitalafro\/experiencias\/festival-salvador-uma-collab-salvador-shopping-e-salvador-capital-afro\/","title":{"rendered":"Festival Salvador: uma collab Salvador Shopping e Salvador Capital Afro"},"content":{"rendered":"<h2 style=\"text-align: center;\">Festival Salvador celebra o anivers\u00e1rio da cidade com impulsionamento da ind\u00fastria cultural e criativa preta<\/h2>\n<p>A comemora\u00e7\u00e3o dos 474 anos da cidade mais preta fora da \u00c1frica ser\u00e1 marcada pela valoriza\u00e7\u00e3o da heran\u00e7a ancestral, potencial cultural e criativo negro e o incentivo ao Black Money. Isso porque a parceria do Movimento Salvador Capital Afro e do Salvador Shopping tem continuidade neste m\u00eas, com a realiza\u00e7\u00e3o do Festival Salvador, que acontece de 15 a 31 de mar\u00e7o, no centro de compras.<\/p>\n<blockquote>\n<p style=\"text-align: center;\"><em> &#8220;Essa parceria com o shopping nos apresenta um enorme desafio, que \u00e9 o de articular e pensar estrat\u00e9gias que, efetivamente, impactem no escoamento dos produtos e servi\u00e7os. Neste sentido, para al\u00e9m da visibilidade e do valor simb\u00f3lico desta collab, desejamos criar e ampliar espa\u00e7os de comercializa\u00e7\u00e3o para pequenos e m\u00e9dios empreendimentos pretos da cidade&#8221;<\/em>, Diretora de Cultura da Secult municipal, Maylla Pita.<\/p>\n<\/blockquote>\n<p>&nbsp;<\/p>\n<div id=\"attachment_972\" style=\"width: 1034px\" class=\"wp-caption aligncenter\"><img loading=\"lazy\" decoding=\"async\" aria-describedby=\"caption-attachment-972\" class=\"wp-image-972 size-large\" src=\"https:\/\/salvadordabahia.com\/capitalafro\/wp-content\/uploads\/2023\/03\/Salvador-Capital-Afro-no-Salvador-Shopping.-Foto-Roberto-Abreu-3-1024x683.jpg\" alt=\"\" width=\"1024\" height=\"683\" srcset=\"https:\/\/www.salvadordabahia.com\/capitalafro\/wp-content\/uploads\/2023\/03\/Salvador-Capital-Afro-no-Salvador-Shopping.-Foto-Roberto-Abreu-3-1024x683.jpg 1024w, https:\/\/www.salvadordabahia.com\/capitalafro\/wp-content\/uploads\/2023\/03\/Salvador-Capital-Afro-no-Salvador-Shopping.-Foto-Roberto-Abreu-3-300x200.jpg 300w, https:\/\/www.salvadordabahia.com\/capitalafro\/wp-content\/uploads\/2023\/03\/Salvador-Capital-Afro-no-Salvador-Shopping.-Foto-Roberto-Abreu-3-768x512.jpg 768w, https:\/\/www.salvadordabahia.com\/capitalafro\/wp-content\/uploads\/2023\/03\/Salvador-Capital-Afro-no-Salvador-Shopping.-Foto-Roberto-Abreu-3.jpg 2048w\" sizes=\"(max-width: 1024px) 100vw, 1024px\" \/><p id=\"caption-attachment-972\" class=\"wp-caption-text\">Salvador Capital Afro no Salvador Shopping. Foto Roberto Abreu.<\/p><\/div>\n<p>A programa\u00e7\u00e3o, que integra as celebra\u00e7\u00f5es do anivers\u00e1rio de Salvador, inclui atra\u00e7\u00f5es musicais e perform\u00e1ticas na Pra\u00e7a Central (piso L1) do shopping, estandes nos segmentos de moda, acess\u00f3rios, cosm\u00e9ticos e artes, com a comercializa\u00e7\u00e3o de produtos e servi\u00e7os fornecidos por afroempreendedores participantes da plataforma online AfroBiz Salvador &#8211; projeto da Prefeitura de fortalecimento da ind\u00fastria criativa afro da cidade.<\/p>\n<p>A collab tamb\u00e9m voltar\u00e1 com o Centro de Informa\u00e7\u00e3o de Afroturismo, espa\u00e7o voltado para a divulga\u00e7\u00e3o de roteiros inovadores, com o objetivo de oferecer aos visitantes uma diversidade de experi\u00eancias em gastronomia, hist\u00f3ria, arte, cultura e religi\u00f5es (cat\u00f3lica e de matrizes africanas), todos contados sob a perspectiva da cultura afro-brasileira. Dentre as sugest\u00f5es de passeios afrocentrados est\u00e3o a mariscagem em Tubar\u00e3o, incluindo saborear uma deliciosa moqueca com mam\u00e3o verde; visitas ao Terreiro Vodun Kwe To Zo, \u00e0 Pedra de Xang\u00f4 e \u00e0 Feira de S\u00e3o Joaquim; Viv\u00eancias de F\u00e9 na Terra Santa dos Alagados; Rota Afro Congo, na sede do Afox\u00e9 Filhos do Congo, e o tour hist\u00f3rico Caminho de Ogum, no Centro Antigo de Salvador.<\/p>\n<p>&nbsp;<\/p>\n<div id=\"attachment_974\" style=\"width: 1034px\" class=\"wp-caption aligncenter\"><img loading=\"lazy\" decoding=\"async\" aria-describedby=\"caption-attachment-974\" class=\"wp-image-974 size-large\" src=\"https:\/\/salvadordabahia.com\/capitalafro\/wp-content\/uploads\/2023\/03\/Salvador-Capital-Afro-no-Salvador-Shopping.-Foto-Roberto-Abreu-5-1024x683.jpg\" alt=\"\" width=\"1024\" height=\"683\" srcset=\"https:\/\/www.salvadordabahia.com\/capitalafro\/wp-content\/uploads\/2023\/03\/Salvador-Capital-Afro-no-Salvador-Shopping.-Foto-Roberto-Abreu-5-1024x683.jpg 1024w, https:\/\/www.salvadordabahia.com\/capitalafro\/wp-content\/uploads\/2023\/03\/Salvador-Capital-Afro-no-Salvador-Shopping.-Foto-Roberto-Abreu-5-300x200.jpg 300w, https:\/\/www.salvadordabahia.com\/capitalafro\/wp-content\/uploads\/2023\/03\/Salvador-Capital-Afro-no-Salvador-Shopping.-Foto-Roberto-Abreu-5-768x512.jpg 768w, https:\/\/www.salvadordabahia.com\/capitalafro\/wp-content\/uploads\/2023\/03\/Salvador-Capital-Afro-no-Salvador-Shopping.-Foto-Roberto-Abreu-5.jpg 2048w\" sizes=\"(max-width: 1024px) 100vw, 1024px\" \/><p id=\"caption-attachment-974\" class=\"wp-caption-text\">Salvador Capital Afro no Salvador Shopping. Foto Roberto Abreu.<\/p><\/div>\n<p>A gerente de Marketing do Salvador Shopping, Marianna Muniz, reitera a import\u00e2ncia do Salvador Capital Afro promover um Festival no centro de compras. \u201cA primeira edi\u00e7\u00e3o j\u00e1 foi um sucesso e estamos na expectativa dessa segunda etapa, promovendo o Festival com destaque para m\u00fasica, al\u00e9m de manter na programa\u00e7\u00e3o o afroempreendedorismo, a representatividade, a economia criativa e o empoderamento, promovendo a cultura afro e o jeito de ser do soteropolitano. Esse evento \u00e9 uma das principais a\u00e7\u00f5es do calend\u00e1rio do Comit\u00ea de Diversidade e Direitos Humanos do shopping este ano\u201d, sinaliza a gestora.<\/p>\n<h3>Parceria<\/h3>\n<p>O Salvador Capital Afro \u00e9 uma iniciativa da Prefeitura Municipal de Salvador, atrav\u00e9s da Secretaria de Cultura e Turismo, no \u00e2mbito do PRODETUR Salvador, em parceria com a Secretaria da Repara\u00e7\u00e3o. O projeto tem financiamento do BID &#8211; Banco Interamericano de Desenvolvimento e \u00e9 mais uma a\u00e7\u00e3o implementada do Plano de Desenvolvimento do Turismo Afro em Salvador.<\/p>\n<h3>Servi\u00e7o:<\/h3>\n<p><strong>Festival Salvador: uma collab Salvador Shopping e Salvador Capital Afro<\/strong><br \/>\nLocal: Pra\u00e7a Central, Piso L1, Salvador Shopping<br \/>\nPer\u00edodo: 15 a 31 de mar\u00e7o de 2023;<br \/>\nHor\u00e1rio de funcionamento: segunda a s\u00e1bado, das 9h \u00e0s 22h; domingo, das 12h \u00e0s 21h;<\/p>\n","protected":false},"featured_media":975,"template":"","territorios":[134],"pilares":[64,63,61,60,59],"acf":[],"yoast_head":"<!-- This site is optimized with the Yoast SEO plugin v21.5 - https:\/\/yoast.com\/wordpress\/plugins\/seo\/ -->\n<title>Festival Salvador: uma collab Salvador Shopping e Salvador Capital Afro - Salvador Capital Afro<\/title>\n<meta name=\"robots\" content=\"index, follow, max-snippet:-1, max-image-preview:large, max-video-preview:-1\" \/>\n<link rel=\"canonical\" href=\"https:\/\/www.salvadordabahia.com\/capitalafro\/experiencias\/festival-salvador-uma-collab-salvador-shopping-e-salvador-capital-afro\/\" \/>\n<meta property=\"og:locale\" content=\"pt_BR\" \/>\n<meta property=\"og:type\" content=\"article\" \/>\n<meta property=\"og:title\" content=\"Festival Salvador: uma collab Salvador Shopping e Salvador Capital Afro - Salvador Capital Afro\" \/>\n<meta property=\"og:description\" content=\"Festival Salvador celebra o anivers\u00e1rio da cidade com impulsionamento da ind\u00fastria cultural e criativa preta A comemora\u00e7\u00e3o dos 474 anos da cidade mais preta fora da \u00c1frica ser\u00e1 marcada pela valoriza\u00e7\u00e3o da heran\u00e7a ancestral, potencial cultural e criativo negro e o incentivo ao Black Money. Isso porque a parceria do Movimento Salvador Capital Afro e [&hellip;]\" \/>\n<meta property=\"og:url\" content=\"https:\/\/www.salvadordabahia.com\/capitalafro\/experiencias\/festival-salvador-uma-collab-salvador-shopping-e-salvador-capital-afro\/\" \/>\n<meta property=\"og:site_name\" content=\"Salvador Capital Afro\" \/>\n<meta property=\"article:modified_time\" content=\"2023-03-16T23:45:40+00:00\" \/>\n<meta property=\"og:image\" content=\"https:\/\/www.salvadordabahia.com\/capitalafro\/wp-content\/uploads\/2023\/03\/Salvador-Capital-Afro-no-Salvador-Shopping.-Foto-Roberto-Abreu-7-1024x683.jpg\" \/>\n\t<meta property=\"og:image:width\" content=\"1024\" \/>\n\t<meta property=\"og:image:height\" content=\"683\" \/>\n\t<meta property=\"og:image:type\" content=\"image\/jpeg\" \/>\n<meta name=\"twitter:card\" content=\"summary_large_image\" \/>\n<meta name=\"twitter:label1\" content=\"Est. tempo de leitura\" \/>\n\t<meta name=\"twitter:data1\" content=\"4 minutos\" \/>\n<script type=\"application\/ld+json\" class=\"yoast-schema-graph\">{\"@context\":\"https:\/\/schema.org\",\"@graph\":[{\"@type\":\"WebPage\",\"@id\":\"https:\/\/www.salvadordabahia.com\/capitalafro\/experiencias\/festival-salvador-uma-collab-salvador-shopping-e-salvador-capital-afro\/\",\"url\":\"https:\/\/www.salvadordabahia.com\/capitalafro\/experiencias\/festival-salvador-uma-collab-salvador-shopping-e-salvador-capital-afro\/\",\"name\":\"Festival Salvador: uma collab Salvador Shopping e Salvador Capital Afro - Salvador Capital Afro\",\"isPartOf\":{\"@id\":\"https:\/\/www.salvadordabahia.com\/capitalafro\/#website\"},\"datePublished\":\"2023-03-16T23:38:07+00:00\",\"dateModified\":\"2023-03-16T23:45:40+00:00\",\"breadcrumb\":{\"@id\":\"https:\/\/www.salvadordabahia.com\/capitalafro\/experiencias\/festival-salvador-uma-collab-salvador-shopping-e-salvador-capital-afro\/#breadcrumb\"},\"inLanguage\":\"pt-BR\",\"potentialAction\":[{\"@type\":\"ReadAction\",\"target\":[\"https:\/\/www.salvadordabahia.com\/capitalafro\/experiencias\/festival-salvador-uma-collab-salvador-shopping-e-salvador-capital-afro\/\"]}]},{\"@type\":\"BreadcrumbList\",\"@id\":\"https:\/\/www.salvadordabahia.com\/capitalafro\/experiencias\/festival-salvador-uma-collab-salvador-shopping-e-salvador-capital-afro\/#breadcrumb\",\"itemListElement\":[{\"@type\":\"ListItem\",\"position\":1,\"name\":\"In\u00edcio\",\"item\":\"https:\/\/www.salvadordabahia.com\/capitalafro\/\"},{\"@type\":\"ListItem\",\"position\":2,\"name\":\"Experi\u00eancias\",\"item\":\"https:\/\/www.salvadordabahia.com\/capitalafro\/experiencias\/\"},{\"@type\":\"ListItem\",\"position\":3,\"name\":\"Festival Salvador: uma collab Salvador Shopping e Salvador Capital Afro\"}]},{\"@type\":\"WebSite\",\"@id\":\"https:\/\/www.salvadordabahia.com\/capitalafro\/#website\",\"url\":\"https:\/\/www.salvadordabahia.com\/capitalafro\/\",\"name\":\"Salvador Capital Afro\",\"description\":\"\",\"potentialAction\":[{\"@type\":\"SearchAction\",\"target\":{\"@type\":\"EntryPoint\",\"urlTemplate\":\"https:\/\/www.salvadordabahia.com\/capitalafro\/?s={search_term_string}\"},\"query-input\":\"required name=search_term_string\"}],\"inLanguage\":\"pt-BR\"}]}<\/script>\n<!-- \/ Yoast SEO plugin. -->","yoast_head_json":{"title":"Festival Salvador: uma collab Salvador Shopping e Salvador Capital Afro - Salvador Capital Afro","robots":{"index":"index","follow":"follow","max-snippet":"max-snippet:-1","max-image-preview":"max-image-preview:large","max-video-preview":"max-video-preview:-1"},"canonical":"https:\/\/www.salvadordabahia.com\/capitalafro\/experiencias\/festival-salvador-uma-collab-salvador-shopping-e-salvador-capital-afro\/","og_locale":"pt_BR","og_type":"article","og_title":"Festival Salvador: uma collab Salvador Shopping e Salvador Capital Afro - Salvador Capital Afro","og_description":"Festival Salvador celebra o anivers\u00e1rio da cidade com impulsionamento da ind\u00fastria cultural e criativa preta A comemora\u00e7\u00e3o dos 474 anos da cidade mais preta fora da \u00c1frica ser\u00e1 marcada pela valoriza\u00e7\u00e3o da heran\u00e7a ancestral, potencial cultural e criativo negro e o incentivo ao Black Money. Isso porque a parceria do Movimento Salvador Capital Afro e [&hellip;]","og_url":"https:\/\/www.salvadordabahia.com\/capitalafro\/experiencias\/festival-salvador-uma-collab-salvador-shopping-e-salvador-capital-afro\/","og_site_name":"Salvador Capital Afro","article_modified_time":"2023-03-16T23:45:40+00:00","og_image":[{"width":1024,"height":683,"url":"https:\/\/www.salvadordabahia.com\/capitalafro\/wp-content\/uploads\/2023\/03\/Salvador-Capital-Afro-no-Salvador-Shopping.-Foto-Roberto-Abreu-7-1024x683.jpg","type":"image\/jpeg"}],"twitter_card":"summary_large_image","twitter_misc":{"Est. tempo de leitura":"4 minutos"},"schema":{"@context":"https:\/\/schema.org","@graph":[{"@type":"WebPage","@id":"https:\/\/www.salvadordabahia.com\/capitalafro\/experiencias\/festival-salvador-uma-collab-salvador-shopping-e-salvador-capital-afro\/","url":"https:\/\/www.salvadordabahia.com\/capitalafro\/experiencias\/festival-salvador-uma-collab-salvador-shopping-e-salvador-capital-afro\/","name":"Festival Salvador: uma collab Salvador Shopping e Salvador Capital Afro - Salvador Capital Afro","isPartOf":{"@id":"https:\/\/www.salvadordabahia.com\/capitalafro\/#website"},"datePublished":"2023-03-16T23:38:07+00:00","dateModified":"2023-03-16T23:45:40+00:00","breadcrumb":{"@id":"https:\/\/www.salvadordabahia.com\/capitalafro\/experiencias\/festival-salvador-uma-collab-salvador-shopping-e-salvador-capital-afro\/#breadcrumb"},"inLanguage":"pt-BR","potentialAction":[{"@type":"ReadAction","target":["https:\/\/www.salvadordabahia.com\/capitalafro\/experiencias\/festival-salvador-uma-collab-salvador-shopping-e-salvador-capital-afro\/"]}]},{"@type":"BreadcrumbList","@id":"https:\/\/www.salvadordabahia.com\/capitalafro\/experiencias\/festival-salvador-uma-collab-salvador-shopping-e-salvador-capital-afro\/#breadcrumb","itemListElement":[{"@type":"ListItem","position":1,"name":"In\u00edcio","item":"https:\/\/www.salvadordabahia.com\/capitalafro\/"},{"@type":"ListItem","position":2,"name":"Experi\u00eancias","item":"https:\/\/www.salvadordabahia.com\/capitalafro\/experiencias\/"},{"@type":"ListItem","position":3,"name":"Festival Salvador: uma collab Salvador Shopping e Salvador Capital Afro"}]},{"@type":"WebSite","@id":"https:\/\/www.salvadordabahia.com\/capitalafro\/#website","url":"https:\/\/www.salvadordabahia.com\/capitalafro\/","name":"Salvador Capital Afro","description":"","potentialAction":[{"@type":"SearchAction","target":{"@type":"EntryPoint","urlTemplate":"https:\/\/www.salvadordabahia.com\/capitalafro\/?s={search_term_string}"},"query-input":"required name=search_term_string"}],"inLanguage":"pt-BR"}]}},"lang":"pt","translations":{"pt":980},"pll_sync_post":[],"_links":{"self":[{"href":"https:\/\/www.salvadordabahia.com\/capitalafro\/wp-json\/wp\/v2\/experiencias\/980"}],"collection":[{"href":"https:\/\/www.salvadordabahia.com\/capitalafro\/wp-json\/wp\/v2\/experiencias"}],"about":[{"href":"https:\/\/www.salvadordabahia.com\/capitalafro\/wp-json\/wp\/v2\/types\/experiencias"}],"wp:featuredmedia":[{"embeddable":true,"href":"https:\/\/www.salvadordabahia.com\/capitalafro\/wp-json\/wp\/v2\/media\/975"}],"wp:attachment":[{"href":"https:\/\/www.salvadordabahia.com\/capitalafro\/wp-json\/wp\/v2\/media?parent=980"}],"wp:term":[{"taxonomy":"territorios","embeddable":true,"href":"https:\/\/www.salvadordabahia.com\/capitalafro\/wp-json\/wp\/v2\/territorios?post=980"},{"taxonomy":"pilares","embeddable":true,"href":"https:\/\/www.salvadordabahia.com\/capitalafro\/wp-json\/wp\/v2\/pilares?post=980"}],"curies":[{"name":"wp","href":"https:\/\/api.w.org\/{rel}","templated":true}]}}