{"id":742,"date":"2022-12-02T09:27:02","date_gmt":"2022-12-02T12:27:02","guid":{"rendered":"https:\/\/salvadordabahia.com\/capitalafro\/?post_type=experiencias&#038;p=742"},"modified":"2022-12-02T09:31:41","modified_gmt":"2022-12-02T12:31:41","slug":"inicio-de-ciclo-de-festas-populares-e-marcado-por-heranca-ancestral","status":"publish","type":"experiencias","link":"https:\/\/www.salvadordabahia.com\/capitalafro\/experiencias\/inicio-de-ciclo-de-festas-populares-e-marcado-por-heranca-ancestral\/","title":{"rendered":"In\u00edcio de ciclo de festas populares \u00e9 marcado por heran\u00e7a ancestral"},"content":{"rendered":"<h2 style=\"text-align: center;\">Festa de Santa B\u00e1rbara<\/h2>\n<h3 style=\"text-align: center;\">Divindades s\u00e3o reverenciadas com cores e comida relacionadas \u00e0 religiosidade africana<\/h3>\n<p>Todo dia 4 de dezembro a regi\u00e3o do centro da capital baiana se veste de vermelho e branco. Esta \u00e9 indiscutivelmente uma das grandes festas da cidade, pois inicia o calend\u00e1rio de festas populares da Bahia e \u00e9 reconhecida como patrim\u00f4nio imaterial. Al\u00e9m da missa e prociss\u00e3o, a distribui\u00e7\u00e3o de caruru \u00e9 um dos pontos altos da festa no Corpo de Bombeiros e no Mercado de Santa B\u00e1rbara, por conta da forte associa\u00e7\u00e3o com divindades das religi\u00f5es afro-brasileiras: Ians\u00e3 (tradi\u00e7\u00e3o ketu) e Bamburucema (tradi\u00e7\u00e3o angola), senhora dos raios e dos ventos.<\/p>\n<h3>A tradi\u00e7\u00e3o do caruru<\/h3>\n<p>H\u00e1 24 anos como integrante da Vener\u00e1vel Ordem Terceira do Ros\u00e1rio de Nossa Senhora \u00e0s Portas do Carmo \u2013 Irmandade dos Homens Pretos, a professora Dilza Anjos dos Santos, 63 anos, atua na organiza\u00e7\u00e3o da festa com missa e prociss\u00e3o que \u00e9 realizada pela Igreja Nossa Senhora do Ros\u00e1rio dos Pretos. Ap\u00f3s tr\u00eas anos apenas frequentando a missa, ela atendeu ao chamado espiritual que transformou sua vida.<\/p>\n<blockquote>\n<p style=\"text-align: center;\"><em>\u201cMudou tudo. Voltei a estudar, me desenvolvi, me encontrei, e \u00e9 uma satisfa\u00e7\u00e3o fazer parte disso. No dia da festa, a energia \u00e9 inexplic\u00e1vel, forte\u201d<\/em>, disse a devota.<\/p>\n<\/blockquote>\n<p>Dona Dilza realiza dois carurus ao ano: um no dia do seu nascimento, 27 de setembro, em homenagem \u00e0s divindades S\u00e3o Cosme e S\u00e3o Dami\u00e3o, e em dezembro, sem data definida, para Santa B\u00e1rbara.<\/p>\n<p>Tudo acontece seguindo a tradi\u00e7\u00e3o com a ajuda de amigos e familiares, que passam a v\u00e9spera ajudando na elabora\u00e7\u00e3o das iguarias que v\u00e3o no prato. Quando tudo fica pronto e o cheiro caracter\u00edstico toma conta do ambiente, a casa j\u00e1 vai ficando cheia sem precisar de convite. Em mais uma etapa do rito, dona Dilza faz os pratos que ser\u00e3o colocados aos p\u00e9s das imagens das divindades para, em seguida, ir em busca das crian\u00e7as que ser\u00e3o as primeiras a ser servidas. A Irmandade dos Homens Pretos tamb\u00e9m oferece caruru na primeira quarta-feira ap\u00f3s a Festa de Santa B\u00e1rbara, na igreja localizada no Largo do Pelourinho.<\/p>\n<blockquote>\n<p style=\"text-align: center;\"><em>\u201cN\u00e3o abro m\u00e3o de continuar fazendo os dois carurus. Em compara\u00e7\u00e3o ao que eles j\u00e1 fizeram e ainda fazem na minha vida, ainda \u00e9 pouco\u201d<\/em>, conta dona Dilza.<\/p>\n<\/blockquote>\n<div id=\"attachment_744\" style=\"width: 1034px\" class=\"wp-caption aligncenter\"><img loading=\"lazy\" decoding=\"async\" aria-describedby=\"caption-attachment-744\" class=\"wp-image-744 size-large\" src=\"https:\/\/salvadordabahia.com\/capitalafro\/wp-content\/uploads\/2022\/12\/Salvador-Capital-Afro.-Foto-Jefferson-Dias-3-1024x683.jpg\" alt=\"\" width=\"1024\" height=\"683\" srcset=\"https:\/\/www.salvadordabahia.com\/capitalafro\/wp-content\/uploads\/2022\/12\/Salvador-Capital-Afro.-Foto-Jefferson-Dias-3-1024x683.jpg 1024w, https:\/\/www.salvadordabahia.com\/capitalafro\/wp-content\/uploads\/2022\/12\/Salvador-Capital-Afro.-Foto-Jefferson-Dias-3-300x200.jpg 300w, https:\/\/www.salvadordabahia.com\/capitalafro\/wp-content\/uploads\/2022\/12\/Salvador-Capital-Afro.-Foto-Jefferson-Dias-3-768x512.jpg 768w\" sizes=\"(max-width: 1024px) 100vw, 1024px\" \/><p id=\"caption-attachment-744\" class=\"wp-caption-text\">Salvador Capital Afro. Foto Jefferson Dias.<\/p><\/div>\n<p>A escolha do caruru remete \u00e0 rela\u00e7\u00e3o de Ians\u00e3 como esposa do orix\u00e1 Xang\u00f4, que tem como comida votiva o amal\u00e1 (feito com quiabo). No entanto, o processo de preparo de cada ingrediente determina para qual divindade do pante\u00e3o africano ela ser\u00e1 entregue.<\/p>\n<blockquote>\n<p style=\"text-align: center;\"><em>\u201cPara Ians\u00e3 ou na associa\u00e7\u00e3o religiosa com Santa B\u00e1rbara, ele \u00e9 cortado em rodelas, fazendo men\u00e7\u00e3o ao mercado, moedas. O de Cosme e Dami\u00e3o e na associa\u00e7\u00e3o com Ibeji, \u00e9 cortado em cruz\u201d<\/em>, detalha o doutor em antropologia e professor da Universidade Federal da Bahia (Ufba) e babalorix\u00e1 do Il\u00ea Ax\u00e9 Ob\u00e1 L\u2019Ok\u00ea, Vilson Caetano.<\/p>\n<\/blockquote>\n<p>Al\u00e9m disso, o prato tornou-se motivo de festa e j\u00e1 estava presente nas feiras, barracas e manifesta\u00e7\u00f5es da cidade.<\/p>\n<blockquote>\n<p style=\"text-align: center;\"><em>\u201cO caruru era, de fato, uma comida de festa. Em pesquisas para um texto que escrevi sobre a Festa de Santa B\u00e1rbara, encontrei o caruru servido no S\u00e3o Jo\u00e3o. Com o passar do tempo, o termo passou a designar festa e o conjunto de prepara\u00e7\u00f5es\u201d<\/em>, conta Vilson Caetano, tamb\u00e9m autor do livro O Banquete Sagrado: notas sobre o \u201cde comer\u201d em terreiros de candombl\u00e9.<\/p>\n<\/blockquote>\n<p>Apesar de ser o nome da iguaria feita com quiabo, quando se fala em comer um caruru, a associa\u00e7\u00e3o n\u00e3o \u00e9 s\u00f3 literal do molho de quiabo, \u00e9 direta com um prato com diversos preparos, como vatap\u00e1, o pr\u00f3prio caruru, feij\u00e3o-fradinho, arroz, xinxim de galinha, feij\u00e3o preto, farofa de dend\u00ea, banana-da-terra frita, abar\u00e1, acaraj\u00e9, rapadura, pipoca.<\/p>\n<blockquote>\n<p style=\"text-align: center;\"><em>\u201c\u00c9 um grande banquete para todos os orix\u00e1s. Cada item representa uma divindade ou um conjunto delas. E, al\u00e9m de oferecer, comemos com a fun\u00e7\u00e3o de fortalecer a nossa ancestralidade, somos continuidade de \u00c1frica. E assim mantemos viva essa tradi\u00e7\u00e3o culin\u00e1ria\u201d<\/em>, afirma o pesquisador.<\/p>\n<\/blockquote>\n<h3>O cortejo de Santa B\u00e1rbara acontece pelas ruas do Centro Hist\u00f3rico<\/h3>\n<p>O cortejo come\u00e7a pelo Largo do Pelourinho, onde acontece a missa campal, antes de seguir pelo Corpo de Bombeiros, Terreiro de Jesus, Pra\u00e7a da S\u00e9, Pra\u00e7a Municipal e Ladeira da Pra\u00e7a; na passagem pelo quartel, acontece o banho de mangueira da viatura Magirus; logo ap\u00f3s, segue para o Mercado de Santa B\u00e1rbara; e o encerramento acontece no ponto de partida.<\/p>\n<p>Trata-se de um dia festivo desde 1641, quando foi institu\u00eddo o Morgado de Santa B\u00e1rbara, ao p\u00e9 da Ladeira da Montanha (no bairro do Com\u00e9rcio). J\u00e1 no s\u00e9culo XX, com a moderniza\u00e7\u00e3o do cais do porto, o mercado foi demolido e os comerciantes foram transferidos para o mercado de Nossa Senhora da Guia, na Baixa dos Sapateiros, que passou a ser chamado de Mercado de Santa B\u00e1rbara por conta da devo\u00e7\u00e3o existente. No final da d\u00e9cada de 80, com a reforma do im\u00f3vel, a Igreja Nossa Senhora do Ros\u00e1rio dos Pretos passa a sediar as celebra\u00e7\u00f5es e guardar a imagem da santa.<\/p>\n<p>O doutor em estudos \u00e9tnicos e africanos pela Ufba Vagner Jos\u00e9 Rocha Santos explica em Celebrando Santa B\u00e1rbara: festa e caruru no 4 de dezembro:<\/p>\n<blockquote>\n<p style=\"text-align: center;\"><em>\u201cEm Salvador, a santa ganhou mais um t\u00edtulo: \u2018senhora dos mercados\u2019, tendo em vista que o morgado da Cidade Baixa funcionava como um mercado. Nessa regi\u00e3o circulavam tamb\u00e9m bastantes africanos e crioulos que se aproximaram da devo\u00e7\u00e3o \u00e0 padroeira do morgado. N\u00e3o resta d\u00favida de que a devo\u00e7\u00e3o ganhou for\u00e7a em fun\u00e7\u00e3o da associa\u00e7\u00e3o de Santa B\u00e1rbara com deuses iorubanos\u201d<\/em><\/p>\n<\/blockquote>\n<h3>Festas de Ver\u00e3o<\/h3>\n<p>A Festa de Santa B\u00e1rbara tamb\u00e9m \u00e9 considerada o marco do in\u00edcio das Festas de Ver\u00e3o na capital baiana. O termo consiste no ciclo de comemora\u00e7\u00f5es que antecedem o Carnaval e re\u00fane os seguintes eventos: S\u00e3o Nicodemus \u2013 padroeiro dos trabalhadores do Porto (\u00faltima segunda-feira de novembro), Santa B\u00e1rbara (4 de dezembro), Nossa Senhora da Concei\u00e7\u00e3o (8 de dezembro) e Santa Luzia (13 de dezembro); Bom Jesus dos Navegantes (1\u00ba de janeiro), Reis (6 de janeiro) e Bonfim (segundo domingo ap\u00f3s a festa da Epifania \u2013 festa religiosa crist\u00e3 que celebra o Dia de Reis); a Lavagem, o rito mais famoso, acontece na quinta-feira anterior a esse domingo solene; Ribeira (segunda-feira ap\u00f3s o domingo do Bonfim), S\u00e3o L\u00e1zaro (\u00faltimo domingo de janeiro), Iemanj\u00e1 (2 de fevereiro), Festa da Pituba (2 de fevereiro) e Festa de Itapu\u00e3 (\u00faltima quinta-feira antes do Carnaval).<\/p>\n<p>Festa de Santa B\u00e1rbara &#8211;<a href=\"https:\/\/www.youtube.com\/watch?v=dFbPA8fWqVA\"> Doc<\/a><\/p>\n<p>Tradi\u00e7\u00e3o e F\u00e9: Festa de Santa B\u00e1rbara &#8211; <a href=\"https:\/\/www.youtube.com\/watch?v=dFbPA8fWqVA\">TV UFBA.DOC<\/a><\/p>\n<p>Ventania no cora\u00e7\u00e3o da Bahia \u2013 <a href=\"https:\/\/vimeo.com\/485759629\">Teaser<\/a><\/p>\n<p>Topon\u00edmia da Cidade com Cid Teixeira &#8211; <a href=\"https:\/\/www.youtube.com\/watch?v=zRXzR8wqKlY\">Baixa dos Sapateiros<\/a><\/p>\n<p>A dona do raio e do vento \u2013 Maria Beth\u00e2nia. <a href=\"https:\/\/youtu.be\/wR05zNR5GCc\">Neste link<\/a>.<\/p>\n<p>Ians\u00e3, m\u00e3e virgem \u2013 Tico\u00e3s. Neste <a href=\"https:\/\/youtu.be\/TFaVFeYyr0w\" target=\"_blank\" rel=\"noopener\">link<\/a>.<\/p>\n","protected":false},"featured_media":743,"template":"","territorios":[98],"pilares":[66,61,60],"acf":[],"yoast_head":"<!-- This site is optimized with the Yoast SEO plugin v21.5 - https:\/\/yoast.com\/wordpress\/plugins\/seo\/ -->\n<title>In\u00edcio de ciclo de festas populares \u00e9 marcado por heran\u00e7a ancestral - Salvador Capital Afro<\/title>\n<meta name=\"robots\" content=\"index, follow, max-snippet:-1, max-image-preview:large, max-video-preview:-1\" \/>\n<link rel=\"canonical\" href=\"https:\/\/www.salvadordabahia.com\/capitalafro\/experiencias\/inicio-de-ciclo-de-festas-populares-e-marcado-por-heranca-ancestral\/\" \/>\n<meta property=\"og:locale\" content=\"pt_BR\" \/>\n<meta property=\"og:type\" content=\"article\" \/>\n<meta property=\"og:title\" content=\"In\u00edcio de ciclo de festas populares \u00e9 marcado por heran\u00e7a ancestral - Salvador Capital Afro\" \/>\n<meta property=\"og:description\" content=\"Festa de Santa B\u00e1rbara Divindades s\u00e3o reverenciadas com cores e comida relacionadas \u00e0 religiosidade africana Todo dia 4 de dezembro a regi\u00e3o do centro da capital baiana se veste de vermelho e branco. Esta \u00e9 indiscutivelmente uma das grandes festas da cidade, pois inicia o calend\u00e1rio de festas populares da Bahia e \u00e9 reconhecida como [&hellip;]\" \/>\n<meta property=\"og:url\" content=\"https:\/\/www.salvadordabahia.com\/capitalafro\/experiencias\/inicio-de-ciclo-de-festas-populares-e-marcado-por-heranca-ancestral\/\" \/>\n<meta property=\"og:site_name\" content=\"Salvador Capital Afro\" \/>\n<meta property=\"article:modified_time\" content=\"2022-12-02T12:31:41+00:00\" \/>\n<meta property=\"og:image\" content=\"https:\/\/www.salvadordabahia.com\/capitalafro\/wp-content\/uploads\/2022\/12\/Salvador-Capital-Afro.-Dilza-Anjos-dos-Santos.-Foto-Jefferson-Dias-2-scaled.jpg\" \/>\n\t<meta property=\"og:image:width\" content=\"2560\" \/>\n\t<meta property=\"og:image:height\" content=\"1707\" \/>\n\t<meta property=\"og:image:type\" content=\"image\/jpeg\" \/>\n<meta name=\"twitter:card\" content=\"summary_large_image\" \/>\n<meta name=\"twitter:label1\" content=\"Est. tempo de leitura\" \/>\n\t<meta name=\"twitter:data1\" content=\"7 minutos\" \/>\n<script type=\"application\/ld+json\" class=\"yoast-schema-graph\">{\"@context\":\"https:\/\/schema.org\",\"@graph\":[{\"@type\":\"WebPage\",\"@id\":\"https:\/\/www.salvadordabahia.com\/capitalafro\/experiencias\/inicio-de-ciclo-de-festas-populares-e-marcado-por-heranca-ancestral\/\",\"url\":\"https:\/\/www.salvadordabahia.com\/capitalafro\/experiencias\/inicio-de-ciclo-de-festas-populares-e-marcado-por-heranca-ancestral\/\",\"name\":\"In\u00edcio de ciclo de festas populares \u00e9 marcado por heran\u00e7a ancestral - Salvador Capital Afro\",\"isPartOf\":{\"@id\":\"https:\/\/www.salvadordabahia.com\/capitalafro\/#website\"},\"datePublished\":\"2022-12-02T12:27:02+00:00\",\"dateModified\":\"2022-12-02T12:31:41+00:00\",\"breadcrumb\":{\"@id\":\"https:\/\/www.salvadordabahia.com\/capitalafro\/experiencias\/inicio-de-ciclo-de-festas-populares-e-marcado-por-heranca-ancestral\/#breadcrumb\"},\"inLanguage\":\"pt-BR\",\"potentialAction\":[{\"@type\":\"ReadAction\",\"target\":[\"https:\/\/www.salvadordabahia.com\/capitalafro\/experiencias\/inicio-de-ciclo-de-festas-populares-e-marcado-por-heranca-ancestral\/\"]}]},{\"@type\":\"BreadcrumbList\",\"@id\":\"https:\/\/www.salvadordabahia.com\/capitalafro\/experiencias\/inicio-de-ciclo-de-festas-populares-e-marcado-por-heranca-ancestral\/#breadcrumb\",\"itemListElement\":[{\"@type\":\"ListItem\",\"position\":1,\"name\":\"In\u00edcio\",\"item\":\"https:\/\/www.salvadordabahia.com\/capitalafro\/\"},{\"@type\":\"ListItem\",\"position\":2,\"name\":\"Experi\u00eancias\",\"item\":\"https:\/\/www.salvadordabahia.com\/capitalafro\/experiencias\/\"},{\"@type\":\"ListItem\",\"position\":3,\"name\":\"In\u00edcio de ciclo de festas populares \u00e9 marcado por heran\u00e7a ancestral\"}]},{\"@type\":\"WebSite\",\"@id\":\"https:\/\/www.salvadordabahia.com\/capitalafro\/#website\",\"url\":\"https:\/\/www.salvadordabahia.com\/capitalafro\/\",\"name\":\"Salvador Capital Afro\",\"description\":\"\",\"potentialAction\":[{\"@type\":\"SearchAction\",\"target\":{\"@type\":\"EntryPoint\",\"urlTemplate\":\"https:\/\/www.salvadordabahia.com\/capitalafro\/?s={search_term_string}\"},\"query-input\":\"required name=search_term_string\"}],\"inLanguage\":\"pt-BR\"}]}<\/script>\n<!-- \/ Yoast SEO plugin. -->","yoast_head_json":{"title":"In\u00edcio de ciclo de festas populares \u00e9 marcado por heran\u00e7a ancestral - Salvador Capital Afro","robots":{"index":"index","follow":"follow","max-snippet":"max-snippet:-1","max-image-preview":"max-image-preview:large","max-video-preview":"max-video-preview:-1"},"canonical":"https:\/\/www.salvadordabahia.com\/capitalafro\/experiencias\/inicio-de-ciclo-de-festas-populares-e-marcado-por-heranca-ancestral\/","og_locale":"pt_BR","og_type":"article","og_title":"In\u00edcio de ciclo de festas populares \u00e9 marcado por heran\u00e7a ancestral - Salvador Capital Afro","og_description":"Festa de Santa B\u00e1rbara Divindades s\u00e3o reverenciadas com cores e comida relacionadas \u00e0 religiosidade africana Todo dia 4 de dezembro a regi\u00e3o do centro da capital baiana se veste de vermelho e branco. Esta \u00e9 indiscutivelmente uma das grandes festas da cidade, pois inicia o calend\u00e1rio de festas populares da Bahia e \u00e9 reconhecida como [&hellip;]","og_url":"https:\/\/www.salvadordabahia.com\/capitalafro\/experiencias\/inicio-de-ciclo-de-festas-populares-e-marcado-por-heranca-ancestral\/","og_site_name":"Salvador Capital Afro","article_modified_time":"2022-12-02T12:31:41+00:00","og_image":[{"width":2560,"height":1707,"url":"https:\/\/www.salvadordabahia.com\/capitalafro\/wp-content\/uploads\/2022\/12\/Salvador-Capital-Afro.-Dilza-Anjos-dos-Santos.-Foto-Jefferson-Dias-2-scaled.jpg","type":"image\/jpeg"}],"twitter_card":"summary_large_image","twitter_misc":{"Est. tempo de leitura":"7 minutos"},"schema":{"@context":"https:\/\/schema.org","@graph":[{"@type":"WebPage","@id":"https:\/\/www.salvadordabahia.com\/capitalafro\/experiencias\/inicio-de-ciclo-de-festas-populares-e-marcado-por-heranca-ancestral\/","url":"https:\/\/www.salvadordabahia.com\/capitalafro\/experiencias\/inicio-de-ciclo-de-festas-populares-e-marcado-por-heranca-ancestral\/","name":"In\u00edcio de ciclo de festas populares \u00e9 marcado por heran\u00e7a ancestral - Salvador Capital Afro","isPartOf":{"@id":"https:\/\/www.salvadordabahia.com\/capitalafro\/#website"},"datePublished":"2022-12-02T12:27:02+00:00","dateModified":"2022-12-02T12:31:41+00:00","breadcrumb":{"@id":"https:\/\/www.salvadordabahia.com\/capitalafro\/experiencias\/inicio-de-ciclo-de-festas-populares-e-marcado-por-heranca-ancestral\/#breadcrumb"},"inLanguage":"pt-BR","potentialAction":[{"@type":"ReadAction","target":["https:\/\/www.salvadordabahia.com\/capitalafro\/experiencias\/inicio-de-ciclo-de-festas-populares-e-marcado-por-heranca-ancestral\/"]}]},{"@type":"BreadcrumbList","@id":"https:\/\/www.salvadordabahia.com\/capitalafro\/experiencias\/inicio-de-ciclo-de-festas-populares-e-marcado-por-heranca-ancestral\/#breadcrumb","itemListElement":[{"@type":"ListItem","position":1,"name":"In\u00edcio","item":"https:\/\/www.salvadordabahia.com\/capitalafro\/"},{"@type":"ListItem","position":2,"name":"Experi\u00eancias","item":"https:\/\/www.salvadordabahia.com\/capitalafro\/experiencias\/"},{"@type":"ListItem","position":3,"name":"In\u00edcio de ciclo de festas populares \u00e9 marcado por heran\u00e7a ancestral"}]},{"@type":"WebSite","@id":"https:\/\/www.salvadordabahia.com\/capitalafro\/#website","url":"https:\/\/www.salvadordabahia.com\/capitalafro\/","name":"Salvador Capital Afro","description":"","potentialAction":[{"@type":"SearchAction","target":{"@type":"EntryPoint","urlTemplate":"https:\/\/www.salvadordabahia.com\/capitalafro\/?s={search_term_string}"},"query-input":"required name=search_term_string"}],"inLanguage":"pt-BR"}]}},"lang":"pt","translations":{"pt":742},"pll_sync_post":[],"_links":{"self":[{"href":"https:\/\/www.salvadordabahia.com\/capitalafro\/wp-json\/wp\/v2\/experiencias\/742"}],"collection":[{"href":"https:\/\/www.salvadordabahia.com\/capitalafro\/wp-json\/wp\/v2\/experiencias"}],"about":[{"href":"https:\/\/www.salvadordabahia.com\/capitalafro\/wp-json\/wp\/v2\/types\/experiencias"}],"wp:featuredmedia":[{"embeddable":true,"href":"https:\/\/www.salvadordabahia.com\/capitalafro\/wp-json\/wp\/v2\/media\/743"}],"wp:attachment":[{"href":"https:\/\/www.salvadordabahia.com\/capitalafro\/wp-json\/wp\/v2\/media?parent=742"}],"wp:term":[{"taxonomy":"territorios","embeddable":true,"href":"https:\/\/www.salvadordabahia.com\/capitalafro\/wp-json\/wp\/v2\/territorios?post=742"},{"taxonomy":"pilares","embeddable":true,"href":"https:\/\/www.salvadordabahia.com\/capitalafro\/wp-json\/wp\/v2\/pilares?post=742"}],"curies":[{"name":"wp","href":"https:\/\/api.w.org\/{rel}","templated":true}]}}