{"id":736,"date":"2022-11-30T11:55:08","date_gmt":"2022-11-30T14:55:08","guid":{"rendered":"https:\/\/salvadordabahia.com\/capitalafro\/?post_type=experiencias&#038;p=736"},"modified":"2022-11-30T12:04:06","modified_gmt":"2022-11-30T15:04:06","slug":"experiencias-gastronomicas-garantem-viagem-por-legado-negro","status":"publish","type":"experiencias","link":"https:\/\/www.salvadordabahia.com\/capitalafro\/experiencias\/experiencias-gastronomicas-garantem-viagem-por-legado-negro\/","title":{"rendered":"Experi\u00eancias gastron\u00f4micas garantem viagem por legado negro"},"content":{"rendered":"<h2 style=\"text-align: center;\">Pratos unem heran\u00e7a africana e cozinha contempor\u00e2nea no Pelourinho<\/h2>\n<p>Na capital baiana, os pontos tur\u00edsticos dividem o mesmo espa\u00e7o com os pratos e bebidas t\u00edpicos na lista dos atrativos, e os locais dessas refer\u00eancias gastron\u00f4micas acabam sendo os mais frequentados por turistas e soteropolitanos. E o <a href=\"https:\/\/salvadordabahia.com\/festivalcapitalafro\/\" target=\"_blank\" rel=\"noopener\">Festival Salvador Capital Afro<\/a> n\u00e3o esqueceu de reunir aqui algumas oportunidades que voc\u00ea n\u00e3o deve deixar escapar para viver a cidade a partir de experi\u00eancias que v\u00e3o te conquistar pelo paladar. \u00c9 a mem\u00f3ria de uma culin\u00e1ria afetiva preta que o baiano divide com o mundo.<\/p>\n<h3>O Cravinho<\/h3>\n<p>Vamos come\u00e7ar pelo O Cravinho (@cravinhobar), que fica no Largo Terreiro de Jesus, pertinho da Catedral Bas\u00edlica de Salvador. A bebida que leva o mesmo nome \u00e9 o ingresso para a imers\u00e3o nesse universo. Quase obrigat\u00f3rio. A decora\u00e7\u00e3o lembra uma taberna, toda em madeira com barris de carvalho, umburana e jatob\u00e1, com outras bebidas de infus\u00e3o, com cascas, folhas e frutas \u2013 maioria tem mel, lim\u00e3o e cacha\u00e7a como base e, \u00e0s vezes, leva vinho e catuaba \u2013 como Gabriela, Senzala, Capim Santo, Erva Doce, Gengibre, Jatob\u00e1, Canela e o famoso Cravinho. Ao todo s\u00e3o 30.<\/p>\n<p>Quem prefere saber como isso tudo funciona junto pode pedir o \u2018chuveirinho\u2019. Para ele o atendente pega o copo e prepara uma dose que consiste na mistura de v\u00e1rias bebidas. \u00c9 poss\u00edvel levar para casa para matar saudades ou presentear. As embalagens s\u00e3o garrafa pl\u00e1stica ou de lou\u00e7a decorada. O restaurante tamb\u00e9m oferece petiscos deliciosos, como o protagonista ensopado de moela, com farofa e molho lamb\u00e3o (uma esp\u00e9cie de vinagrete), bolinhos recheados, arrumadinho, camar\u00e3o encapotado. As bebidas, total de nove, tamb\u00e9m podem ser encontradas no Bar do Carlinhos, na Rua Jo\u00e3o de Deus.<\/p>\n<h3>Roma Negra Salvador<\/h3>\n<p>Se a escolha \u00e9 comer a culin\u00e1ria sofisticada com base na di\u00e1spora africana, o destino \u00e9 o Roma Negra Salvador (@romanegrasalvador), no Terreiro de Jesus. Assim, a criatividade n\u00e3o tem limite. No card\u00e1pio de bebidas, destaque para o Yungo (beterraba, \u00e1gua de coco e cacha\u00e7a), Mimosa (espumante e suco de laranja), Atot\u00f4 (cacha\u00e7a, xarope de pipoca e \u00e1gua com g\u00e1s), Opar\u00e1 (cacha\u00e7a, licor de laranja, lim\u00e3o e acerola). O pastel de bob\u00f3 de galinha, o bolinho c\u00edtrico (abobrinha, cebola, queijo mu\u00e7arela, com maionese de coentro), carne de sol com pir\u00e3o de queijo coalho e chips de ra\u00edzes, Jamba (arroz vermelho com tempero cajun da casa, frango, camar\u00e3o e lingui\u00e7a), agulhinha frita com pesto de coentro, Mulinga (ef\u00f3 de camar\u00e3o na pasta de amendoim e leite de coco fresco empalhado na folha de bananeira), caldo de sururu com taboca crocante.<\/p>\n<p>O espa\u00e7o tamb\u00e9m \u00e9 palco para sediar eventos, como palestras, lan\u00e7amento de livros, debates, exposi\u00e7\u00f5es, reuni\u00f5es, apresenta\u00e7\u00f5es art\u00edsticas. As refer\u00eancias est\u00e3o em toda parte, como no painel com 128 personalidades negras que prende a aten\u00e7\u00e3o dos clientes. O nome faz refer\u00eancia \u00e0 defini\u00e7\u00e3o de M\u00e3e Aninha, do Il\u00ea Ax\u00e9 Op\u00f4 Afonj\u00e1, que associou a capital baiana \u00e0 religiosidade de matriz africana como a representa\u00e7\u00e3o de Roma para os cat\u00f3licos. Em parceria com o projeto \u2018Minha Cesta\u2019, o empreendimento destina parte do faturamento para a compra de cestas b\u00e1sicas para fam\u00edlias em situa\u00e7\u00e3o de vulnerabilidade no Centro Hist\u00f3rico de Salvador.<\/p>\n<h3>Restaurante Ala\u00edde do Feij\u00e3o<\/h3>\n<p>Ainda mais antigo como refer\u00eancia negra na regi\u00e3o, o restaurante Ala\u00edde do Feij\u00e3o (@alaidedofeijaooficial) ficou famoso pelo tempero, al\u00e9m do acolhimento e afeto que a anfitri\u00e3 \u2013 morta em 2021 v\u00edtima de complica\u00e7\u00f5es ap\u00f3s a Covid-19 \u2013 oferecia aos clientes e amigos no estabelecimento, localizado na Rua das Laranjeiras, hoje administrado por suas filhas. Nas paredes do im\u00f3vel, t\u00edtulos e comendas, al\u00e9m de fotos com personalidades culturais e pol\u00edticas. O espa\u00e7o, com m\u00f3veis de madeira, tamb\u00e9m \u00e9 utilizado para reuni\u00f5es ou para uma tarde agrad\u00e1vel de conversa, com a feijoada sempre na mesa.<\/p>\n<h3>Restaurante \u00d3 Pa\u00ed, \u00d3<\/h3>\n<p>De express\u00e3o para alertar para algo que est\u00e1 ocorrendo, em bom baian\u00eas, passando por pe\u00e7a do Bando de Teatro Olodum, que ganhou vers\u00f5es de filme e s\u00e9rie televisiva, o restaurante \u00d3 Pa\u00ed, \u00d3 (@opaiopelo), no Terreiro de Jesus, do ator \u00c9rico Br\u00e1s, que interpreta o personagem motorista de t\u00e1xi Reginaldo, \u00e9 o lugar de pratos com refer\u00eancias da cultura africana, como sarapatel, feijoada, cozido e xinxim de galinha. Como n\u00e3o poderia ser diferente, a quest\u00e3o cultural n\u00e3o foi esquecida, e obras de artistas pl\u00e1sticos decoram as paredes.<\/p>\n<h3>Dona Baiana<\/h3>\n<p>Se o tempo para o almo\u00e7o for curto, o Dona Baiana (@dona_baiana) \u00e9 a op\u00e7\u00e3o. O restaurante a quilo com card\u00e1pio bem diverso, com pratos t\u00edpicos da cozinha regional e internacional, funciona na Pra\u00e7a da S\u00e9 em um casar\u00e3o amarelo. O destaque vai para os pratos t\u00edpicos, como moqueca, xinxim de galinha ou bofe, entre outros.<\/p>\n<h3>Cuco Bistr\u00f4<\/h3>\n<p>A cozinha nordestina de forma mais ampla, sofisticada e contempor\u00e2nea \u00e9 a especialidade do Cuco Bistr\u00f4 (@cucobistro), no Largo do Cruzeiro de S\u00e3o Francisco, com op\u00e7\u00f5es veganas e vegetarianas, al\u00e9m de p\u00e3es artesanais. Um dos pratos mais pedidos \u00e9 o vaquejada do sert\u00e3o, com carne de sol, pur\u00ea de queijo coalho e feij\u00e3o-fradinho, fumeiro com pur\u00ea de batata-doce, requeij\u00e3o e queijo coalho, bob\u00f3 de camar\u00e3o, sem contar a carta de cacha\u00e7as premiadas na Cacha\u00e7aria do Cuco, drinques e sucos especiais.<\/p>\n<h3>Sorriso da Dad\u00e1<\/h3>\n<p>Pratos tradicionais com o b\u00f4nus de um dos abra\u00e7os mais contagiantes, s\u00f3 no Sorriso da Dad\u00e1 (@sorriso_dada). A simpatia e o carisma de uma das quituteiras mais famosas da Bahia t\u00eam endere\u00e7o certo no Pelourinho. Em um ambiente bem aconchegante e familiar est\u00e3o dispon\u00edveis moquecas, bob\u00f3 de camar\u00e3o, acaraj\u00e9, vatap\u00e1, doces caseiros, pur\u00ea de banana-da-terra, frigideira, quiabada.<\/p>\n<h3>Restaurante Malembe<\/h3>\n<p>Se quiser uma viagem gastron\u00f4mica em celebra\u00e7\u00e3o \u00e0 ancestralidade africana e afro-brasileira, \u00e9 o que garante o restaurante Malembe (@malembesalvador). \u00c9 mais um ponto da cena cultural soteropolitana. Al\u00e9m dos drinques autorais que fazem sucesso, como o afrodisia, o badau\u00ea, o coco Malembe, n\u00e3o deixe de pedir o risoto de camar\u00e3o, a moamba de ginguba (frango, quiabo e amendoim), bolinho de feijoada, bolinho de estudante, carne de sol com farofa e vinagrete e o bolinho de ab\u00f3bora com carne-seca.<\/p>\n<h3>Consulado Rosa Mal\u00ea<\/h3>\n<p>Ao lado da Casa Olodum, ainda na mesma linha do legado ancestral com toque contempor\u00e2neo, mesclando mem\u00f3ria afetiva e novos sabores, o Consulado Rosa Mal\u00ea (@consuladorosamale), do ator, diretor e escritor carioca Rodrigo Fran\u00e7a, traz a proposta: culin\u00e1ria, arte e afeto. Arroz de hau\u00e7\u00e1, moquecas e drinques est\u00e3o entre os preferidos dos visitantes. Al\u00e9m do restaurante, o espa\u00e7o abriga loja, bar e casa de shows e eventos culturais, como lan\u00e7amento de livros.<\/p>\n<h3>Restaurante Tropic\u00e1lia<\/h3>\n<p>Em seu perfil no Instagram, o restaurante Tropic\u00e1lia (@tropicaliarestaurante) tem a defini\u00e7\u00e3o: o melhor da comida caseira. No entanto, oferece mais que isso. Moquecas, cozido, feijoada, quiabada, bisteca acebolada, rabada, carne assada com batata dor\u00ea s\u00e3o servidos em pratos de naj\u00e9 (lou\u00e7a de barro brunido e pintado com tau\u00e1, tipo de pigmento natural, ou pigmento industrializado), que \u00e9 um utens\u00edlio artesanal incorporado ao h\u00e1bito dos baianos e \u00e0 mem\u00f3ria afetiva que tamb\u00e9m lembra sabores. As mesas ficam na cal\u00e7ada que cerca a antiga Faculdade de Medicina da Universidade Federal da Bahia (Ufba).<\/p>\n<h3>Restaurante Escola Senac<\/h3>\n<p>Descendo na mesma rua, ao chegar ao Largo do Pelourinho, do lado esquerdo, funciona o melhor buf\u00ea de comida t\u00edpica da capital baiana: 40 pratos e 10 sobremesas. Tem acaraj\u00e9, abar\u00e1, caruru, vatap\u00e1, moquecas, xinxim de galinha, ef\u00f3, pir\u00e3o de peixe, arroz de hau\u00e7\u00e1, arroz de coco, feij\u00e3o de leite, l\u00edngua, quibebe, maxixada, farofa de pa\u00e7oca, quindim, manjar, cocada branca, cocada preta, ambrosia, entre outros. O Restaurante Escola Senac (@senacbahia) est\u00e1 instalado em um casar\u00e3o colonial que tamb\u00e9m abriga o Museu da Gastronomia Baiana \u2013 com elementos formadores da culin\u00e1ria baiana \u2013, o restaurante-museu-escola e o bar-museu Bahia Bar, com pratos e bebidas de todo o territ\u00f3rio. Sem contar uma loja com diversos livros sobre gastronomia brasileira e cursos que ensinam, por exemplo, a preparar acaraj\u00e9 e abar\u00e1.<\/p>\n<h3>Restaurante Zanzibar<\/h3>\n<p>Se a prefer\u00eancia \u00e9 buscar por crit\u00e9rios de habilidade com os temperos, aliada ao conhecimento das prefer\u00eancias dos orix\u00e1s e respeito \u00e0 religiosidade, os caminhos levam ao Santo Ant\u00f4nio Al\u00e9m do Carmo, casar\u00e3o localizado ao lado da Igreja do Boqueir\u00e3o. \u00c9 l\u00e1 que agora funciona o restaurante Zanzibar (@restaurantezanzibaroficial) \u2013 reduto da comida africana e suas releituras \u2013, que permanece sob o comando da chef Ana C\u00e9lia. Fundado h\u00e1 45 anos, o restaurante j\u00e1 teve sede nos bairros do Garcia e Federa\u00e7\u00e3o. Al\u00e9m dos j\u00e1 conhecidos pratos da culin\u00e1ria baiana, tem bolinho de inhame com peixe, pat\u00ea de camar\u00e3o seco com inhame, o frango Zanzibar (com molho de gengibre e batata-doce), carne de fumeiro com pur\u00ea de banana-da-terra, Fufu Inh\u00e1 (peixe frito no dend\u00ea com quiabo) e outras del\u00edcias.<\/p>\n<p>Servi\u00e7o:<\/p>\n<p><b>O Cravinho<br \/>\n<\/b><a href=\"https:\/\/www.instagram.com\/cravinhobar\/\"> <span style=\"font-weight: 400;\">@cravinhobar\/<\/span><span style=\"font-weight: 400;\"><br \/>\n<\/span><\/a><span style=\"font-weight: 400;\">Largo Terreiro de Jesus, n\u00ba 3, pr\u00f3ximo \u00e0 Catedral Bas\u00edlica<\/span><span style=\"font-weight: 400;\"><br \/>\n<\/span><span style=\"font-weight: 400;\">Funcionamento: <\/span><span style=\"font-weight: 400;\">de <\/span><span style=\"font-weight: 400;\">segunda a domingo, das 11h \u00e0s 19h<\/span><span style=\"font-weight: 400;\"><br \/>\n<\/span><span style=\"font-weight: 400;\">Site:<\/span> <a href=\"http:\/\/www.ocravinho.com.br\"><span style=\"font-weight: 400;\">http:\/\/www.ocravinho.com.br<\/span><span style=\"font-weight: 400;\"><br \/>\n<\/span><\/a><span style=\"font-weight: 400;\">Telefone: (71) 3322-6759 \/ 99314-6022<\/span><\/p>\n<p><span style=\"font-weight: 400;\">\u00a0<\/span><b>Roma Negra<br \/>\n<\/b><a href=\"https:\/\/www.instagram.com\/romanegrasalvador\/\"><span style=\"font-weight: 400;\">@romanegrasalvador\/<\/span><span style=\"font-weight: 400;\"><br \/>\n<\/span><\/a><span style=\"font-weight: 400;\">Largo do Cruzeiro do S\u00e3o Francisco, n\u00ba 7, <\/span><span style=\"font-weight: 400;\">1\u00ba <\/span><span style=\"font-weight: 400;\">andar<\/span><span style=\"font-weight: 400;\"><br \/>\n<\/span><span style=\"font-weight: 400;\">Funcionamento: <\/span><span style=\"font-weight: 400;\">de <\/span><span style=\"font-weight: 400;\">segunda a s\u00e1bado, das 11h \u00e0s 23h<\/span><\/p>\n<p><b>Ala\u00edde do Feij\u00e3o<\/b><br \/>\n@<a href=\"https:\/\/www.instagram.com\/alaidedofeijaooficial\/\"><span style=\"font-weight: 400;\">alaidedofeijaooficial\/<\/span><span style=\"font-weight: 400;\"><br \/>\n<\/span><\/a><span style=\"font-weight: 400;\">Rua das Laranjeiras, 23<\/span><span style=\"font-weight: 400;\"><br \/>\n<\/span><span style=\"font-weight: 400;\">Funcionamento: todos os dias, <\/span><span style=\"font-weight: 400;\">das <\/span><span style=\"font-weight: 400;\">11h \u00e0s 22h<\/span><\/p>\n<p><b>\u00a0\u00d3 Pa\u00ed, \u00d3<br \/>\n<\/b><a href=\"https:\/\/www.instagram.com\/opaiopelo\/\"><span style=\"font-weight: 400;\">@opaiopelo\/<\/span><span style=\"font-weight: 400;\"><br \/>\n<\/span><\/a><span style=\"font-weight: 400;\">Largo Terreiro de Jesus, 4<\/span><span style=\"font-weight: 400;\"><br \/>\n<\/span><span style=\"font-weight: 400;\">Funcionamento: <\/span><span style=\"font-weight: 400;\">de <\/span><span style=\"font-weight: 400;\">ter\u00e7a a domingo, <\/span><span style=\"font-weight: 400;\">das <\/span><span style=\"font-weight: 400;\">12h \u00e0s 22h<\/span><\/p>\n<p><b>Dona Baiana<br \/>\n<\/b><a href=\"https:\/\/www.instagram.com\/dona_baiana\/\">@<span style=\"font-weight: 400;\">dona_baiana\/<\/span><span style=\"font-weight: 400;\"><br \/>\n<\/span><\/a><span style=\"font-weight: 400;\">Pra\u00e7a da S\u00e9, 16\/18<\/span><span style=\"font-weight: 400;\"><br \/>\n<\/span><span style=\"font-weight: 400;\">Funcionamento: todos os dias, <\/span><span style=\"font-weight: 400;\">das <\/span><span style=\"font-weight: 400;\">11h \u00e0s 15h<\/span><span style=\"font-weight: 400;\"><br \/>\n<\/span><span style=\"font-weight: 400;\">Telefone: (71) 3304-5846<\/span><\/p>\n<p><b>Cuco Bistr\u00f4<\/b><a href=\"https:\/\/www.instagram.com\/cucobistro\/\"><span style=\"font-weight: 400;\"><br \/>\n@cucobistro\/<\/span><span style=\"font-weight: 400;\"><br \/>\n<\/span><\/a><span style=\"font-weight: 400;\">Largo do Cruzeiro de S\u00e3o Francisco, n\u00ba 6<\/span><span style=\"font-weight: 400;\"><br \/>\n<\/span><span style=\"font-weight: 400;\">Fone: (71) 3321-8722<\/span><span style=\"font-weight: 400;\"><br \/>\n<\/span><span style=\"font-weight: 400;\">E-mail: <\/span><a href=\"mailto:cucobistro@gmail.com\"><span style=\"font-weight: 400;\">cucobistro@gmail.com<\/span><span style=\"font-weight: 400;\"><br \/>\n<\/span><\/a><span style=\"font-weight: 400;\">Site: <\/span><a href=\"http:\/\/www.cucobistro.com.br\"><span style=\"font-weight: 400;\">www.cucobistro.com.br<\/span><span style=\"font-weight: 400;\"><br \/>\n<\/span><\/a><span style=\"font-weight: 400;\">Facebook: <\/span><a href=\"http:\/\/www.fb.com\/cucobistro\"><span style=\"font-weight: 400;\">www.fb.com\/cucobistro<\/span><span style=\"font-weight: 400;\"><br \/>\n<\/span><\/a><span style=\"font-weight: 400;\">Funcionamento: <\/span><span style=\"font-weight: 400;\">de <\/span><span style=\"font-weight: 400;\">segunda a s\u00e1bado, das 11h \u00e0s 22h;\u00a0 e domingos, das 11h \u00e0s 18h<\/span><\/p>\n<p><b>Sorriso da Dad\u00e1<br \/>\n<\/b><a href=\"https:\/\/www.instagram.com\/sorriso_dada\/\"><span style=\"font-weight: 400;\"> @sorriso_dada\/<\/span><span style=\"font-weight: 400;\"><br \/>\n<\/span><\/a><span style=\"font-weight: 400;\">Rua <\/span><span style=\"font-weight: 400;\">Frei Vicente, 05<\/span><span style=\"font-weight: 400;\"><br \/>\n<\/span><span style=\"font-weight: 400;\">Funcionamento: <\/span><span style=\"font-weight: 400;\">de <\/span><span style=\"font-weight: 400;\">ter\u00e7a a domingo, <\/span><span style=\"font-weight: 400;\">das <\/span><span style=\"font-weight: 400;\">12h \u00e0s 17h<\/span><span style=\"font-weight: 400;\"><br \/>\n<\/span><a href=\"https:\/\/www.google.com\/search?biw=1366&amp;bih=657&amp;sxsrf=ALiCzsYy8i7oEqn52cCd2cpoVKL95XsgqA:1669600456132&amp;q=sorriso+da+dad%C3%A1+telefone&amp;ludocid=15897403265186269323&amp;sa=X&amp;ved=2ahUKEwjH1uqw4s_7AhWIqZUCHe5YDjIQ6BN6BAhbEAI\"><span style=\"font-weight: 400;\">Telefone<\/span><\/a><span style=\"font-weight: 400;\">: <\/span><a href=\"https:\/\/www.google.com\/search?q=Restaurante+Sorriso+da+Dad%C3%A1&amp;biw=1366&amp;bih=657&amp;sxsrf=ALiCzsYzUI8FWixSPzAI7Qd_HiuYtBncZw%3A1669599787763&amp;ei=KxKEY-6XLuXz1sQPuNOa8A4&amp;ved=0ahUKEwiu2ZDy38_7AhXluZUCHbipBu44FBDh1QMIDw&amp;uact=5&amp;oq=Restaurante+Sorriso+da+Dad%C3%A1&amp;gs_lcp=Cgxnd3Mtd2l6LXNlcnAQAzILCC4QgAQQxwEQrwEyAggmSgQIQRgASgQIRhgAUABYAGD9AWgAcAF4AIAByQGIAckBkgEDMi0xmAEAoAECoAEBwAEB&amp;sclient=gws-wiz-serp\"><span style=\"font-weight: 400;\">(71) 3321-<\/span><\/a><span style=\"font-weight: 400;\">9642<\/span><\/p>\n<p><span style=\"font-weight: 400;\">\u00a0<\/span><b>Malembe Food &amp; Drinks<\/b><a href=\"https:\/\/www.instagram.com\/malembesalvador\/\"><span style=\"font-weight: 400;\"><br \/>\n@malembesalvador\/<\/span><span style=\"font-weight: 400;\"><br \/>\n<\/span><\/a><span style=\"font-weight: 400;\">Ladeira do Carmo, 7<\/span><span style=\"font-weight: 400;\"><br \/>\n<\/span><a href=\"https:\/\/www.google.com\/search?biw=1366&amp;bih=657&amp;sxsrf=ALiCzsZwcZOgpl6olZeP0jKwT4yAdDa1sg:1669600993280&amp;q=malembe+food+%26+drinks+telefone&amp;ludocid=16202098812225786149&amp;sa=X&amp;ved=2ahUKEwjyyfuw5M_7AhXprJUCHWnNBvUQ6BN6BAhdEAI\"><span style=\"font-weight: 400;\">Telefone<\/span><\/a><span style=\"font-weight: 400;\">: <\/span><a href=\"https:\/\/www.google.com\/search?q=Malembe+Food+%26+Drinks&amp;biw=1366&amp;bih=657&amp;sxsrf=ALiCzsY8uMuBKn-ym35OsvTu68cwQdTKwA%3A1669600540034&amp;ei=HBWEY4zXAa3Q1sQPt969oA8&amp;ved=0ahUKEwiM1evY4s_7AhUtqJUCHTdvD_Q4FBDh1QMIDw&amp;uact=5&amp;oq=Malembe+Food+%26+Drinks&amp;gs_lcp=Cgxnd3Mtd2l6LXNlcnAQAzILCC4QgAQQxwEQrwEyBQgAEIAESgQIQRgASgQIRhgAUABYAGDxAWgAcAF4AIAB2QGIAdkBkgEDMi0xmAEAoAECoAEBwAEB&amp;sclient=gws-wiz-serp\"><span style=\"font-weight: 400;\">(71) 3242-0953<\/span><span style=\"font-weight: 400;\"><br \/>\n<\/span><\/a><span style=\"font-weight: 400;\">Facebook: @malembesalvadorbar\u00a0 <\/span><span style=\"font-weight: 400;\"><br \/>\n<\/span><span style=\"font-weight: 400;\">Funcionamento: <\/span><span style=\"font-weight: 400;\">de <\/span><span style=\"font-weight: 400;\">ter\u00e7a a s\u00e1bado, das\u00a0 17h \u00e0s 23h<\/span><span style=\"font-weight: 400;\">; e<\/span><span style=\"font-weight: 400;\"> domingo, das 12h \u00e0s 21h<\/span><\/p>\n<p><b>Consulado Rosa Mal\u00ea<br \/>\n<\/b><a href=\"https:\/\/www.instagram.com\/consuladorosamale\/\"><span style=\"font-weight: 400;\">@consuladorosamale\/<\/span><\/a><br \/>\n<span style=\"font-weight: 400;\">Rua Greg\u00f3rio de Mattos\u00a0 \u2013 Maciel de Baixo, n\u00ba 20<\/span><span style=\"font-weight: 400;\"><br \/>\n<\/span><span style=\"font-weight: 400;\">Funcionamento: <\/span><span style=\"font-weight: 400;\">de <\/span><span style=\"font-weight: 400;\">ter\u00e7a a quinta, das 11h \u00e0s 22h<\/span><span style=\"font-weight: 400;\">; <\/span><span style=\"font-weight: 400;\">sexta e s\u00e1bado, das 11h45 <\/span><span style=\"font-weight: 400;\">\u00e0 <\/span><span style=\"font-weight: 400;\">0h<\/span><span style=\"font-weight: 400;\">;<\/span><span style=\"font-weight: 400;\"> e\u00a0 domingos, das 11h45 \u00e0s 17h<\/span><\/p>\n<p><b>Tropic\u00e1lia<\/b><br \/>\n<a href=\"https:\/\/www.instagram.com\/tropicaliarestaurante\/\"><span style=\"font-weight: 400;\">@tropicaliarestaurante\/<\/span><span style=\"font-weight: 400;\"><br \/>\n<\/span><\/a><span style=\"font-weight: 400;\">Rua <\/span><span style=\"font-weight: 400;\">das Portas do Carmo, 1<\/span><span style=\"font-weight: 400;\"><br \/>\n<\/span><a href=\"https:\/\/www.google.com\/search?sxsrf=ALiCzsbLjRt_mNRVFbteMdoSjlpDzP7uAw:1669601749221&amp;q=restaurante+tropic%C3%A1lia+salvador+telefone&amp;ludocid=271517873762567444&amp;sa=X&amp;ved=2ahUKEwjxx7aZ58_7AhVfuJUCHRSrDFMQ6BN6BAhCEAI\"><span style=\"font-weight: 400;\">Telefone<\/span><\/a><span style=\"font-weight: 400;\">s<\/span><span style=\"font-weight: 400;\">: <\/span><a href=\"https:\/\/www.google.com\/search?q=Restaurante+Tropicalia&amp;oq=Restaurante+Tropicalia&amp;aqs=chrome..69i57j46i175i199i512l3j0i512j46i175i199i512l2.368j0j7&amp;sourceid=chrome&amp;ie=UTF-8\"><span style=\"font-weight: 400;\">(71) 98887-5339<\/span><\/a><span style=\"font-weight: 400;\"> e <\/span><span style=\"font-weight: 400;\">3266-2513<\/span><span style=\"font-weight: 400;\"><br \/>\n<\/span><span style=\"font-weight: 400;\">Funcionamento: <\/span><span style=\"font-weight: 400;\">de <\/span><span style=\"font-weight: 400;\">segunda a domingo<\/span><span style=\"font-weight: 400;\">, das<\/span><span style=\"font-weight: 400;\"> 11h \u00e0s 22h<\/span><\/p>\n<p><b>Senac Pelourinho<\/b><a href=\"https:\/\/www.instagram.com\/senacbahia\/\"><span style=\"font-weight: 400;\"><br \/>\n@senacbahia\/<\/span><span style=\"font-weight: 400;\"><br \/>\n<\/span><\/a><span style=\"font-weight: 400;\">Largo do Pelourinho, 13<\/span><span style=\"font-weight: 400;\"><br \/>\n<\/span><span style=\"font-weight: 400;\">Funcionamento: <\/span><span style=\"font-weight: 400;\">de <\/span><span style=\"font-weight: 400;\">segunda a domingo, <\/span><span style=\"font-weight: 400;\">das <\/span><span style=\"font-weight: 400;\">11h30 \u00e0s 15h30\u00a0<\/span><\/p>\n<p><span style=\"font-weight: 400;\">\u00a0<\/span><b>Zanzibar<\/b><a href=\"https:\/\/www.instagram.com\/restaurantezanzibaroficial\/\"><span style=\"font-weight: 400;\"><br \/>\n@restaurantezanzibaroficial\/<\/span><span style=\"font-weight: 400;\"><br \/>\n<\/span><\/a><span style=\"font-weight: 400;\">Rua <\/span><span style=\"font-weight: 400;\">Direita de Santo Ant\u00f4nio, 60-B \u2013 Santo Ant\u00f4nio Al\u00e9m do Carmo<\/span><span style=\"font-weight: 400;\"><br \/>\n<\/span><span style=\"font-weight: 400;\">Funcionamento: ter\u00e7a, quarta e domingo<\/span><span style=\"font-weight: 400;\">,<\/span><span style=\"font-weight: 400;\"> das 12h \u00e0s 18h<\/span><span style=\"font-weight: 400;\">; e<\/span><span style=\"font-weight: 400;\"> quinta, sexta e s\u00e1bado<\/span><span style=\"font-weight: 400;\">, das 12h<\/span><span style=\"font-weight: 400;\"> \u00e0s 23h<\/span><\/p>\n","protected":false},"featured_media":739,"template":"","territorios":[96],"pilares":[61],"acf":[],"yoast_head":"<!-- This site is optimized with the Yoast SEO plugin v21.5 - https:\/\/yoast.com\/wordpress\/plugins\/seo\/ -->\n<title>Experi\u00eancias gastron\u00f4micas garantem viagem por legado negro - Salvador Capital Afro<\/title>\n<meta name=\"robots\" content=\"index, follow, max-snippet:-1, max-image-preview:large, max-video-preview:-1\" \/>\n<link rel=\"canonical\" href=\"https:\/\/www.salvadordabahia.com\/capitalafro\/experiencias\/experiencias-gastronomicas-garantem-viagem-por-legado-negro\/\" \/>\n<meta property=\"og:locale\" content=\"pt_BR\" \/>\n<meta property=\"og:type\" content=\"article\" \/>\n<meta property=\"og:title\" content=\"Experi\u00eancias gastron\u00f4micas garantem viagem por legado negro - Salvador Capital Afro\" \/>\n<meta property=\"og:description\" content=\"Pratos unem heran\u00e7a africana e cozinha contempor\u00e2nea no Pelourinho Na capital baiana, os pontos tur\u00edsticos dividem o mesmo espa\u00e7o com os pratos e bebidas t\u00edpicos na lista dos atrativos, e os locais dessas refer\u00eancias gastron\u00f4micas acabam sendo os mais frequentados por turistas e soteropolitanos. E o Festival Salvador Capital Afro n\u00e3o esqueceu de reunir aqui [&hellip;]\" \/>\n<meta property=\"og:url\" content=\"https:\/\/www.salvadordabahia.com\/capitalafro\/experiencias\/experiencias-gastronomicas-garantem-viagem-por-legado-negro\/\" \/>\n<meta property=\"og:site_name\" content=\"Salvador Capital Afro\" \/>\n<meta property=\"article:modified_time\" content=\"2022-11-30T15:04:06+00:00\" \/>\n<meta property=\"og:image\" content=\"https:\/\/www.salvadordabahia.com\/capitalafro\/wp-content\/uploads\/2022\/11\/Salvador-Capital-Afro.-Foto-Jefferson-Dias-scaled.jpg\" \/>\n\t<meta property=\"og:image:width\" content=\"2560\" \/>\n\t<meta property=\"og:image:height\" content=\"1707\" \/>\n\t<meta property=\"og:image:type\" content=\"image\/jpeg\" \/>\n<meta name=\"twitter:card\" content=\"summary_large_image\" \/>\n<meta name=\"twitter:label1\" content=\"Est. tempo de leitura\" \/>\n\t<meta name=\"twitter:data1\" content=\"10 minutos\" \/>\n<script type=\"application\/ld+json\" class=\"yoast-schema-graph\">{\"@context\":\"https:\/\/schema.org\",\"@graph\":[{\"@type\":\"WebPage\",\"@id\":\"https:\/\/www.salvadordabahia.com\/capitalafro\/experiencias\/experiencias-gastronomicas-garantem-viagem-por-legado-negro\/\",\"url\":\"https:\/\/www.salvadordabahia.com\/capitalafro\/experiencias\/experiencias-gastronomicas-garantem-viagem-por-legado-negro\/\",\"name\":\"Experi\u00eancias gastron\u00f4micas garantem viagem por legado negro - Salvador Capital Afro\",\"isPartOf\":{\"@id\":\"https:\/\/www.salvadordabahia.com\/capitalafro\/#website\"},\"datePublished\":\"2022-11-30T14:55:08+00:00\",\"dateModified\":\"2022-11-30T15:04:06+00:00\",\"breadcrumb\":{\"@id\":\"https:\/\/www.salvadordabahia.com\/capitalafro\/experiencias\/experiencias-gastronomicas-garantem-viagem-por-legado-negro\/#breadcrumb\"},\"inLanguage\":\"pt-BR\",\"potentialAction\":[{\"@type\":\"ReadAction\",\"target\":[\"https:\/\/www.salvadordabahia.com\/capitalafro\/experiencias\/experiencias-gastronomicas-garantem-viagem-por-legado-negro\/\"]}]},{\"@type\":\"BreadcrumbList\",\"@id\":\"https:\/\/www.salvadordabahia.com\/capitalafro\/experiencias\/experiencias-gastronomicas-garantem-viagem-por-legado-negro\/#breadcrumb\",\"itemListElement\":[{\"@type\":\"ListItem\",\"position\":1,\"name\":\"In\u00edcio\",\"item\":\"https:\/\/www.salvadordabahia.com\/capitalafro\/\"},{\"@type\":\"ListItem\",\"position\":2,\"name\":\"Experi\u00eancias\",\"item\":\"https:\/\/www.salvadordabahia.com\/capitalafro\/experiencias\/\"},{\"@type\":\"ListItem\",\"position\":3,\"name\":\"Experi\u00eancias gastron\u00f4micas garantem viagem por legado negro\"}]},{\"@type\":\"WebSite\",\"@id\":\"https:\/\/www.salvadordabahia.com\/capitalafro\/#website\",\"url\":\"https:\/\/www.salvadordabahia.com\/capitalafro\/\",\"name\":\"Salvador Capital Afro\",\"description\":\"\",\"potentialAction\":[{\"@type\":\"SearchAction\",\"target\":{\"@type\":\"EntryPoint\",\"urlTemplate\":\"https:\/\/www.salvadordabahia.com\/capitalafro\/?s={search_term_string}\"},\"query-input\":\"required name=search_term_string\"}],\"inLanguage\":\"pt-BR\"}]}<\/script>\n<!-- \/ Yoast SEO plugin. -->","yoast_head_json":{"title":"Experi\u00eancias gastron\u00f4micas garantem viagem por legado negro - Salvador Capital Afro","robots":{"index":"index","follow":"follow","max-snippet":"max-snippet:-1","max-image-preview":"max-image-preview:large","max-video-preview":"max-video-preview:-1"},"canonical":"https:\/\/www.salvadordabahia.com\/capitalafro\/experiencias\/experiencias-gastronomicas-garantem-viagem-por-legado-negro\/","og_locale":"pt_BR","og_type":"article","og_title":"Experi\u00eancias gastron\u00f4micas garantem viagem por legado negro - Salvador Capital Afro","og_description":"Pratos unem heran\u00e7a africana e cozinha contempor\u00e2nea no Pelourinho Na capital baiana, os pontos tur\u00edsticos dividem o mesmo espa\u00e7o com os pratos e bebidas t\u00edpicos na lista dos atrativos, e os locais dessas refer\u00eancias gastron\u00f4micas acabam sendo os mais frequentados por turistas e soteropolitanos. E o Festival Salvador Capital Afro n\u00e3o esqueceu de reunir aqui [&hellip;]","og_url":"https:\/\/www.salvadordabahia.com\/capitalafro\/experiencias\/experiencias-gastronomicas-garantem-viagem-por-legado-negro\/","og_site_name":"Salvador Capital Afro","article_modified_time":"2022-11-30T15:04:06+00:00","og_image":[{"width":2560,"height":1707,"url":"https:\/\/www.salvadordabahia.com\/capitalafro\/wp-content\/uploads\/2022\/11\/Salvador-Capital-Afro.-Foto-Jefferson-Dias-scaled.jpg","type":"image\/jpeg"}],"twitter_card":"summary_large_image","twitter_misc":{"Est. tempo de leitura":"10 minutos"},"schema":{"@context":"https:\/\/schema.org","@graph":[{"@type":"WebPage","@id":"https:\/\/www.salvadordabahia.com\/capitalafro\/experiencias\/experiencias-gastronomicas-garantem-viagem-por-legado-negro\/","url":"https:\/\/www.salvadordabahia.com\/capitalafro\/experiencias\/experiencias-gastronomicas-garantem-viagem-por-legado-negro\/","name":"Experi\u00eancias gastron\u00f4micas garantem viagem por legado negro - Salvador Capital Afro","isPartOf":{"@id":"https:\/\/www.salvadordabahia.com\/capitalafro\/#website"},"datePublished":"2022-11-30T14:55:08+00:00","dateModified":"2022-11-30T15:04:06+00:00","breadcrumb":{"@id":"https:\/\/www.salvadordabahia.com\/capitalafro\/experiencias\/experiencias-gastronomicas-garantem-viagem-por-legado-negro\/#breadcrumb"},"inLanguage":"pt-BR","potentialAction":[{"@type":"ReadAction","target":["https:\/\/www.salvadordabahia.com\/capitalafro\/experiencias\/experiencias-gastronomicas-garantem-viagem-por-legado-negro\/"]}]},{"@type":"BreadcrumbList","@id":"https:\/\/www.salvadordabahia.com\/capitalafro\/experiencias\/experiencias-gastronomicas-garantem-viagem-por-legado-negro\/#breadcrumb","itemListElement":[{"@type":"ListItem","position":1,"name":"In\u00edcio","item":"https:\/\/www.salvadordabahia.com\/capitalafro\/"},{"@type":"ListItem","position":2,"name":"Experi\u00eancias","item":"https:\/\/www.salvadordabahia.com\/capitalafro\/experiencias\/"},{"@type":"ListItem","position":3,"name":"Experi\u00eancias gastron\u00f4micas garantem viagem por legado negro"}]},{"@type":"WebSite","@id":"https:\/\/www.salvadordabahia.com\/capitalafro\/#website","url":"https:\/\/www.salvadordabahia.com\/capitalafro\/","name":"Salvador Capital Afro","description":"","potentialAction":[{"@type":"SearchAction","target":{"@type":"EntryPoint","urlTemplate":"https:\/\/www.salvadordabahia.com\/capitalafro\/?s={search_term_string}"},"query-input":"required name=search_term_string"}],"inLanguage":"pt-BR"}]}},"lang":"pt","translations":{"pt":736},"pll_sync_post":[],"_links":{"self":[{"href":"https:\/\/www.salvadordabahia.com\/capitalafro\/wp-json\/wp\/v2\/experiencias\/736"}],"collection":[{"href":"https:\/\/www.salvadordabahia.com\/capitalafro\/wp-json\/wp\/v2\/experiencias"}],"about":[{"href":"https:\/\/www.salvadordabahia.com\/capitalafro\/wp-json\/wp\/v2\/types\/experiencias"}],"wp:featuredmedia":[{"embeddable":true,"href":"https:\/\/www.salvadordabahia.com\/capitalafro\/wp-json\/wp\/v2\/media\/739"}],"wp:attachment":[{"href":"https:\/\/www.salvadordabahia.com\/capitalafro\/wp-json\/wp\/v2\/media?parent=736"}],"wp:term":[{"taxonomy":"territorios","embeddable":true,"href":"https:\/\/www.salvadordabahia.com\/capitalafro\/wp-json\/wp\/v2\/territorios?post=736"},{"taxonomy":"pilares","embeddable":true,"href":"https:\/\/www.salvadordabahia.com\/capitalafro\/wp-json\/wp\/v2\/pilares?post=736"}],"curies":[{"name":"wp","href":"https:\/\/api.w.org\/{rel}","templated":true}]}}