{"id":721,"date":"2022-11-23T09:38:17","date_gmt":"2022-11-23T12:38:17","guid":{"rendered":"https:\/\/salvadordabahia.com\/capitalafro\/?post_type=experiencias&#038;p=721"},"modified":"2022-11-29T10:07:09","modified_gmt":"2022-11-29T13:07:09","slug":"passeio-pelo-centro-historico-une-cultura-lazer-e-compras","status":"publish","type":"experiencias","link":"https:\/\/www.salvadordabahia.com\/capitalafro\/experiencias\/passeio-pelo-centro-historico-une-cultura-lazer-e-compras\/","title":{"rendered":"Passeio pelo Centro Hist\u00f3rico une cultura, lazer e compras"},"content":{"rendered":"<h2 style=\"text-align: center;\">Regi\u00e3o que remonta \u00e0 constru\u00e7\u00e3o do pa\u00eds agrada a visitantes de interesses diversos<\/h2>\n<p>O Centro Hist\u00f3rico de Salvador tem cultura, fachadas com arquitetura e um colorido que encantam qualquer olhar, tem m\u00fasica, comida boa, tem espa\u00e7os que testemunharam marcos da constru\u00e7\u00e3o de uma na\u00e7\u00e3o, cen\u00e1rios para aquela foto fant\u00e1stica para um feed atraente e o que a maioria dos visitantes n\u00e3o abre m\u00e3o: locais de compras. Essa \u00e9 a proposta deste roteiro em que \u00e9 poss\u00edvel mesclar todos esses interesses em um mesmo lugar.<\/p>\n<h3>1. Katuka Africanidades<\/h3>\n<p>Um pouco antes, perto do monumento da Cruz Ca\u00edda, a Katuka Africanidades, como consta no site da loja, constr\u00f3i corpos com literatura, moda e arte. Roupas masculinas e femininas, que unem a heran\u00e7a africana e a moda brasileira, assinadas por Renato Carneiro, dividem espa\u00e7o com livros (autores africanos e brasileiros), obras de arte e bijuterias. Atravessando a rua, em outra unidade da loja, \u00e9 poss\u00edvel encontrar uma infinidade de produtos africanos, como tecidos, contas, entre outros.<\/p>\n<h3>2. Bella Oy\u00e1, de Regina Navarro<\/h3>\n<p>Ainda falando de moda, a Bella Oy\u00e1 comercializa vestidos, camisas masculinas e turbantes em tecidos africanos, mas o destaque vai para os colares e brincos artesanais assinados pela estilista Regina Navarro.<\/p>\n<h3>3. Galeria Funda\u00e7\u00e3o Pierre Verger<\/h3>\n<p>No casar\u00e3o ao lado da Katuka, a galeria Funda\u00e7\u00e3o Pierre Verger vende camisas (masculinas e femininas), bolsas, saias e vestidos estampados com as fotografias de Pierre Verger, al\u00e9m de livros do fot\u00f3grafo, etn\u00f3logo e antrop\u00f3logo franc\u00eas, e faz exposi\u00e7\u00f5es tempor\u00e1rias de fotografias. O espa\u00e7o fica entre a Pra\u00e7a Municipal (Elevador Lacerda) e a Pra\u00e7a da S\u00e9 (entrada do Pelourinho), em frente \u00e0 Igreja da Miseric\u00f3rdia. As culturas afro-baiana e da di\u00e1spora e aspectos religiosos do candombl\u00e9 eram foco da obra de Verger.<\/p>\n<h3>4. Galeria Apoena<\/h3>\n<p>J\u00e1 na esquina do Largo do Terreiro de Jesus com o Cruzeiro de S\u00e3o Francisco, quem aprecia artes sacra e ind\u00edgena precisa conhecer a Galeria Apoena. S\u00e3o quadros, camisetas, esculturas e objetos de decora\u00e7\u00e3o. Em boa parte das pe\u00e7as s\u00e3o utilizados materiais como argila, palha e madeira e as obras s\u00e3o assinadas por artes\u00e3os da regi\u00e3o Nordeste e de comunidades ind\u00edgenas de todo o Brasil. L\u00e1 \u00e9 poss\u00edvel encontrar esculturas de orix\u00e1s e santos cat\u00f3licos negros. No primeiro andar tem janelas que propiciam uma excelente vista para os dois largos, um ponto de vista interessante para quem visita o Centro Hist\u00f3rico.<\/p>\n<h3>5. Pau Brasilis<\/h3>\n<p>Tamb\u00e9m no Terreiro, a Pau Brasilis tem a variedade como ess\u00eancia de lembran\u00e7as da Bahia. S\u00e3o bijuterias feitas com b\u00fazios, al\u00e9m de esculturas, cangas, vestidos e camisas com nomes de divindades das religi\u00f5es de matriz africana e outros elementos da cultura afro, \u00edm\u00e3s, bolsas, miniaturas de pontos tur\u00edsticos da capital baiana, quadros e estatuetas com orix\u00e1s. \u00c9 poss\u00edvel ter uma ideia dos itens por tem\u00e1tica no perfil da loja no Instagram. Tem berimbau folheado a prata, miniorix\u00e1s esculpidos em madeira, como topos de l\u00e1pis e em palitos de f\u00f3sforo, Preto Velho esculpido em barro, esculturas de orix\u00e1s em bronze, baianas feitas de coco e de papel mach\u00ea e porta-chaves com cen\u00e1rios de festas populares.<\/p>\n<h3>6. Cabuloso Atelier de Arte e Cultura<\/h3>\n<div id=\"attachment_726\" style=\"width: 829px\" class=\"wp-caption aligncenter\"><img loading=\"lazy\" decoding=\"async\" aria-describedby=\"caption-attachment-726\" class=\"wp-image-726 size-large\" src=\"https:\/\/salvadordabahia.com\/capitalafro\/wp-content\/uploads\/2022\/11\/Salvador-Capital-Afro.-Marcos-Costa.-Cabuloso-Atelier-de-Arte-e-Cultura.-Foto-divulgacao.-819x1024.jpeg\" alt=\"\" width=\"819\" height=\"1024\" srcset=\"https:\/\/www.salvadordabahia.com\/capitalafro\/wp-content\/uploads\/2022\/11\/Salvador-Capital-Afro.-Marcos-Costa.-Cabuloso-Atelier-de-Arte-e-Cultura.-Foto-divulgacao.-819x1024.jpeg 819w, https:\/\/www.salvadordabahia.com\/capitalafro\/wp-content\/uploads\/2022\/11\/Salvador-Capital-Afro.-Marcos-Costa.-Cabuloso-Atelier-de-Arte-e-Cultura.-Foto-divulgacao.-240x300.jpeg 240w, https:\/\/www.salvadordabahia.com\/capitalafro\/wp-content\/uploads\/2022\/11\/Salvador-Capital-Afro.-Marcos-Costa.-Cabuloso-Atelier-de-Arte-e-Cultura.-Foto-divulgacao.-768x960.jpeg 768w, https:\/\/www.salvadordabahia.com\/capitalafro\/wp-content\/uploads\/2022\/11\/Salvador-Capital-Afro.-Marcos-Costa.-Cabuloso-Atelier-de-Arte-e-Cultura.-Foto-divulgacao..jpeg 1024w\" sizes=\"(max-width: 819px) 100vw, 819px\" \/><p id=\"caption-attachment-726\" class=\"wp-caption-text\">Salvador Capital Afro. Marcos Costa. Cabuloso Atelier de Arte e Cultura. Foto divulga\u00e7\u00e3o.<\/p><\/div>\n<p>Se estiver em busca de arte urbana, customiza\u00e7\u00e3o e ilustra\u00e7\u00f5es, n\u00e3o deixe de passar no Cabuloso Atelier de Arte e Cultura. O artista pl\u00e1stico, grafiteiro, cen\u00f3grafo, ilustrador e arte-educador Marcos Costa assina murais pela cidade \u2013 marcados pela presen\u00e7a do cachorro \u2018Boca Preta\u2019, que ele desenha nos seus trabalhos \u2013 e abriu um espa\u00e7o no Pelourinho com obras autorais e acess\u00f3rios personalizados. Sua arte, denominada afrograffiti, tem inspira\u00e7\u00e3o em elementos da cultura africana.<\/p>\n<h3>7. Mestre Lua Rasta<\/h3>\n<p>Falando em elementos da tradi\u00e7\u00e3o africana, instrumentos percussivos \u00e9 a especialidade de Mestre Lua Rasta, que \u00e9 artes\u00e3o, luthier e capoeirista. Moldando madeira, couro, sementes, cordas e metais, ele constr\u00f3i pandeiros, berimbaus, atabaques, caxixis, xequer\u00eas e outros instrumentos. A fabrica\u00e7\u00e3o \u00e9 artesanal e impressiona pela riqueza de detalhes e decora\u00e7\u00e3o das suas cria\u00e7\u00f5es.<\/p>\n<h3>8. Botica Rhol<\/h3>\n<p>O visitante consegue chegar \u00e0 Botica Rhol por conta do cheiro oriundo do casar\u00e3o com a fachada verde. Ela nasceu em 2014, a partir da Rede de Hortos de Plantas Medicinais e Lit\u00fargicas, que tem a proposta de comercializar cosm\u00e9ticos que utilizam como mat\u00e9ria-prima plantas medicinais e arom\u00e1ticas cultivadas em terreiros de candombl\u00e9, gerando renda para as comunidades. S\u00e3o cremes, xampus, g\u00e9is, sabonetes, xaropes e pomadas feitos de forma artesanal. Em dia de sorte, o visitante pode ser recebido pela idealizadora do projeto, a bi\u00f3loga e doutora em Desenvolvimento do Meio Ambiente Sueli Concei\u00e7\u00e3o, que promove oficinas de autocuidado com o uso das plantas e cursos sobre o poder das ervas.<\/p>\n<h3>9. Menelaw Sete Pinturas<\/h3>\n<p>O colorido \u00e9 tra\u00e7o marcante do artista pl\u00e1stico e escultor Menelaw Sete, que tamb\u00e9m traz elementos africanos. Ele j\u00e1 exp\u00f4s suas obras na Fran\u00e7a, Holanda, Alemanha, B\u00e9lgica, Espanha, Portugal, It\u00e1lia, Dinamarca, Inglaterra e Estados Unidos, totalizando mais de 50 mostras pelo mundo. Alguns de seus trabalhos est\u00e3o expostos no Consulado Brasileiro em Atlanta, no Museu de Antropologia de Frankfurt, na Alemanha, e na Casa das Am\u00e9ricas, em Bruxelas.<\/p>\n<h3>10. Zumvi Arquivo Fotogr\u00e1fico<\/h3>\n<p>Na Ladeira do Carmo, 28, no Santo Ant\u00f4nio, \u00e9 bom ir com tempo ao casar\u00e3o que abriga o Zumvi Arquivo Fotogr\u00e1fico. A iniciativa \u00e9 de tr\u00eas fot\u00f3grafos negros (L\u00e1zaro Roberto, Ademar Marques e Raimundo Monteiro), que, em 1990, criaram um espa\u00e7o de mem\u00f3ria e documenta\u00e7\u00e3o da popula\u00e7\u00e3o negra em diversos aspectos, que conta com acervo de cerca de 30 mil negativos. O espa\u00e7o tamb\u00e9m abriga exposi\u00e7\u00f5es, venda de fotografias e atividades de capacita\u00e7\u00e3o e discuss\u00f5es sobre arte, fotografia e mem\u00f3ria.<\/p>\n<h3>Servi\u00e7o:<\/h3>\n<p><strong>Katuka Africanidades<\/strong><br \/>\nhttps:\/\/www.instagram.com\/katukaafricanidades\/<br \/>\nEndere\u00e7o: Pra\u00e7a da S\u00e9, 01<br \/>\nFuncionamento: de segunda a sexta, das 9h15 \u00e0s 18h; s\u00e1bado, das 9h \u00e0s 15h30; e domingo, das 10h \u00e0s 15h30<br \/>\nTelefone: (71) 3322-1634<\/p>\n<p><strong>Regina Navarro Bella Oy\u00e1<\/strong><br \/>\nhttps:\/\/www.instagram.com\/reginanavarrobellaoya\/<br \/>\nEndere\u00e7o: Rua Maciel de Baixo, 32 \u2013 Pelourinho<br \/>\nFuncionamento: todos os dias, das 9h30 \u00e0s 18h<br \/>\nTelefone: (71) 99344-9111<\/p>\n<p><strong>Galeria Funda\u00e7\u00e3o Pierre Verger<\/strong><br \/>\nhttps:\/\/www.instagram.com\/fundacaopierreverger\/<br \/>\nEndere\u00e7o: Rua da Miseric\u00f3rdia, 09, Loja 01 \u2013 Centro<br \/>\nFuncionamento: de segunda a s\u00e1bado, das 9h \u00e0s 19h<br \/>\nTelefone: (71) 3321-2341<\/p>\n<p><strong>Galeria Apoena <\/strong><br \/>\nhttps:\/\/www.instagram.com\/galeria.apoena\/<br \/>\nEndere\u00e7o: Largo Terreiro de Jesus, 21-185<br \/>\nFuncionamento: todos os dias, das 9h18 \u00e0s 18h<br \/>\nTelefone: (71) 99884-4055<\/p>\n<p><strong>Pau Brasilis<\/strong><br \/>\nhttps:\/\/www.instagram.com\/paubrasilis\/<br \/>\nEndere\u00e7o: Largo Terreiro de Jesus (tr\u00eas unidades) e Cruzeiro de S\u00e3o Francisco \u2013 Pelourinho<br \/>\nFuncionamento: de ter\u00e7a a domingo, das 10h \u00e0s 18h<br \/>\nTelefone: (71) 3322-9895<\/p>\n<p><strong>Cabuloso Atelier de Arte e Cultura <\/strong><br \/>\nhttps:\/\/www.instagram.com\/cabuloso_atelier\/<br \/>\nEndere\u00e7o: Rua Jo\u00e3o de Deus \u2013 Pelourinho<br \/>\nFuncionamento: de ter\u00e7a a sexta, das 8h05 \u00e0s 20h; s\u00e1bado, das10h10 \u00e0s 20h; e domingo, das 10h \u00e0s 18h<br \/>\nTelefone: (71) 99328-9318<\/p>\n<p><strong>Atelier Mestre Lua Rasta <\/strong><br \/>\nhttps:\/\/www.instagram.com\/atelierluarasta\/<br \/>\nEndere\u00e7o: Rua da Ordem Terceira, 3 \u2013 Pelourinho<br \/>\nFuncionamento: de segunda a sexta, das 9h \u00e0s 18h, e s\u00e1bado, das 9h \u00e0s 14h<br \/>\nTelefone: (71) 3322-6750<\/p>\n<p><strong>Botica Rhol <\/strong><br \/>\nhttps:\/\/www.instagram.com\/boticarhol\/<br \/>\nEndere\u00e7o: Rua Jo\u00e3o de Deus, 8 \u2013 Pelourinho<br \/>\nFuncionamento: de segunda a s\u00e1bado, das 9h \u00e0s 19h, e domingo, das 9h \u00e0s 14h<br \/>\nTelefone: (71) 99720-2871<\/p>\n<p><strong>Menelaw Sete Pinturas <\/strong><br \/>\nhttps:\/\/www.instagram.com\/menelawsete\/<br \/>\nEndere\u00e7o: Rua Jo\u00e3o de Deus, 13 \u2013 Pelourinho<br \/>\nFuncionamento: todos os dias, das 10h \u00e0s 22h<br \/>\nTelefone: (71) 99105-7462<\/p>\n<p><strong>Zumvi Arquivo Fotogr\u00e1fico <\/strong><br \/>\nhttps:\/\/www.instagram.com\/zumviarquivofotografico\/<br \/>\nFuncionamento: de ter\u00e7a a s\u00e1bado, das 10h \u00e0s 19h, e domingo, das 14h \u00e0s 19h<br \/>\nEndere\u00e7o: Ladeira do Carmo, 28 \u2013 Santo Ant\u00f4nio<br \/>\nContato: contato@zumvi.com.br<\/p>\n","protected":false},"featured_media":723,"template":"","territorios":[96],"pilares":[63],"acf":[],"yoast_head":"<!-- This site is optimized with the Yoast SEO plugin v21.5 - https:\/\/yoast.com\/wordpress\/plugins\/seo\/ -->\n<title>Passeio pelo Centro Hist\u00f3rico une cultura, lazer e compras - Salvador Capital Afro<\/title>\n<meta name=\"robots\" content=\"index, follow, max-snippet:-1, max-image-preview:large, max-video-preview:-1\" \/>\n<link rel=\"canonical\" href=\"https:\/\/www.salvadordabahia.com\/capitalafro\/experiencias\/passeio-pelo-centro-historico-une-cultura-lazer-e-compras\/\" \/>\n<meta property=\"og:locale\" content=\"pt_BR\" \/>\n<meta property=\"og:type\" content=\"article\" \/>\n<meta property=\"og:title\" content=\"Passeio pelo Centro Hist\u00f3rico une cultura, lazer e compras - Salvador Capital Afro\" \/>\n<meta property=\"og:description\" content=\"Regi\u00e3o que remonta \u00e0 constru\u00e7\u00e3o do pa\u00eds agrada a visitantes de interesses diversos O Centro Hist\u00f3rico de Salvador tem cultura, fachadas com arquitetura e um colorido que encantam qualquer olhar, tem m\u00fasica, comida boa, tem espa\u00e7os que testemunharam marcos da constru\u00e7\u00e3o de uma na\u00e7\u00e3o, cen\u00e1rios para aquela foto fant\u00e1stica para um feed atraente e o [&hellip;]\" \/>\n<meta property=\"og:url\" content=\"https:\/\/www.salvadordabahia.com\/capitalafro\/experiencias\/passeio-pelo-centro-historico-une-cultura-lazer-e-compras\/\" \/>\n<meta property=\"og:site_name\" content=\"Salvador Capital Afro\" \/>\n<meta property=\"article:modified_time\" content=\"2022-11-29T13:07:09+00:00\" \/>\n<meta property=\"og:image\" content=\"https:\/\/www.salvadordabahia.com\/capitalafro\/wp-content\/uploads\/2022\/11\/Salvador-Capital-Afro.-Bella-Oya.-de-Regina-Navarro.-Pelourinho.-Foto-Jefferson-Dias-2-scaled.jpg\" \/>\n\t<meta property=\"og:image:width\" content=\"2560\" \/>\n\t<meta property=\"og:image:height\" content=\"1707\" \/>\n\t<meta property=\"og:image:type\" content=\"image\/jpeg\" \/>\n<meta name=\"twitter:card\" content=\"summary_large_image\" \/>\n<meta name=\"twitter:label1\" content=\"Est. tempo de leitura\" \/>\n\t<meta name=\"twitter:data1\" content=\"7 minutos\" \/>\n<script type=\"application\/ld+json\" class=\"yoast-schema-graph\">{\"@context\":\"https:\/\/schema.org\",\"@graph\":[{\"@type\":\"WebPage\",\"@id\":\"https:\/\/www.salvadordabahia.com\/capitalafro\/experiencias\/passeio-pelo-centro-historico-une-cultura-lazer-e-compras\/\",\"url\":\"https:\/\/www.salvadordabahia.com\/capitalafro\/experiencias\/passeio-pelo-centro-historico-une-cultura-lazer-e-compras\/\",\"name\":\"Passeio pelo Centro Hist\u00f3rico une cultura, lazer e compras - Salvador Capital Afro\",\"isPartOf\":{\"@id\":\"https:\/\/www.salvadordabahia.com\/capitalafro\/#website\"},\"datePublished\":\"2022-11-23T12:38:17+00:00\",\"dateModified\":\"2022-11-29T13:07:09+00:00\",\"breadcrumb\":{\"@id\":\"https:\/\/www.salvadordabahia.com\/capitalafro\/experiencias\/passeio-pelo-centro-historico-une-cultura-lazer-e-compras\/#breadcrumb\"},\"inLanguage\":\"pt-BR\",\"potentialAction\":[{\"@type\":\"ReadAction\",\"target\":[\"https:\/\/www.salvadordabahia.com\/capitalafro\/experiencias\/passeio-pelo-centro-historico-une-cultura-lazer-e-compras\/\"]}]},{\"@type\":\"BreadcrumbList\",\"@id\":\"https:\/\/www.salvadordabahia.com\/capitalafro\/experiencias\/passeio-pelo-centro-historico-une-cultura-lazer-e-compras\/#breadcrumb\",\"itemListElement\":[{\"@type\":\"ListItem\",\"position\":1,\"name\":\"In\u00edcio\",\"item\":\"https:\/\/www.salvadordabahia.com\/capitalafro\/\"},{\"@type\":\"ListItem\",\"position\":2,\"name\":\"Experi\u00eancias\",\"item\":\"https:\/\/www.salvadordabahia.com\/capitalafro\/experiencias\/\"},{\"@type\":\"ListItem\",\"position\":3,\"name\":\"Passeio pelo Centro Hist\u00f3rico une cultura, lazer e compras\"}]},{\"@type\":\"WebSite\",\"@id\":\"https:\/\/www.salvadordabahia.com\/capitalafro\/#website\",\"url\":\"https:\/\/www.salvadordabahia.com\/capitalafro\/\",\"name\":\"Salvador Capital Afro\",\"description\":\"\",\"potentialAction\":[{\"@type\":\"SearchAction\",\"target\":{\"@type\":\"EntryPoint\",\"urlTemplate\":\"https:\/\/www.salvadordabahia.com\/capitalafro\/?s={search_term_string}\"},\"query-input\":\"required name=search_term_string\"}],\"inLanguage\":\"pt-BR\"}]}<\/script>\n<!-- \/ Yoast SEO plugin. -->","yoast_head_json":{"title":"Passeio pelo Centro Hist\u00f3rico une cultura, lazer e compras - Salvador Capital Afro","robots":{"index":"index","follow":"follow","max-snippet":"max-snippet:-1","max-image-preview":"max-image-preview:large","max-video-preview":"max-video-preview:-1"},"canonical":"https:\/\/www.salvadordabahia.com\/capitalafro\/experiencias\/passeio-pelo-centro-historico-une-cultura-lazer-e-compras\/","og_locale":"pt_BR","og_type":"article","og_title":"Passeio pelo Centro Hist\u00f3rico une cultura, lazer e compras - Salvador Capital Afro","og_description":"Regi\u00e3o que remonta \u00e0 constru\u00e7\u00e3o do pa\u00eds agrada a visitantes de interesses diversos O Centro Hist\u00f3rico de Salvador tem cultura, fachadas com arquitetura e um colorido que encantam qualquer olhar, tem m\u00fasica, comida boa, tem espa\u00e7os que testemunharam marcos da constru\u00e7\u00e3o de uma na\u00e7\u00e3o, cen\u00e1rios para aquela foto fant\u00e1stica para um feed atraente e o [&hellip;]","og_url":"https:\/\/www.salvadordabahia.com\/capitalafro\/experiencias\/passeio-pelo-centro-historico-une-cultura-lazer-e-compras\/","og_site_name":"Salvador Capital Afro","article_modified_time":"2022-11-29T13:07:09+00:00","og_image":[{"width":2560,"height":1707,"url":"https:\/\/www.salvadordabahia.com\/capitalafro\/wp-content\/uploads\/2022\/11\/Salvador-Capital-Afro.-Bella-Oya.-de-Regina-Navarro.-Pelourinho.-Foto-Jefferson-Dias-2-scaled.jpg","type":"image\/jpeg"}],"twitter_card":"summary_large_image","twitter_misc":{"Est. tempo de leitura":"7 minutos"},"schema":{"@context":"https:\/\/schema.org","@graph":[{"@type":"WebPage","@id":"https:\/\/www.salvadordabahia.com\/capitalafro\/experiencias\/passeio-pelo-centro-historico-une-cultura-lazer-e-compras\/","url":"https:\/\/www.salvadordabahia.com\/capitalafro\/experiencias\/passeio-pelo-centro-historico-une-cultura-lazer-e-compras\/","name":"Passeio pelo Centro Hist\u00f3rico une cultura, lazer e compras - Salvador Capital Afro","isPartOf":{"@id":"https:\/\/www.salvadordabahia.com\/capitalafro\/#website"},"datePublished":"2022-11-23T12:38:17+00:00","dateModified":"2022-11-29T13:07:09+00:00","breadcrumb":{"@id":"https:\/\/www.salvadordabahia.com\/capitalafro\/experiencias\/passeio-pelo-centro-historico-une-cultura-lazer-e-compras\/#breadcrumb"},"inLanguage":"pt-BR","potentialAction":[{"@type":"ReadAction","target":["https:\/\/www.salvadordabahia.com\/capitalafro\/experiencias\/passeio-pelo-centro-historico-une-cultura-lazer-e-compras\/"]}]},{"@type":"BreadcrumbList","@id":"https:\/\/www.salvadordabahia.com\/capitalafro\/experiencias\/passeio-pelo-centro-historico-une-cultura-lazer-e-compras\/#breadcrumb","itemListElement":[{"@type":"ListItem","position":1,"name":"In\u00edcio","item":"https:\/\/www.salvadordabahia.com\/capitalafro\/"},{"@type":"ListItem","position":2,"name":"Experi\u00eancias","item":"https:\/\/www.salvadordabahia.com\/capitalafro\/experiencias\/"},{"@type":"ListItem","position":3,"name":"Passeio pelo Centro Hist\u00f3rico une cultura, lazer e compras"}]},{"@type":"WebSite","@id":"https:\/\/www.salvadordabahia.com\/capitalafro\/#website","url":"https:\/\/www.salvadordabahia.com\/capitalafro\/","name":"Salvador Capital Afro","description":"","potentialAction":[{"@type":"SearchAction","target":{"@type":"EntryPoint","urlTemplate":"https:\/\/www.salvadordabahia.com\/capitalafro\/?s={search_term_string}"},"query-input":"required name=search_term_string"}],"inLanguage":"pt-BR"}]}},"lang":"pt","translations":{"pt":721},"pll_sync_post":[],"_links":{"self":[{"href":"https:\/\/www.salvadordabahia.com\/capitalafro\/wp-json\/wp\/v2\/experiencias\/721"}],"collection":[{"href":"https:\/\/www.salvadordabahia.com\/capitalafro\/wp-json\/wp\/v2\/experiencias"}],"about":[{"href":"https:\/\/www.salvadordabahia.com\/capitalafro\/wp-json\/wp\/v2\/types\/experiencias"}],"wp:featuredmedia":[{"embeddable":true,"href":"https:\/\/www.salvadordabahia.com\/capitalafro\/wp-json\/wp\/v2\/media\/723"}],"wp:attachment":[{"href":"https:\/\/www.salvadordabahia.com\/capitalafro\/wp-json\/wp\/v2\/media?parent=721"}],"wp:term":[{"taxonomy":"territorios","embeddable":true,"href":"https:\/\/www.salvadordabahia.com\/capitalafro\/wp-json\/wp\/v2\/territorios?post=721"},{"taxonomy":"pilares","embeddable":true,"href":"https:\/\/www.salvadordabahia.com\/capitalafro\/wp-json\/wp\/v2\/pilares?post=721"}],"curies":[{"name":"wp","href":"https:\/\/api.w.org\/{rel}","templated":true}]}}