{"id":354,"date":"2022-08-30T15:40:16","date_gmt":"2022-08-30T18:40:16","guid":{"rendered":"https:\/\/salvadordabahia.com\/capitalafro\/?post_type=experiencias&#038;p=354"},"modified":"2022-10-14T13:51:21","modified_gmt":"2022-10-14T16:51:21","slug":"salvador-capital-afro-no-curuzu","status":"publish","type":"experiencias","link":"https:\/\/www.salvadordabahia.com\/capitalafro\/experiencias\/salvador-capital-afro-no-curuzu\/","title":{"rendered":"Salvador Capital Afro no Curuzu"},"content":{"rendered":"<h2 style=\"text-align: center;\">Como viver o territ\u00f3rio Liberdade e Curuzu em nove experi\u00eancias<\/h2>\n<h3 style=\"text-align: center;\">Um roteiro cheio de op\u00e7\u00f5es com direito a lazer, gastronomia e cultura<\/h3>\n<p>Antes da identifica\u00e7\u00e3o do espa\u00e7o f\u00edsico, o territ\u00f3rio Curuzu-Liberdade \u00e9 sentido. \u00c9 como passar por um portal e ter acesso ao mundo das letras de valoriza\u00e7\u00e3o da negritude das m\u00fasicas do primeiro bloco afro do Brasil, o Il\u00ea Aiy\u00ea, que, em 1974, iniciou pela via est\u00e9tica a constru\u00e7\u00e3o do empoderamento de negros e negras da capital baiana. Em toda a extens\u00e3o da Liberdade e do Curuzu, que desde 2017 deixou de ser uma rua da Liberdade para ganhar o status de bairro, elementos demarcam a identidade negra, que j\u00e1 \u00e9 vis\u00edvel desde a postura de seus 23 mil moradores e frequentadores conscientes do que s\u00e3o e do representam.<\/p>\n<h3>Quer mais motivos para entrar nesse universo? Venha conosco!<\/h3>\n<p>A indica\u00e7\u00e3o \u00e9 come\u00e7ar pela Estrada da Liberdade \u2013 nome que remete a 1820, quando combatentes vitoriosos da Independ\u00eancia da Bahia marcharam pela antiga Estrada das Boiadas, que por isso se tornou Estrada da Liberdade \u2013 na altura do Plano Inclinado Liberdade-Cal\u00e7ada (Pilc), que liga os dois bairros. Al\u00e9m do busto do l\u00edder do movimento contra o apartheid e ex-presidente da \u00c1frica do Sul Nelson Mandela (1918-2013), a via oferece, a partir do plano inclinado, uma vista da Cidade Baixa de beleza indescrit\u00edvel. Se o dia for ensolarado, o dourado dos campan\u00e1rios da Bas\u00edlica do Senhor do Bonfim vai de brinde.<\/p>\n<div id=\"attachment_362\" style=\"width: 1034px\" class=\"wp-caption aligncenter\"><img loading=\"lazy\" decoding=\"async\" aria-describedby=\"caption-attachment-362\" class=\"wp-image-362 size-large\" src=\"https:\/\/salvadordabahia.com\/capitalafro\/wp-content\/uploads\/2022\/08\/Liberdade.-Vista-do-Plano-Inclinado-Liberdade-Calcada-PILC.-Salvador-Bahia.-Foto-Jeff-Dias.-1024x683.jpg\" alt=\"\" width=\"1024\" height=\"683\" srcset=\"https:\/\/www.salvadordabahia.com\/capitalafro\/wp-content\/uploads\/2022\/08\/Liberdade.-Vista-do-Plano-Inclinado-Liberdade-Calcada-PILC.-Salvador-Bahia.-Foto-Jeff-Dias.-1024x683.jpg 1024w, https:\/\/www.salvadordabahia.com\/capitalafro\/wp-content\/uploads\/2022\/08\/Liberdade.-Vista-do-Plano-Inclinado-Liberdade-Calcada-PILC.-Salvador-Bahia.-Foto-Jeff-Dias.-300x200.jpg 300w, https:\/\/www.salvadordabahia.com\/capitalafro\/wp-content\/uploads\/2022\/08\/Liberdade.-Vista-do-Plano-Inclinado-Liberdade-Calcada-PILC.-Salvador-Bahia.-Foto-Jeff-Dias.-768x512.jpg 768w\" sizes=\"(max-width: 1024px) 100vw, 1024px\" \/><p id=\"caption-attachment-362\" class=\"wp-caption-text\">Liberdade. Vista do Plano Inclinado Liberdade-Cal\u00e7ada (PILC). Salvador Bahia. Foto Jefferson Dias.<\/p><\/div>\n<p>A via tamb\u00e9m faz parte do trajeto do primeiro dia de desfile do bloco afro Il\u00ea Aiy\u00ea no Carnaval de Salvador, que come\u00e7a em frente ao Il\u00ea Ax\u00e9 Jitolu, no Curuzu, e segue at\u00e9 o Pilc. E falando em Curuzu, \u00e9 l\u00e1 onde ocorre a concentra\u00e7\u00e3o de eventos e atra\u00e7\u00f5es tur\u00edsticas que atraem soteropolitanos e turistas. O portal f\u00edsico instalado na entrada da antiga rua \u2013 com seu 1,1 km entre a Estrada da Liberdade e a Avenida General San Martin \u2013 refor\u00e7a ainda mais a sensa\u00e7\u00e3o de respirar um ar diferente. De pertencimento para negros e de encantamento para n\u00e3o negros.<\/p>\n<h3>Gastronomia, cultura e est\u00e9tica afro<\/h3>\n<p>O primeiro local de parada quase obrigat\u00f3ria \u00e9 o Bar do Pinto. A cerca de 100 metros da entrada do bairro, a primeira escadaria \u00e0 esquerda d\u00e1 acesso \u00e0 Rua Nelson Maleiro, onde fica o estabelecimento. A partir da segunda metade da descida, o que guia o visitante \u00e9 o cheiro da anchova frita que \u00e9 servida l\u00e1 no espa\u00e7o, que abre \u00e0s 17h. Quase sempre tem fila e, em dia de movimento intenso, acaba antes das 19h. A indica\u00e7\u00e3o foi do ator e afrochef Jorge Whashington, que n\u00e3o abre m\u00e3o de passar l\u00e1 toda vez que vai ao bairro.<\/p>\n<p>De volta ao nosso roteiro pela via principal, a pr\u00f3xima atra\u00e7\u00e3o \u00e9 o busto de Apol\u00f4nio Souza de Jesus Filho (1952-1992), o Pop\u00f3, um dos fundadores do Bloco Afro Il\u00ea Aiy\u00ea e militante pela afirma\u00e7\u00e3o de entidades negras, que est\u00e1 localizado no cruzamento entre a Rua do Curuzu e a Rua Progresso. A obra \u00e9 da artista pl\u00e1stica baiana M\u00e1rcia Magno.<\/p>\n<div id=\"attachment_356\" style=\"width: 1034px\" class=\"wp-caption aligncenter\"><img loading=\"lazy\" decoding=\"async\" aria-describedby=\"caption-attachment-356\" class=\"wp-image-356 size-large\" src=\"https:\/\/salvadordabahia.com\/capitalafro\/wp-content\/uploads\/2022\/08\/Curuzu.-busto-de-Apolonio-Souza-de-Jesus-Filho-1952-1992-o-Popo.-Salvador-Bahia.-Foto-Jeff-Dias.-1024x683.jpg\" alt=\"\" width=\"1024\" height=\"683\" srcset=\"https:\/\/www.salvadordabahia.com\/capitalafro\/wp-content\/uploads\/2022\/08\/Curuzu.-busto-de-Apolonio-Souza-de-Jesus-Filho-1952-1992-o-Popo.-Salvador-Bahia.-Foto-Jeff-Dias.-1024x683.jpg 1024w, https:\/\/www.salvadordabahia.com\/capitalafro\/wp-content\/uploads\/2022\/08\/Curuzu.-busto-de-Apolonio-Souza-de-Jesus-Filho-1952-1992-o-Popo.-Salvador-Bahia.-Foto-Jeff-Dias.-300x200.jpg 300w, https:\/\/www.salvadordabahia.com\/capitalafro\/wp-content\/uploads\/2022\/08\/Curuzu.-busto-de-Apolonio-Souza-de-Jesus-Filho-1952-1992-o-Popo.-Salvador-Bahia.-Foto-Jeff-Dias.-768x512.jpg 768w\" sizes=\"(max-width: 1024px) 100vw, 1024px\" \/><p id=\"caption-attachment-356\" class=\"wp-caption-text\">Curuzu. Busto de Apol\u00f4nio Souza de Jesus Filho (1952-1992), o Pop\u00f3. Salvador Bahia. Foto Jefferson Dias.<\/p><\/div>\n<p>Esse ponto do passeio \u00e9 pr\u00f3ximo de mais um local de rever\u00eancia, afinal, l\u00e1 existe uma rainha. \u00c9 com um sorriso contagiante que Gerusa Menezes, Deusa do \u00c9bano 1998, recebe os \u2018s\u00faditos\u2019 que v\u00e3o em busca dos servi\u00e7os que oferece no sal\u00e3o que comanda, com seu nome, que tamb\u00e9m \u00e9 ponto tur\u00edstico. \u201cO Curuzu \u00e9 o meu lar, onde eu me fortale\u00e7o. A minha caminhada come\u00e7a e recome\u00e7a aqui para o mundo\u201d, diz a majestade. \u00c9 comum ter fila na semana da entrega de fantasia do Il\u00ea, formada por integrantes do bloco que v\u00e3o em busca de incrementar o figurino para desfilar no \u2018Mais belo dos belos\u2019.<\/p>\n<p>Tamb\u00e9m refer\u00eancia de beleza \u00e9 o espa\u00e7o VC Penteado Afro, das g\u00eameas Catarina e Val\u00e9ria Lima. A est\u00e9tica est\u00e1 no DNA das profissionais, filhas da estilista e fundadora do Il\u00ea Aiy\u00ea Dete Lima, que responde pelo figurino da Deusa do \u00c9bano durante o desfile do bloco, que \u00e9 criado hoje durante a montagem no corpo da rainha, com amarra\u00e7\u00f5es. S\u00e3o d\u00e9cadas com o trabalho de valoriza\u00e7\u00e3o, beleza e fomento da autoestima da mulher negra. Ent\u00e3o, o caminho foi natural para as irm\u00e3s, que, com a arte de entrela\u00e7ar mechas de fibra e cabelo, adornam o ori (cabe\u00e7a) de homens, mulheres e crian\u00e7as.<\/p>\n<blockquote>\n<p style=\"text-align: center;\"><em>\u201cO Curuzu \u00e9 minha hist\u00f3ria, minha vida. E sin\u00f4nimo de representatividade. Eu me inspirei na minha av\u00f3 e na minha m\u00e3e. Esse lugar trouxe tudo pra gente: o trabalho de minha m\u00e3e, nossa religi\u00e3o, a ancestralidade\u201d<\/em>, conta Val\u00e9ria.<\/p>\n<\/blockquote>\n<div id=\"attachment_357\" style=\"width: 1034px\" class=\"wp-caption aligncenter\"><img loading=\"lazy\" decoding=\"async\" aria-describedby=\"caption-attachment-357\" class=\"wp-image-357 size-large\" src=\"https:\/\/salvadordabahia.com\/capitalafro\/wp-content\/uploads\/2022\/08\/Curuzu.-Catarina-e-Valeria-Lima.-VC-Penteado-Afro.-Salvador-Bahia.-Foto-Jeff-Dias.-1024x683.jpg\" alt=\"\" width=\"1024\" height=\"683\" srcset=\"https:\/\/www.salvadordabahia.com\/capitalafro\/wp-content\/uploads\/2022\/08\/Curuzu.-Catarina-e-Valeria-Lima.-VC-Penteado-Afro.-Salvador-Bahia.-Foto-Jeff-Dias.-1024x683.jpg 1024w, https:\/\/www.salvadordabahia.com\/capitalafro\/wp-content\/uploads\/2022\/08\/Curuzu.-Catarina-e-Valeria-Lima.-VC-Penteado-Afro.-Salvador-Bahia.-Foto-Jeff-Dias.-300x200.jpg 300w, https:\/\/www.salvadordabahia.com\/capitalafro\/wp-content\/uploads\/2022\/08\/Curuzu.-Catarina-e-Valeria-Lima.-VC-Penteado-Afro.-Salvador-Bahia.-Foto-Jeff-Dias.-768x512.jpg 768w\" sizes=\"(max-width: 1024px) 100vw, 1024px\" \/><p id=\"caption-attachment-357\" class=\"wp-caption-text\">Curuzu. Catarina e Val\u00e9ria Lima. VC Penteado Afro. Salvador Bahia. Foto Jefferson Dias.<\/p><\/div>\n<h3>Um territ\u00f3rio ancestral<\/h3>\n<p>E por falar no aspecto religioso, o Mapeamento dos Terreiros de Candombl\u00e9 de Salvador \u2013 realizado pelas secretarias municipais da Repara\u00e7\u00e3o e da Habita\u00e7\u00e3o, em parceria com o Centro de Estudos Afro-Orientais da Universidade Federal da Bahia (Ufba) \u2013 identificou 14 templos, dos quais dois chamam mais aten\u00e7\u00e3o.<\/p>\n<p>O Il\u00ea Ax\u00e9 Jitolu, da na\u00e7\u00e3o jeje-nag\u00f4, hoje comandado por don\u00e9 Hildelice Benta dos Santos, tinha como l\u00edder espiritual M\u00e3e Hilda dos Santos (1923-2009), que fundou o templo em 1952 e orientou desde a funda\u00e7\u00e3o do bloco at\u00e9 as a\u00e7\u00f5es sociais. \u00c9 da porta do terreiro que acontece a tradicional Sa\u00edda do Il\u00ea Aiy\u00ea no s\u00e1bado de Carnaval, ap\u00f3s cerim\u00f4nia religiosa.<\/p>\n<p>J\u00e1 o Terreiro Hunkpame Savalu Vodun Zo Kwe, localizado ao lado da sede do bloco, foi o primeiro tombamento como Patrim\u00f4nio Cultural do Munic\u00edpio de Salvador, em 2016. \u00c9 tamb\u00e9m o \u00fanico da na\u00e7\u00e3o jeje savalu. O terreiro tem a maior \u00e1rea verde do bairro, ocupando 2.400 m\u00b2. A lideran\u00e7a espiritual \u00e9 de dot\u00e9 Amilton Costa.<\/p>\n<div id=\"attachment_363\" style=\"width: 1034px\" class=\"wp-caption aligncenter\"><img loading=\"lazy\" decoding=\"async\" aria-describedby=\"caption-attachment-363\" class=\"wp-image-363 size-large\" src=\"https:\/\/salvadordabahia.com\/capitalafro\/wp-content\/uploads\/2022\/08\/Curuzu.-Terreiro-Hunkpame-Savalu-Vodun-Zo-Kwe.-Salvador-Bahia.-Foto-Jeff-Dias-1024x683.jpg\" alt=\"\" width=\"1024\" height=\"683\" srcset=\"https:\/\/www.salvadordabahia.com\/capitalafro\/wp-content\/uploads\/2022\/08\/Curuzu.-Terreiro-Hunkpame-Savalu-Vodun-Zo-Kwe.-Salvador-Bahia.-Foto-Jeff-Dias-1024x683.jpg 1024w, https:\/\/www.salvadordabahia.com\/capitalafro\/wp-content\/uploads\/2022\/08\/Curuzu.-Terreiro-Hunkpame-Savalu-Vodun-Zo-Kwe.-Salvador-Bahia.-Foto-Jeff-Dias-300x200.jpg 300w, https:\/\/www.salvadordabahia.com\/capitalafro\/wp-content\/uploads\/2022\/08\/Curuzu.-Terreiro-Hunkpame-Savalu-Vodun-Zo-Kwe.-Salvador-Bahia.-Foto-Jeff-Dias-768x512.jpg 768w\" sizes=\"(max-width: 1024px) 100vw, 1024px\" \/><p id=\"caption-attachment-363\" class=\"wp-caption-text\">Curuzu. Terreiro Hunkpame Savalu Vodun Zo Kwe. Salvador Bahia. Foto Jefferson Dias<\/p><\/div>\n<p>Outro espa\u00e7o sagrado que o Curuzu abriga \u00e9 a Senzala do Barro Preto, sede do bloco Il\u00ea Aiy\u00ea, que tem como presidente Ant\u00f4nio Carlos dos Santos Vov\u00f4, que \u00e9 filho biol\u00f3gico de M\u00e3e Hilda. A agremia\u00e7\u00e3o, al\u00e9m de projetos sociais, \u00e9 o local onde acontecem os ensaios ao longo do ano e eventos como a Noite da Beleza Negra, para a escolha da Deusa do \u00c9bano. \u00c9 l\u00e1 o ponto de partida da Marcha da Liberdade no dia 20 de Novembro, Dia da Consci\u00eancia Negra. \u00c9 um dos redutos de mais representatividade da popula\u00e7\u00e3o negra da capital baiana, pois criou e fomentou um jeito de dan\u00e7ar, de vestir e de cantar at\u00e9 hoje utilizados como discursos de autoafirma\u00e7\u00e3o.<\/p>\n<div id=\"attachment_364\" style=\"width: 1034px\" class=\"wp-caption aligncenter\"><img loading=\"lazy\" decoding=\"async\" aria-describedby=\"caption-attachment-364\" class=\"wp-image-364 size-large\" src=\"https:\/\/salvadordabahia.com\/capitalafro\/wp-content\/uploads\/2022\/08\/Curuzu.-Senzala-do-Barro-Preto-sede-do-bloco-Ile-Aiye.-Salvador-Bahia.-Foto-Jeff-Dias-1-1024x683.jpg\" alt=\"\" width=\"1024\" height=\"683\" srcset=\"https:\/\/www.salvadordabahia.com\/capitalafro\/wp-content\/uploads\/2022\/08\/Curuzu.-Senzala-do-Barro-Preto-sede-do-bloco-Ile-Aiye.-Salvador-Bahia.-Foto-Jeff-Dias-1-1024x683.jpg 1024w, https:\/\/www.salvadordabahia.com\/capitalafro\/wp-content\/uploads\/2022\/08\/Curuzu.-Senzala-do-Barro-Preto-sede-do-bloco-Ile-Aiye.-Salvador-Bahia.-Foto-Jeff-Dias-1-300x200.jpg 300w, https:\/\/www.salvadordabahia.com\/capitalafro\/wp-content\/uploads\/2022\/08\/Curuzu.-Senzala-do-Barro-Preto-sede-do-bloco-Ile-Aiye.-Salvador-Bahia.-Foto-Jeff-Dias-1-768x512.jpg 768w\" sizes=\"(max-width: 1024px) 100vw, 1024px\" \/><p id=\"caption-attachment-364\" class=\"wp-caption-text\">Curuzu. Senzala do Barro Preto, sede do bloco Il\u00ea Aiy\u00ea. Salvador Bahia. Foto Jefferson Dias.<\/p><\/div>\n<h3>N\u00e3o deixe de conhecer\u2026.<\/h3>\n<p>Nesse vi\u00e9s est\u00e9tico, o uso de tecidos africanos \u00e9 emblem\u00e1tico e foi a oportunidade para o nigeriano Ange Taofik Koudiuo vir e ficar. Ao lado da entrada do Vodun Zo, ele abriu a loja Taofik Mode Africano. As pe\u00e7as de tecido expostas na parede chamam a aten\u00e7\u00e3o de quem est\u00e1 passando pela cal\u00e7ada. E a loja ainda oferece servi\u00e7o de costura.<\/p>\n<div id=\"attachment_358\" style=\"width: 1034px\" class=\"wp-caption aligncenter\"><img loading=\"lazy\" decoding=\"async\" aria-describedby=\"caption-attachment-358\" class=\"wp-image-358 size-large\" src=\"https:\/\/salvadordabahia.com\/capitalafro\/wp-content\/uploads\/2022\/08\/Curuzu.-Loja-Taofik-Mode-Africano.-Salvador-Bahia.-Foto-Jeff-Dias-1-1024x683.jpg\" alt=\"\" width=\"1024\" height=\"683\" srcset=\"https:\/\/www.salvadordabahia.com\/capitalafro\/wp-content\/uploads\/2022\/08\/Curuzu.-Loja-Taofik-Mode-Africano.-Salvador-Bahia.-Foto-Jeff-Dias-1-1024x683.jpg 1024w, https:\/\/www.salvadordabahia.com\/capitalafro\/wp-content\/uploads\/2022\/08\/Curuzu.-Loja-Taofik-Mode-Africano.-Salvador-Bahia.-Foto-Jeff-Dias-1-300x200.jpg 300w, https:\/\/www.salvadordabahia.com\/capitalafro\/wp-content\/uploads\/2022\/08\/Curuzu.-Loja-Taofik-Mode-Africano.-Salvador-Bahia.-Foto-Jeff-Dias-1-768x512.jpg 768w\" sizes=\"(max-width: 1024px) 100vw, 1024px\" \/><p id=\"caption-attachment-358\" class=\"wp-caption-text\">Curuzu. Loja Taofik Mode Africano. Salvador Bahia. Foto Jefferson Dias.<\/p><\/div>\n<p style=\"text-align: center;\"><em>\u201cCheguei a morar em S\u00e3o Paulo, mas \u00e9 diferente. Aqui \u00e9 bem melhor, tem mais coisas parecidas com a nossa cultura, tem mais gente da minha cor e com a minha cren\u00e7a religiosa\u201d<\/em>, conta Taofik.<\/p>\n<p>Nesse vai e volta de andan\u00e7as pelo bairro, a boa \u2018paletada\u2019, a fome aperta novamente e o lugar, agora, alimenta o corpo e a alma. Subindo as escadas em dire\u00e7\u00e3o a uma varanda bem ao lado da Senzala, Lucidalva Ferreira dos Santos, tia Lu, est\u00e1 l\u00e1 para receber quem chega com abra\u00e7o e pratos com tempero especial no seu restaurante.<\/p>\n<p style=\"text-align: center;\"><em>\u201cEu amo meu lugar. N\u00e3o saio daqui para nada. Tenho orgulho de ser daqui, de um lugar que contribuiu tanto para todo negro se sentir lindo e livre para ser quem quiser\u201d<\/em>, revela.<\/p>\n<div id=\"attachment_360\" style=\"width: 1034px\" class=\"wp-caption aligncenter\"><img loading=\"lazy\" decoding=\"async\" aria-describedby=\"caption-attachment-360\" class=\"wp-image-360 size-large\" src=\"https:\/\/salvadordabahia.com\/capitalafro\/wp-content\/uploads\/2022\/08\/Curuzu.-LUCIDALVA-FERREIRA-restaurante.-Salvador-Bahia.-Foto-Jeff-Dias-1-1024x683.jpg\" alt=\"\" width=\"1024\" height=\"683\" srcset=\"https:\/\/www.salvadordabahia.com\/capitalafro\/wp-content\/uploads\/2022\/08\/Curuzu.-LUCIDALVA-FERREIRA-restaurante.-Salvador-Bahia.-Foto-Jeff-Dias-1-1024x683.jpg 1024w, https:\/\/www.salvadordabahia.com\/capitalafro\/wp-content\/uploads\/2022\/08\/Curuzu.-LUCIDALVA-FERREIRA-restaurante.-Salvador-Bahia.-Foto-Jeff-Dias-1-300x200.jpg 300w, https:\/\/www.salvadordabahia.com\/capitalafro\/wp-content\/uploads\/2022\/08\/Curuzu.-LUCIDALVA-FERREIRA-restaurante.-Salvador-Bahia.-Foto-Jeff-Dias-1-768x512.jpg 768w\" sizes=\"(max-width: 1024px) 100vw, 1024px\" \/><p id=\"caption-attachment-360\" class=\"wp-caption-text\">Curuzu. Lucidalva Ferreira dos Santos, tia Lu. Salvador Bahia. Foto Jefferson Dias.<\/p><\/div>\n<p style=\"text-align: center;\">Dentre os pratos que mais saem, a moela cozida, o peixe frito e a feijoada est\u00e3o no topo do ranking da prefer\u00eancia de moradores e visitantes.<\/p>\n<p>O ator e afrochef Jorge Whashington, nascido e criado no bairro da Liberdade, faz um resumo do que \u00e9 viver e estar no Curuzu:<\/p>\n<blockquote>\n<p style=\"text-align: center;\">\u201c<em>Eu arrumo meu cabelo com Gerusa h\u00e1 25 anos, me divirto nos ensaios do Il\u00ea, \u00e9 o meu lugar para comer uma comida boa, para fazer pol\u00edtica quando vou para a marcha no Dia da Consci\u00eancia Negra. L\u00e1 tem uma simbologia negra muito agu\u00e7ada. \u00c9 lugar de resist\u00eancia, com v\u00e1rios terreiros que cuidam da nossa ancestralidade. \u00c9 onde posso exercer minha cidadania enquanto homem negro. A atmosfera \u00e9 diferente de qualquer outro bairro<\/em>.\u201d<\/p>\n<\/blockquote>\n","protected":false},"featured_media":355,"template":"","territorios":[96],"pilares":[64,63,66,61,60,59,65],"acf":[],"yoast_head":"<!-- This site is optimized with the Yoast SEO plugin v21.5 - https:\/\/yoast.com\/wordpress\/plugins\/seo\/ -->\n<title>Salvador Capital Afro no Curuzu - Salvador Capital Afro<\/title>\n<meta name=\"description\" content=\"Um roteiro cheio de op\u00e7\u00f5es com direito a lazer, gastronomia e cultura\" \/>\n<meta name=\"robots\" content=\"index, follow, max-snippet:-1, max-image-preview:large, max-video-preview:-1\" \/>\n<link rel=\"canonical\" href=\"https:\/\/www.salvadordabahia.com\/capitalafro\/experiencias\/salvador-capital-afro-no-curuzu\/\" \/>\n<meta property=\"og:locale\" content=\"pt_BR\" \/>\n<meta property=\"og:type\" content=\"article\" \/>\n<meta property=\"og:title\" content=\"Salvador Capital Afro no Curuzu - Salvador Capital Afro\" \/>\n<meta property=\"og:description\" content=\"Um roteiro cheio de op\u00e7\u00f5es com direito a lazer, gastronomia e cultura\" \/>\n<meta property=\"og:url\" content=\"https:\/\/www.salvadordabahia.com\/capitalafro\/experiencias\/salvador-capital-afro-no-curuzu\/\" \/>\n<meta property=\"og:site_name\" content=\"Salvador Capital Afro\" \/>\n<meta property=\"article:modified_time\" content=\"2022-10-14T16:51:21+00:00\" \/>\n<meta property=\"og:image\" content=\"https:\/\/www.salvadordabahia.com\/capitalafro\/wp-content\/uploads\/2022\/08\/Curuzu.-Ange-Taofik-Koudiuo-em-sua-loja-Taofik-Mode-Africano.-Salvador-Bahia.-Foto-Jeff-Dias.-scaled.jpg\" \/>\n\t<meta property=\"og:image:width\" content=\"2560\" \/>\n\t<meta property=\"og:image:height\" content=\"1707\" \/>\n\t<meta property=\"og:image:type\" content=\"image\/jpeg\" \/>\n<meta name=\"twitter:card\" content=\"summary_large_image\" \/>\n<meta name=\"twitter:label1\" content=\"Est. tempo de leitura\" \/>\n\t<meta name=\"twitter:data1\" content=\"10 minutos\" \/>\n<script type=\"application\/ld+json\" class=\"yoast-schema-graph\">{\"@context\":\"https:\/\/schema.org\",\"@graph\":[{\"@type\":\"WebPage\",\"@id\":\"https:\/\/www.salvadordabahia.com\/capitalafro\/experiencias\/salvador-capital-afro-no-curuzu\/\",\"url\":\"https:\/\/www.salvadordabahia.com\/capitalafro\/experiencias\/salvador-capital-afro-no-curuzu\/\",\"name\":\"Salvador Capital Afro no Curuzu - Salvador Capital Afro\",\"isPartOf\":{\"@id\":\"https:\/\/www.salvadordabahia.com\/capitalafro\/#website\"},\"datePublished\":\"2022-08-30T18:40:16+00:00\",\"dateModified\":\"2022-10-14T16:51:21+00:00\",\"description\":\"Um roteiro cheio de op\u00e7\u00f5es com direito a lazer, gastronomia e cultura\",\"breadcrumb\":{\"@id\":\"https:\/\/www.salvadordabahia.com\/capitalafro\/experiencias\/salvador-capital-afro-no-curuzu\/#breadcrumb\"},\"inLanguage\":\"pt-BR\",\"potentialAction\":[{\"@type\":\"ReadAction\",\"target\":[\"https:\/\/www.salvadordabahia.com\/capitalafro\/experiencias\/salvador-capital-afro-no-curuzu\/\"]}]},{\"@type\":\"BreadcrumbList\",\"@id\":\"https:\/\/www.salvadordabahia.com\/capitalafro\/experiencias\/salvador-capital-afro-no-curuzu\/#breadcrumb\",\"itemListElement\":[{\"@type\":\"ListItem\",\"position\":1,\"name\":\"In\u00edcio\",\"item\":\"https:\/\/www.salvadordabahia.com\/capitalafro\/\"},{\"@type\":\"ListItem\",\"position\":2,\"name\":\"Experi\u00eancias\",\"item\":\"https:\/\/www.salvadordabahia.com\/capitalafro\/experiencias\/\"},{\"@type\":\"ListItem\",\"position\":3,\"name\":\"Salvador Capital Afro no Curuzu\"}]},{\"@type\":\"WebSite\",\"@id\":\"https:\/\/www.salvadordabahia.com\/capitalafro\/#website\",\"url\":\"https:\/\/www.salvadordabahia.com\/capitalafro\/\",\"name\":\"Salvador Capital Afro\",\"description\":\"\",\"potentialAction\":[{\"@type\":\"SearchAction\",\"target\":{\"@type\":\"EntryPoint\",\"urlTemplate\":\"https:\/\/www.salvadordabahia.com\/capitalafro\/?s={search_term_string}\"},\"query-input\":\"required name=search_term_string\"}],\"inLanguage\":\"pt-BR\"}]}<\/script>\n<!-- \/ Yoast SEO plugin. -->","yoast_head_json":{"title":"Salvador Capital Afro no Curuzu - Salvador Capital Afro","description":"Um roteiro cheio de op\u00e7\u00f5es com direito a lazer, gastronomia e cultura","robots":{"index":"index","follow":"follow","max-snippet":"max-snippet:-1","max-image-preview":"max-image-preview:large","max-video-preview":"max-video-preview:-1"},"canonical":"https:\/\/www.salvadordabahia.com\/capitalafro\/experiencias\/salvador-capital-afro-no-curuzu\/","og_locale":"pt_BR","og_type":"article","og_title":"Salvador Capital Afro no Curuzu - Salvador Capital Afro","og_description":"Um roteiro cheio de op\u00e7\u00f5es com direito a lazer, gastronomia e cultura","og_url":"https:\/\/www.salvadordabahia.com\/capitalafro\/experiencias\/salvador-capital-afro-no-curuzu\/","og_site_name":"Salvador Capital Afro","article_modified_time":"2022-10-14T16:51:21+00:00","og_image":[{"width":2560,"height":1707,"url":"https:\/\/www.salvadordabahia.com\/capitalafro\/wp-content\/uploads\/2022\/08\/Curuzu.-Ange-Taofik-Koudiuo-em-sua-loja-Taofik-Mode-Africano.-Salvador-Bahia.-Foto-Jeff-Dias.-scaled.jpg","type":"image\/jpeg"}],"twitter_card":"summary_large_image","twitter_misc":{"Est. tempo de leitura":"10 minutos"},"schema":{"@context":"https:\/\/schema.org","@graph":[{"@type":"WebPage","@id":"https:\/\/www.salvadordabahia.com\/capitalafro\/experiencias\/salvador-capital-afro-no-curuzu\/","url":"https:\/\/www.salvadordabahia.com\/capitalafro\/experiencias\/salvador-capital-afro-no-curuzu\/","name":"Salvador Capital Afro no Curuzu - Salvador Capital Afro","isPartOf":{"@id":"https:\/\/www.salvadordabahia.com\/capitalafro\/#website"},"datePublished":"2022-08-30T18:40:16+00:00","dateModified":"2022-10-14T16:51:21+00:00","description":"Um roteiro cheio de op\u00e7\u00f5es com direito a lazer, gastronomia e cultura","breadcrumb":{"@id":"https:\/\/www.salvadordabahia.com\/capitalafro\/experiencias\/salvador-capital-afro-no-curuzu\/#breadcrumb"},"inLanguage":"pt-BR","potentialAction":[{"@type":"ReadAction","target":["https:\/\/www.salvadordabahia.com\/capitalafro\/experiencias\/salvador-capital-afro-no-curuzu\/"]}]},{"@type":"BreadcrumbList","@id":"https:\/\/www.salvadordabahia.com\/capitalafro\/experiencias\/salvador-capital-afro-no-curuzu\/#breadcrumb","itemListElement":[{"@type":"ListItem","position":1,"name":"In\u00edcio","item":"https:\/\/www.salvadordabahia.com\/capitalafro\/"},{"@type":"ListItem","position":2,"name":"Experi\u00eancias","item":"https:\/\/www.salvadordabahia.com\/capitalafro\/experiencias\/"},{"@type":"ListItem","position":3,"name":"Salvador Capital Afro no Curuzu"}]},{"@type":"WebSite","@id":"https:\/\/www.salvadordabahia.com\/capitalafro\/#website","url":"https:\/\/www.salvadordabahia.com\/capitalafro\/","name":"Salvador Capital Afro","description":"","potentialAction":[{"@type":"SearchAction","target":{"@type":"EntryPoint","urlTemplate":"https:\/\/www.salvadordabahia.com\/capitalafro\/?s={search_term_string}"},"query-input":"required name=search_term_string"}],"inLanguage":"pt-BR"}]}},"lang":"pt","translations":{"pt":354},"pll_sync_post":[],"_links":{"self":[{"href":"https:\/\/www.salvadordabahia.com\/capitalafro\/wp-json\/wp\/v2\/experiencias\/354"}],"collection":[{"href":"https:\/\/www.salvadordabahia.com\/capitalafro\/wp-json\/wp\/v2\/experiencias"}],"about":[{"href":"https:\/\/www.salvadordabahia.com\/capitalafro\/wp-json\/wp\/v2\/types\/experiencias"}],"wp:featuredmedia":[{"embeddable":true,"href":"https:\/\/www.salvadordabahia.com\/capitalafro\/wp-json\/wp\/v2\/media\/355"}],"wp:attachment":[{"href":"https:\/\/www.salvadordabahia.com\/capitalafro\/wp-json\/wp\/v2\/media?parent=354"}],"wp:term":[{"taxonomy":"territorios","embeddable":true,"href":"https:\/\/www.salvadordabahia.com\/capitalafro\/wp-json\/wp\/v2\/territorios?post=354"},{"taxonomy":"pilares","embeddable":true,"href":"https:\/\/www.salvadordabahia.com\/capitalafro\/wp-json\/wp\/v2\/pilares?post=354"}],"curies":[{"name":"wp","href":"https:\/\/api.w.org\/{rel}","templated":true}]}}