{"id":139,"date":"2022-08-16T10:16:23","date_gmt":"2022-08-16T13:16:23","guid":{"rendered":"https:\/\/salvadordabahia.com\/capitalafro\/experiencias\/bale-folclorico-da-bahia\/"},"modified":"2022-09-26T21:30:48","modified_gmt":"2022-09-27T00:30:48","slug":"bale-folclorico-da-bahia","status":"publish","type":"experiencias","link":"https:\/\/www.salvadordabahia.com\/capitalafro\/experiencias\/bale-folclorico-da-bahia\/","title":{"rendered":"Bal\u00e9 Folcl\u00f3rico da Bahia"},"content":{"rendered":"<h2 style=\"text-align: center;\">Manifesta\u00e7\u00e3o art\u00edstica das tradi\u00e7\u00f5es da Bahia<\/h2>\n<p><img loading=\"lazy\" decoding=\"async\" class=\"wp-image-13228 size-large aligncenter\" src=\"https:\/\/salvadordabahia.com\/capitalafro\/wp-content\/uploads\/2022\/08\/espetaculo-bale-folclorico-da-bahia-pelourinho-salvador-bahia-13.jpg\" alt=\"\" width=\"1024\" height=\"683\" \/><\/p>\n<p>As apresenta\u00e7\u00f5es do Bal\u00e9 Folcl\u00f3rico da Bahia s\u00e3o espet\u00e1culos passionais e energ\u00e9ticos. Uma linguagem c\u00eanica que capta, em seu mais puro estado, as manifesta\u00e7\u00f5es folcl\u00f3ricas da Bahia, suas hist\u00f3rias, h\u00e1bitos, cores e influ\u00eancias &#8211; e j\u00e1 rendeu \u00e0 companhia pr\u00eamios e turn\u00eas pelo Brasil e mundo afora.<\/p>\n<p>A maior e mais importante companhia profissional de dan\u00e7a folcl\u00f3rica do Brasil foi criada por Walson Botelho, mais conhecido por Vav\u00e1 e Ninho Reis. Hoje, envolve uma equipe de mais de 40 pessoas, entre bailarinos, m\u00fasicos, t\u00e9cnicos, produtores, administradores.<\/p>\n<div id=\"attachment_13242\" style=\"width: 1034px\" class=\"wp-caption aligncenter\"><img loading=\"lazy\" decoding=\"async\" aria-describedby=\"caption-attachment-13242\" class=\"wp-image-13242 size-large\" src=\"https:\/\/salvadordabahia.com\/capitalafro\/wp-content\/uploads\/2022\/08\/espetaculo-bale-folclorico-da-bahia-pelourinho-salvador-bahia-28.jpg\" alt=\"\" width=\"1024\" height=\"683\" \/><p id=\"caption-attachment-13242\" class=\"wp-caption-text\">Espet\u00e1culo Bal\u00e9 Folcl\u00f3rico da Bahia Pelourinho Salvador Bahia. Foto: Amanda Oliveira.<\/p><\/div>\n<p>Eles dedicam-se, em tempo integral, no aprofundamento de t\u00e9cnicas de dan\u00e7a, teatro e m\u00fasica, sob dire\u00e7\u00e3o art\u00edstica de Jos\u00e9 Carlos Santos, o Zebrinha. O Bal\u00e9 Folcl\u00f3rico nos presenteia com suas apresenta\u00e7\u00f5es todos os dias, exceto aos domingos, no Teatro Miguel Santana, no Pelourinho. Imperd\u00edvel.<\/p>\n<h3>Mais de 30 anos de performances<\/h3>\n<div id=\"attachment_13239\" style=\"width: 1034px\" class=\"wp-caption aligncenter\"><img loading=\"lazy\" decoding=\"async\" aria-describedby=\"caption-attachment-13239\" class=\"wp-image-13239 size-large\" src=\"https:\/\/salvadordabahia.com\/capitalafro\/wp-content\/uploads\/2022\/08\/espetaculo-bale-folclorico-da-bahia-pelourinho-salvador-bahia-25.jpg\" alt=\"\" width=\"1024\" height=\"683\" \/><p id=\"caption-attachment-13239\" class=\"wp-caption-text\">Espet\u00e1culo Bal\u00e9 Folcl\u00f3rico da Bahia Pelourinho Salvador Bahia. Foto: Amanda Oliveira.<\/p><\/div>\n<h3>Servi\u00e7o<\/h3>\n<p><strong>Bal\u00e9 Folcl\u00f3rico da Bahia<br \/>\n<\/strong>Companhia de dan\u00e7a tradicional e contempor\u00e2nea da Bahia, desde 1988<br \/>\nInstagram: <a href=\"https:\/\/www.instagram.com\/bfdabahia\/\" target=\"_blank\" rel=\"noopener\">@bfdabahia<\/a><br \/>\nEndere\u00e7o: Teatro Miguel Santana &#8211; Rua Greg\u00f3rio de Matos, 49, Pelourinho, Salvador.<br \/>\nEntrada: ingressos \u00e0 venda na bilheteria, diariamente, a partir da 15h.<br \/>\nTelefone: mais informa\u00e7\u00f5es e reservas &#8211; (73) 3322-1962<\/p>\n<p style=\"text-align: center;\">\n","protected":false},"featured_media":143,"template":"","territorios":[100],"pilares":[62],"acf":[],"yoast_head":"<!-- This site is optimized with the Yoast SEO plugin v21.5 - https:\/\/yoast.com\/wordpress\/plugins\/seo\/ -->\n<title>Bal\u00e9 Folcl\u00f3rico da Bahia - Salvador Capital Afro<\/title>\n<meta name=\"robots\" content=\"index, follow, max-snippet:-1, max-image-preview:large, max-video-preview:-1\" \/>\n<link rel=\"canonical\" href=\"https:\/\/www.salvadordabahia.com\/capitalafro\/experiencias\/bale-folclorico-da-bahia\/\" \/>\n<meta property=\"og:locale\" content=\"pt_BR\" \/>\n<meta property=\"og:type\" content=\"article\" \/>\n<meta property=\"og:title\" content=\"Bal\u00e9 Folcl\u00f3rico da Bahia - Salvador Capital Afro\" \/>\n<meta property=\"og:description\" content=\"Manifesta\u00e7\u00e3o art\u00edstica das tradi\u00e7\u00f5es da Bahia As apresenta\u00e7\u00f5es do Bal\u00e9 Folcl\u00f3rico da Bahia s\u00e3o espet\u00e1culos passionais e energ\u00e9ticos. Uma linguagem c\u00eanica que capta, em seu mais puro estado, as manifesta\u00e7\u00f5es folcl\u00f3ricas da Bahia, suas hist\u00f3rias, h\u00e1bitos, cores e influ\u00eancias &#8211; e j\u00e1 rendeu \u00e0 companhia pr\u00eamios e turn\u00eas pelo Brasil e mundo afora. A maior [&hellip;]\" \/>\n<meta property=\"og:url\" content=\"https:\/\/www.salvadordabahia.com\/capitalafro\/experiencias\/bale-folclorico-da-bahia\/\" \/>\n<meta property=\"og:site_name\" content=\"Salvador Capital Afro\" \/>\n<meta property=\"article:modified_time\" content=\"2022-09-27T00:30:48+00:00\" \/>\n<meta property=\"og:image\" content=\"https:\/\/www.salvadordabahia.com\/capitalafro\/wp-content\/uploads\/2022\/08\/espetaculo-bale-folclorico-da-bahia-pelourinho-salvador-bahia-14.jpg\" \/>\n\t<meta property=\"og:image:width\" content=\"1024\" \/>\n\t<meta property=\"og:image:height\" content=\"683\" \/>\n\t<meta property=\"og:image:type\" content=\"image\/jpeg\" \/>\n<meta name=\"twitter:card\" content=\"summary_large_image\" \/>\n<meta name=\"twitter:label1\" content=\"Est. tempo de leitura\" \/>\n\t<meta name=\"twitter:data1\" content=\"2 minutos\" \/>\n<script type=\"application\/ld+json\" class=\"yoast-schema-graph\">{\"@context\":\"https:\/\/schema.org\",\"@graph\":[{\"@type\":\"WebPage\",\"@id\":\"https:\/\/www.salvadordabahia.com\/capitalafro\/experiencias\/bale-folclorico-da-bahia\/\",\"url\":\"https:\/\/www.salvadordabahia.com\/capitalafro\/experiencias\/bale-folclorico-da-bahia\/\",\"name\":\"Bal\u00e9 Folcl\u00f3rico da Bahia - Salvador Capital Afro\",\"isPartOf\":{\"@id\":\"https:\/\/www.salvadordabahia.com\/capitalafro\/#website\"},\"datePublished\":\"2022-08-16T13:16:23+00:00\",\"dateModified\":\"2022-09-27T00:30:48+00:00\",\"breadcrumb\":{\"@id\":\"https:\/\/www.salvadordabahia.com\/capitalafro\/experiencias\/bale-folclorico-da-bahia\/#breadcrumb\"},\"inLanguage\":\"pt-BR\",\"potentialAction\":[{\"@type\":\"ReadAction\",\"target\":[\"https:\/\/www.salvadordabahia.com\/capitalafro\/experiencias\/bale-folclorico-da-bahia\/\"]}]},{\"@type\":\"BreadcrumbList\",\"@id\":\"https:\/\/www.salvadordabahia.com\/capitalafro\/experiencias\/bale-folclorico-da-bahia\/#breadcrumb\",\"itemListElement\":[{\"@type\":\"ListItem\",\"position\":1,\"name\":\"In\u00edcio\",\"item\":\"https:\/\/www.salvadordabahia.com\/capitalafro\/\"},{\"@type\":\"ListItem\",\"position\":2,\"name\":\"Experi\u00eancias\",\"item\":\"https:\/\/www.salvadordabahia.com\/capitalafro\/experiencias\/\"},{\"@type\":\"ListItem\",\"position\":3,\"name\":\"Bal\u00e9 Folcl\u00f3rico da Bahia\"}]},{\"@type\":\"WebSite\",\"@id\":\"https:\/\/www.salvadordabahia.com\/capitalafro\/#website\",\"url\":\"https:\/\/www.salvadordabahia.com\/capitalafro\/\",\"name\":\"Salvador Capital Afro\",\"description\":\"\",\"potentialAction\":[{\"@type\":\"SearchAction\",\"target\":{\"@type\":\"EntryPoint\",\"urlTemplate\":\"https:\/\/www.salvadordabahia.com\/capitalafro\/?s={search_term_string}\"},\"query-input\":\"required name=search_term_string\"}],\"inLanguage\":\"pt-BR\"}]}<\/script>\n<!-- \/ Yoast SEO plugin. -->","yoast_head_json":{"title":"Bal\u00e9 Folcl\u00f3rico da Bahia - Salvador Capital Afro","robots":{"index":"index","follow":"follow","max-snippet":"max-snippet:-1","max-image-preview":"max-image-preview:large","max-video-preview":"max-video-preview:-1"},"canonical":"https:\/\/www.salvadordabahia.com\/capitalafro\/experiencias\/bale-folclorico-da-bahia\/","og_locale":"pt_BR","og_type":"article","og_title":"Bal\u00e9 Folcl\u00f3rico da Bahia - Salvador Capital Afro","og_description":"Manifesta\u00e7\u00e3o art\u00edstica das tradi\u00e7\u00f5es da Bahia As apresenta\u00e7\u00f5es do Bal\u00e9 Folcl\u00f3rico da Bahia s\u00e3o espet\u00e1culos passionais e energ\u00e9ticos. Uma linguagem c\u00eanica que capta, em seu mais puro estado, as manifesta\u00e7\u00f5es folcl\u00f3ricas da Bahia, suas hist\u00f3rias, h\u00e1bitos, cores e influ\u00eancias &#8211; e j\u00e1 rendeu \u00e0 companhia pr\u00eamios e turn\u00eas pelo Brasil e mundo afora. A maior [&hellip;]","og_url":"https:\/\/www.salvadordabahia.com\/capitalafro\/experiencias\/bale-folclorico-da-bahia\/","og_site_name":"Salvador Capital Afro","article_modified_time":"2022-09-27T00:30:48+00:00","og_image":[{"width":1024,"height":683,"url":"https:\/\/www.salvadordabahia.com\/capitalafro\/wp-content\/uploads\/2022\/08\/espetaculo-bale-folclorico-da-bahia-pelourinho-salvador-bahia-14.jpg","type":"image\/jpeg"}],"twitter_card":"summary_large_image","twitter_misc":{"Est. tempo de leitura":"2 minutos"},"schema":{"@context":"https:\/\/schema.org","@graph":[{"@type":"WebPage","@id":"https:\/\/www.salvadordabahia.com\/capitalafro\/experiencias\/bale-folclorico-da-bahia\/","url":"https:\/\/www.salvadordabahia.com\/capitalafro\/experiencias\/bale-folclorico-da-bahia\/","name":"Bal\u00e9 Folcl\u00f3rico da Bahia - Salvador Capital Afro","isPartOf":{"@id":"https:\/\/www.salvadordabahia.com\/capitalafro\/#website"},"datePublished":"2022-08-16T13:16:23+00:00","dateModified":"2022-09-27T00:30:48+00:00","breadcrumb":{"@id":"https:\/\/www.salvadordabahia.com\/capitalafro\/experiencias\/bale-folclorico-da-bahia\/#breadcrumb"},"inLanguage":"pt-BR","potentialAction":[{"@type":"ReadAction","target":["https:\/\/www.salvadordabahia.com\/capitalafro\/experiencias\/bale-folclorico-da-bahia\/"]}]},{"@type":"BreadcrumbList","@id":"https:\/\/www.salvadordabahia.com\/capitalafro\/experiencias\/bale-folclorico-da-bahia\/#breadcrumb","itemListElement":[{"@type":"ListItem","position":1,"name":"In\u00edcio","item":"https:\/\/www.salvadordabahia.com\/capitalafro\/"},{"@type":"ListItem","position":2,"name":"Experi\u00eancias","item":"https:\/\/www.salvadordabahia.com\/capitalafro\/experiencias\/"},{"@type":"ListItem","position":3,"name":"Bal\u00e9 Folcl\u00f3rico da Bahia"}]},{"@type":"WebSite","@id":"https:\/\/www.salvadordabahia.com\/capitalafro\/#website","url":"https:\/\/www.salvadordabahia.com\/capitalafro\/","name":"Salvador Capital Afro","description":"","potentialAction":[{"@type":"SearchAction","target":{"@type":"EntryPoint","urlTemplate":"https:\/\/www.salvadordabahia.com\/capitalafro\/?s={search_term_string}"},"query-input":"required name=search_term_string"}],"inLanguage":"pt-BR"}]}},"lang":"pt","translations":{"pt":139},"pll_sync_post":[],"_links":{"self":[{"href":"https:\/\/www.salvadordabahia.com\/capitalafro\/wp-json\/wp\/v2\/experiencias\/139"}],"collection":[{"href":"https:\/\/www.salvadordabahia.com\/capitalafro\/wp-json\/wp\/v2\/experiencias"}],"about":[{"href":"https:\/\/www.salvadordabahia.com\/capitalafro\/wp-json\/wp\/v2\/types\/experiencias"}],"wp:featuredmedia":[{"embeddable":true,"href":"https:\/\/www.salvadordabahia.com\/capitalafro\/wp-json\/wp\/v2\/media\/143"}],"wp:attachment":[{"href":"https:\/\/www.salvadordabahia.com\/capitalafro\/wp-json\/wp\/v2\/media?parent=139"}],"wp:term":[{"taxonomy":"territorios","embeddable":true,"href":"https:\/\/www.salvadordabahia.com\/capitalafro\/wp-json\/wp\/v2\/territorios?post=139"},{"taxonomy":"pilares","embeddable":true,"href":"https:\/\/www.salvadordabahia.com\/capitalafro\/wp-json\/wp\/v2\/pilares?post=139"}],"curies":[{"name":"wp","href":"https:\/\/api.w.org\/{rel}","templated":true}]}}