{"id":1375,"date":"2023-08-22T10:29:56","date_gmt":"2023-08-22T13:29:56","guid":{"rendered":"https:\/\/www.salvadordabahia.com\/capitalafro\/?post_type=experiencias&#038;p=1375"},"modified":"2023-08-22T10:29:56","modified_gmt":"2023-08-22T13:29:56","slug":"afros-e-afoxes-a-revolucao-do-tambor","status":"publish","type":"experiencias","link":"https:\/\/www.salvadordabahia.com\/capitalafro\/experiencias\/afros-e-afoxes-a-revolucao-do-tambor\/","title":{"rendered":"Afros e Afox\u00e9s: A Revolu\u00e7\u00e3o do Tambor"},"content":{"rendered":"<p><strong>Salvador Capital Afro lan\u00e7a s\u00e9rie sobre blocos afros e afox\u00e9s em agosto<\/strong><br \/>\n<em>Dispon\u00edvel a partir do dia 25, na Trace Brasil e no Youtube, \u201cAfros e Afox\u00e9s: A revolu\u00e7\u00e3o do tambor\u201d conta a hist\u00f3ria do afox\u00e9 Filhos de Gandhy, do Cortejo Afro, Did\u00e1, Il\u00ea Aiy\u00ea, Mal\u00ea Debal\u00ea, Muzenza e Olodum.<\/em><\/p>\n<p>Com registros gravados antes e durante o Carnaval de 2023 e imagens de arquivo, o Salvador Capital Afro, programa da Prefeitura de Salvador, lan\u00e7ar\u00e1 no dia 25 de agosto a s\u00e9rie &#8220;Afros e Afox\u00e9s: A revolu\u00e7\u00e3o do tambor\u201d, que conta a hist\u00f3ria de resist\u00eancia e o legado do Il\u00ea Aiy\u00ea, Muzenza, Cortejo Afro, Did\u00e1, Mal\u00ea Debal\u00ea, Olodum e do afox\u00e9 Filhos de Gandhy. Veiculada em parceria com a Trace Brasil, a s\u00e9rie mostra, em sete epis\u00f3dios, a import\u00e2ncia dessas agremia\u00e7\u00f5es para a manuten\u00e7\u00e3o da cultura afro-brasileira. Com depoimentos de m\u00fasicos, representantes e associados, a s\u00e9rie estar\u00e1 dispon\u00edvel na TV no canal Trace Brasil e no <a href=\"https:\/\/www.youtube.com\/@salvadorcapitalafro9726\">YouTube do Salvador Capital Afro<\/a>.<\/p>\n<blockquote class=\"instagram-media\" style=\"background: #FFF; border: 0; border-radius: 3px; box-shadow: 0 0 1px 0 rgba(0,0,0,0.5),0 1px 10px 0 rgba(0,0,0,0.15); margin: 1px; max-width: 540px; min-width: 326px; padding: 0; width: calc(100% - 2px);\" data-instgrm-permalink=\"https:\/\/www.instagram.com\/reel\/CwOlEN8Lb7d\/?utm_source=ig_embed&amp;utm_campaign=loading\" data-instgrm-version=\"14\">\n<div style=\"padding: 16px;\">\n<p>&nbsp;<\/p>\n<div style=\"display: flex; flex-direction: row; align-items: center;\">\n<div style=\"background-color: #f4f4f4; border-radius: 50%; flex-grow: 0; height: 40px; margin-right: 14px; width: 40px;\"><\/div>\n<div style=\"display: flex; flex-direction: column; flex-grow: 1; justify-content: center;\">\n<div style=\"background-color: #f4f4f4; border-radius: 4px; flex-grow: 0; height: 14px; margin-bottom: 6px; width: 100px;\"><\/div>\n<div style=\"background-color: #f4f4f4; border-radius: 4px; flex-grow: 0; height: 14px; width: 60px;\"><\/div>\n<\/div>\n<\/div>\n<div style=\"padding: 19% 0;\"><\/div>\n<div style=\"display: block; height: 50px; margin: 0 auto 12px; width: 50px;\"><\/div>\n<div style=\"padding-top: 8px;\">\n<div style=\"color: #3897f0; font-family: Arial,sans-serif; font-size: 14px; font-style: normal; font-weight: 550; line-height: 18px;\">View this post on Instagram<\/div>\n<\/div>\n<div style=\"padding: 12.5% 0;\"><\/div>\n<div style=\"display: flex; flex-direction: row; margin-bottom: 14px; align-items: center;\">\n<div>\n<div style=\"background-color: #f4f4f4; border-radius: 50%; height: 12.5px; width: 12.5px; transform: translateX(0px) translateY(7px);\"><\/div>\n<div style=\"background-color: #f4f4f4; height: 12.5px; transform: rotate(-45deg) translateX(3px) translateY(1px); width: 12.5px; flex-grow: 0; margin-right: 14px; margin-left: 2px;\"><\/div>\n<div style=\"background-color: #f4f4f4; border-radius: 50%; height: 12.5px; width: 12.5px; transform: translateX(9px) translateY(-18px);\"><\/div>\n<\/div>\n<div style=\"margin-left: 8px;\">\n<div style=\"background-color: #f4f4f4; border-radius: 50%; flex-grow: 0; height: 20px; width: 20px;\"><\/div>\n<div style=\"width: 0; height: 0; border-top: 2px solid transparent; border-left: 6px solid #f4f4f4; border-bottom: 2px solid transparent; transform: translateX(16px) translateY(-4px) rotate(30deg);\"><\/div>\n<\/div>\n<div style=\"margin-left: auto;\">\n<div style=\"width: 0px; border-top: 8px solid #F4F4F4; border-right: 8px solid transparent; transform: translateY(16px);\"><\/div>\n<div style=\"background-color: #f4f4f4; flex-grow: 0; height: 12px; width: 16px; transform: translateY(-4px);\"><\/div>\n<div style=\"width: 0; height: 0; border-top: 8px solid #F4F4F4; border-left: 8px solid transparent; transform: translateY(-4px) translateX(8px);\"><\/div>\n<\/div>\n<\/div>\n<div style=\"display: flex; flex-direction: column; flex-grow: 1; justify-content: center; margin-bottom: 24px;\">\n<div style=\"background-color: #f4f4f4; border-radius: 4px; flex-grow: 0; height: 14px; margin-bottom: 6px; width: 224px;\"><\/div>\n<div style=\"background-color: #f4f4f4; border-radius: 4px; flex-grow: 0; height: 14px; width: 144px;\"><\/div>\n<\/div>\n<p>&nbsp;<\/p>\n<p style=\"color: #c9c8cd; font-family: Arial,sans-serif; font-size: 14px; line-height: 17px; margin-bottom: 0; margin-top: 8px; overflow: hidden; padding: 8px 0 7px; text-align: center; text-overflow: ellipsis; white-space: nowrap;\"><a style=\"color: #c9c8cd; font-family: Arial,sans-serif; font-size: 14px; font-style: normal; font-weight: normal; line-height: 17px; text-decoration: none;\" href=\"https:\/\/www.instagram.com\/reel\/CwOlEN8Lb7d\/?utm_source=ig_embed&amp;utm_campaign=loading\" target=\"_blank\" rel=\"noopener\">A post shared by Salvador Capital Afro (@salvadorcapitalafro)<\/a><\/p>\n<\/div>\n<\/blockquote>\n<p><script async src=\"\/\/www.instagram.com\/embed.js\"><\/script><\/p>\n<p>Os epis\u00f3dios retratam a hist\u00f3ria, os bastidores e a contribui\u00e7\u00e3o de cada entidade para a resist\u00eancia da heran\u00e7a ancestral no Carnaval. No do Cortejo Afro, o artista pl\u00e1stico e fundador Alberto Pitta e a vice-presidente Andrea Nascimento falam sobre suas rela\u00e7\u00f5es com o bloco e o seu di\u00e1logo com as artes visuais. J\u00e1 a Deusa do \u00c9bano (2020-2022) Gleiciele Oliveira, o produtor art\u00edstico Sandro Teles e o regente da Band\u2019Ayi\u00ea M\u00e1rio Pam tratam sobre o empoderamento proposto pelo Il\u00ea Aiy\u00ea. No epis\u00f3dio do maior bal\u00e9 afro de rua do mundo, o Mal\u00ea Debal\u00ea, o fundador Miguel Arcanjo, o mestre de dan\u00e7a Agnaldo Fonseca e a foli\u00e3 Marcela Santos falam sobre o papel da agremia\u00e7\u00e3o na comunidade.<\/p>\n<p>No epis\u00f3dio sobre a Did\u00e1, a maestrina Adriana Portela e a percussionista Lucila Laura contam a experi\u00eancia de participar do primeiro bloco de percuss\u00e3o feminina do Carnaval de Salvador. O ritmo e a hist\u00f3ria do Muzenza ficam a cargo do mestre de bateria M\u00e1rio Rodrigues, da produtora Luciane Neves e dos associados Ramon Duarte e Dal Rasta. O cantor Mazinho do Gandhy, o diretor Xiko Lima e o babalorix\u00e1 Pai Toinho trazem a religiosidade presente no afox\u00e9 Filhos de Gandhy. J\u00e1 o epis\u00f3dio sobre o Olodum, grande s\u00edmbolo pop reconhecido internacionalmente, \u00e9 protagonizado pelo presidente Marcelo Gentil e pelo foli\u00e3o Adailton do Nascimento.<\/p>\n<p>A s\u00e9rie faz parte das a\u00e7\u00f5es do Salvador Capital Afro para posicionar a capital baiana como refer\u00eancia no afroturismo nacional e do mundo. Para Maylla Pita, diretora de cultura da Secretaria Municipal de Cultura e Turismo (SECULT), \u201cAfros e afox\u00e9s: A revolu\u00e7\u00e3o do tambor\u201d \u00e9 uma importante ferramenta de divulga\u00e7\u00e3o da identidade cultural ancestral promovida pelas agremia\u00e7\u00f5es. \u201cA s\u00e9rie nos conecta com aspectos dos blocos em seus respectivos lugares de atua\u00e7\u00e3o, para al\u00e9m do carnaval, e nos apresenta a for\u00e7a do tambor no ch\u00e3o da cidade, em suas dimens\u00f5es sociais, educativas e est\u00e9ticas. A pot\u00eancia dos blocos negros na avenida \u00e9 estruturada por um trabalho igualmente potente, mas anterior \u00e0 festa, que tem o carnaval como lugar leg\u00edtimo de afirma\u00e7\u00e3o e expans\u00e3o dos seus diversos discursos de resist\u00eancia, mas que n\u00e3o se encerram neste lugar\u201d, afirmou.<\/p>\n<p>O CEO da Trace Brasil, Bruno Batista, ressalta que a s\u00e9rie \u00e9 um marco importante no compromisso do canal de apresentar ao Brasil e ao mundo as ra\u00edzes do Carnaval Afro de Salvador. \u201cPara n\u00f3s, \u00e9 uma honra e um privil\u00e9gio fazer parte desse lan\u00e7amento hist\u00f3rico em parceria com o programa Salvador Capital Afro. A for\u00e7a de entidades como o Il\u00ea Aiy\u00ea, Muzenza, Cortejo Afro, Did\u00e1, Mal\u00ea Debal\u00ea, Olodum e o afox\u00e9 Filhos de Gandhy, \u00e9, sem d\u00favida, um dos motores da cultura afro-brasileira e, atrav\u00e9s desta s\u00e9rie, poderemos compartilhar suas hist\u00f3rias de resist\u00eancia, seus ritmos e legados com o p\u00fablico\u201d, afirmou.<\/p>\n<p>O Salvador Capital Afro \u00e9 uma iniciativa da Prefeitura Municipal de Salvador, atrav\u00e9s da Secretaria de Cultura e Turismo, no \u00e2mbito do Programa Nacional de Desenvolvimento e Estrutura\u00e7\u00e3o do Turismo (PRODETUR) em Salvador, em parceria com a Secretaria da Repara\u00e7\u00e3o. O projeto tem financiamento do BID &#8211; Banco Interamericano de Desenvolvimento e \u00e9 mais uma a\u00e7\u00e3o implementada do Plano de Desenvolvimento do Turismo Afro em Salvador.<\/p>\n<p><strong>Afros e Afox\u00e9s: A Revolu\u00e7\u00e3o do Tambor<\/strong><br \/>\nOnde assistir: Trace Brasil e <a href=\"https:\/\/www.youtube.com\/@salvadorcapitalafro9726\">Youtube<\/a><br \/>\nQuando: 25\/08, 19h &#8211; Cortejo Afro, Il\u00ea Aiy\u00ea e Did\u00e1; 1\u00b0\/09, 19h &#8211; Muzenza e Filhos de Gandhy; 08\/09, 19h &#8211; Olodum e Mal\u00ea Debal\u00ea<\/p>\n","protected":false},"featured_media":1376,"template":"","territorios":[98],"pilares":[],"acf":[],"yoast_head":"<!-- This site is optimized with the Yoast SEO plugin v21.5 - https:\/\/yoast.com\/wordpress\/plugins\/seo\/ -->\n<title>Afros e Afox\u00e9s: A Revolu\u00e7\u00e3o do Tambor - Salvador Capital Afro<\/title>\n<meta name=\"robots\" content=\"index, follow, max-snippet:-1, max-image-preview:large, max-video-preview:-1\" \/>\n<link rel=\"canonical\" href=\"https:\/\/www.salvadordabahia.com\/capitalafro\/experiencias\/afros-e-afoxes-a-revolucao-do-tambor\/\" \/>\n<meta property=\"og:locale\" content=\"pt_BR\" \/>\n<meta property=\"og:type\" content=\"article\" \/>\n<meta property=\"og:title\" content=\"Afros e Afox\u00e9s: A Revolu\u00e7\u00e3o do Tambor - Salvador Capital Afro\" \/>\n<meta property=\"og:description\" content=\"Salvador Capital Afro lan\u00e7a s\u00e9rie sobre blocos afros e afox\u00e9s em agosto Dispon\u00edvel a partir do dia 25, na Trace Brasil e no Youtube, \u201cAfros e Afox\u00e9s: A revolu\u00e7\u00e3o do tambor\u201d conta a hist\u00f3ria do afox\u00e9 Filhos de Gandhy, do Cortejo Afro, Did\u00e1, Il\u00ea Aiy\u00ea, Mal\u00ea Debal\u00ea, Muzenza e Olodum. Com registros gravados antes e [&hellip;]\" \/>\n<meta property=\"og:url\" content=\"https:\/\/www.salvadordabahia.com\/capitalafro\/experiencias\/afros-e-afoxes-a-revolucao-do-tambor\/\" \/>\n<meta property=\"og:site_name\" content=\"Salvador Capital Afro\" \/>\n<meta property=\"og:image\" content=\"https:\/\/www.salvadordabahia.com\/capitalafro\/wp-content\/uploads\/2023\/08\/Filhos-de-Gandhy-Carnaval-2023-Pelourinho-Fotos-Matheus-Leite-34-scaled.jpg\" \/>\n\t<meta property=\"og:image:width\" content=\"2560\" \/>\n\t<meta property=\"og:image:height\" content=\"1707\" \/>\n\t<meta property=\"og:image:type\" content=\"image\/jpeg\" \/>\n<meta name=\"twitter:card\" content=\"summary_large_image\" \/>\n<meta name=\"twitter:label1\" content=\"Est. tempo de leitura\" \/>\n\t<meta name=\"twitter:data1\" content=\"5 minutos\" \/>\n<script type=\"application\/ld+json\" class=\"yoast-schema-graph\">{\"@context\":\"https:\/\/schema.org\",\"@graph\":[{\"@type\":\"WebPage\",\"@id\":\"https:\/\/www.salvadordabahia.com\/capitalafro\/experiencias\/afros-e-afoxes-a-revolucao-do-tambor\/\",\"url\":\"https:\/\/www.salvadordabahia.com\/capitalafro\/experiencias\/afros-e-afoxes-a-revolucao-do-tambor\/\",\"name\":\"Afros e Afox\u00e9s: A Revolu\u00e7\u00e3o do Tambor - Salvador Capital Afro\",\"isPartOf\":{\"@id\":\"https:\/\/www.salvadordabahia.com\/capitalafro\/#website\"},\"datePublished\":\"2023-08-22T13:29:56+00:00\",\"dateModified\":\"2023-08-22T13:29:56+00:00\",\"breadcrumb\":{\"@id\":\"https:\/\/www.salvadordabahia.com\/capitalafro\/experiencias\/afros-e-afoxes-a-revolucao-do-tambor\/#breadcrumb\"},\"inLanguage\":\"pt-BR\",\"potentialAction\":[{\"@type\":\"ReadAction\",\"target\":[\"https:\/\/www.salvadordabahia.com\/capitalafro\/experiencias\/afros-e-afoxes-a-revolucao-do-tambor\/\"]}]},{\"@type\":\"BreadcrumbList\",\"@id\":\"https:\/\/www.salvadordabahia.com\/capitalafro\/experiencias\/afros-e-afoxes-a-revolucao-do-tambor\/#breadcrumb\",\"itemListElement\":[{\"@type\":\"ListItem\",\"position\":1,\"name\":\"In\u00edcio\",\"item\":\"https:\/\/www.salvadordabahia.com\/capitalafro\/\"},{\"@type\":\"ListItem\",\"position\":2,\"name\":\"Experi\u00eancias\",\"item\":\"https:\/\/www.salvadordabahia.com\/capitalafro\/experiencias\/\"},{\"@type\":\"ListItem\",\"position\":3,\"name\":\"Afros e Afox\u00e9s: A Revolu\u00e7\u00e3o do Tambor\"}]},{\"@type\":\"WebSite\",\"@id\":\"https:\/\/www.salvadordabahia.com\/capitalafro\/#website\",\"url\":\"https:\/\/www.salvadordabahia.com\/capitalafro\/\",\"name\":\"Salvador Capital Afro\",\"description\":\"\",\"potentialAction\":[{\"@type\":\"SearchAction\",\"target\":{\"@type\":\"EntryPoint\",\"urlTemplate\":\"https:\/\/www.salvadordabahia.com\/capitalafro\/?s={search_term_string}\"},\"query-input\":\"required name=search_term_string\"}],\"inLanguage\":\"pt-BR\"}]}<\/script>\n<!-- \/ Yoast SEO plugin. -->","yoast_head_json":{"title":"Afros e Afox\u00e9s: A Revolu\u00e7\u00e3o do Tambor - Salvador Capital Afro","robots":{"index":"index","follow":"follow","max-snippet":"max-snippet:-1","max-image-preview":"max-image-preview:large","max-video-preview":"max-video-preview:-1"},"canonical":"https:\/\/www.salvadordabahia.com\/capitalafro\/experiencias\/afros-e-afoxes-a-revolucao-do-tambor\/","og_locale":"pt_BR","og_type":"article","og_title":"Afros e Afox\u00e9s: A Revolu\u00e7\u00e3o do Tambor - Salvador Capital Afro","og_description":"Salvador Capital Afro lan\u00e7a s\u00e9rie sobre blocos afros e afox\u00e9s em agosto Dispon\u00edvel a partir do dia 25, na Trace Brasil e no Youtube, \u201cAfros e Afox\u00e9s: A revolu\u00e7\u00e3o do tambor\u201d conta a hist\u00f3ria do afox\u00e9 Filhos de Gandhy, do Cortejo Afro, Did\u00e1, Il\u00ea Aiy\u00ea, Mal\u00ea Debal\u00ea, Muzenza e Olodum. Com registros gravados antes e [&hellip;]","og_url":"https:\/\/www.salvadordabahia.com\/capitalafro\/experiencias\/afros-e-afoxes-a-revolucao-do-tambor\/","og_site_name":"Salvador Capital Afro","og_image":[{"width":2560,"height":1707,"url":"https:\/\/www.salvadordabahia.com\/capitalafro\/wp-content\/uploads\/2023\/08\/Filhos-de-Gandhy-Carnaval-2023-Pelourinho-Fotos-Matheus-Leite-34-scaled.jpg","type":"image\/jpeg"}],"twitter_card":"summary_large_image","twitter_misc":{"Est. tempo de leitura":"5 minutos"},"schema":{"@context":"https:\/\/schema.org","@graph":[{"@type":"WebPage","@id":"https:\/\/www.salvadordabahia.com\/capitalafro\/experiencias\/afros-e-afoxes-a-revolucao-do-tambor\/","url":"https:\/\/www.salvadordabahia.com\/capitalafro\/experiencias\/afros-e-afoxes-a-revolucao-do-tambor\/","name":"Afros e Afox\u00e9s: A Revolu\u00e7\u00e3o do Tambor - Salvador Capital Afro","isPartOf":{"@id":"https:\/\/www.salvadordabahia.com\/capitalafro\/#website"},"datePublished":"2023-08-22T13:29:56+00:00","dateModified":"2023-08-22T13:29:56+00:00","breadcrumb":{"@id":"https:\/\/www.salvadordabahia.com\/capitalafro\/experiencias\/afros-e-afoxes-a-revolucao-do-tambor\/#breadcrumb"},"inLanguage":"pt-BR","potentialAction":[{"@type":"ReadAction","target":["https:\/\/www.salvadordabahia.com\/capitalafro\/experiencias\/afros-e-afoxes-a-revolucao-do-tambor\/"]}]},{"@type":"BreadcrumbList","@id":"https:\/\/www.salvadordabahia.com\/capitalafro\/experiencias\/afros-e-afoxes-a-revolucao-do-tambor\/#breadcrumb","itemListElement":[{"@type":"ListItem","position":1,"name":"In\u00edcio","item":"https:\/\/www.salvadordabahia.com\/capitalafro\/"},{"@type":"ListItem","position":2,"name":"Experi\u00eancias","item":"https:\/\/www.salvadordabahia.com\/capitalafro\/experiencias\/"},{"@type":"ListItem","position":3,"name":"Afros e Afox\u00e9s: A Revolu\u00e7\u00e3o do Tambor"}]},{"@type":"WebSite","@id":"https:\/\/www.salvadordabahia.com\/capitalafro\/#website","url":"https:\/\/www.salvadordabahia.com\/capitalafro\/","name":"Salvador Capital Afro","description":"","potentialAction":[{"@type":"SearchAction","target":{"@type":"EntryPoint","urlTemplate":"https:\/\/www.salvadordabahia.com\/capitalafro\/?s={search_term_string}"},"query-input":"required name=search_term_string"}],"inLanguage":"pt-BR"}]}},"lang":"pt","translations":{"pt":1375},"pll_sync_post":[],"_links":{"self":[{"href":"https:\/\/www.salvadordabahia.com\/capitalafro\/wp-json\/wp\/v2\/experiencias\/1375"}],"collection":[{"href":"https:\/\/www.salvadordabahia.com\/capitalafro\/wp-json\/wp\/v2\/experiencias"}],"about":[{"href":"https:\/\/www.salvadordabahia.com\/capitalafro\/wp-json\/wp\/v2\/types\/experiencias"}],"wp:featuredmedia":[{"embeddable":true,"href":"https:\/\/www.salvadordabahia.com\/capitalafro\/wp-json\/wp\/v2\/media\/1376"}],"wp:attachment":[{"href":"https:\/\/www.salvadordabahia.com\/capitalafro\/wp-json\/wp\/v2\/media?parent=1375"}],"wp:term":[{"taxonomy":"territorios","embeddable":true,"href":"https:\/\/www.salvadordabahia.com\/capitalafro\/wp-json\/wp\/v2\/territorios?post=1375"},{"taxonomy":"pilares","embeddable":true,"href":"https:\/\/www.salvadordabahia.com\/capitalafro\/wp-json\/wp\/v2\/pilares?post=1375"}],"curies":[{"name":"wp","href":"https:\/\/api.w.org\/{rel}","templated":true}]}}