{"id":1339,"date":"2023-06-13T15:32:40","date_gmt":"2023-06-13T18:32:40","guid":{"rendered":"https:\/\/www.salvadordabahia.com\/capitalafro\/?post_type=experiencias&#038;p=1339"},"modified":"2023-06-13T15:32:40","modified_gmt":"2023-06-13T18:32:40","slug":"conheca-aspectos-culturais-em-cinco-passeios-imperdiveis","status":"publish","type":"experiencias","link":"https:\/\/www.salvadordabahia.com\/capitalafro\/experiencias\/conheca-aspectos-culturais-em-cinco-passeios-imperdiveis\/","title":{"rendered":"Conhe\u00e7a aspectos culturais em cinco passeios imperd\u00edveis"},"content":{"rendered":"<h3><strong>Aproveite o Dia do Turista e v\u00e1 passear por lugares que contemplam interesses diversos<\/strong><\/h3>\n<p><span style=\"font-weight: 400;\">Quem faz a melhor divulga\u00e7\u00e3o da capital baiana como destino tur\u00edstico tem dia especial e merece homenagens. O Dia Nacional do Turista \u00e9 comemorado em 13 de junho, e o Salvador Capital Afro escolheu cinco op\u00e7\u00f5es dentro da diversidade de roteiros e locais que chamam a aten\u00e7\u00e3o de quem visita a cidade ao longo do ano. Os atrativos encantam todos os perfis de visitante, e aqui o objetivo \u00e9 indicar passeios em que \u00e9 poss\u00edvel agradar e contemplar, no mesmo local, v\u00e1rios interesses do p\u00fablico que escolhe a capital soteropolitana.<\/span><\/p>\n<p><span style=\"font-weight: 400;\">O Pelourinho, por sua import\u00e2ncia e representatividade, tinha que ser a primeira indica\u00e7\u00e3o. A regi\u00e3o \u00e9, por vezes, o primeiro local visitado e o cen\u00e1rio da foto mais esperada. Seus casar\u00f5es coloridos guardam a mem\u00f3ria de uma cidade m\u00e1gica e abrigam espa\u00e7os que fazem parte da hist\u00f3ria do Brasil, al\u00e9m dos equipamentos de arte, como o <a href=\"https:\/\/www.instagram.com\/muncab.oficial\/\">Museu Nacional da Cultura Afro-Brasileira (Muncab)<\/a><\/span><span style=\"font-weight: 400;\">; de gastronomia, como o <a href=\"https:\/\/www.instagram.com\/senacbahia\/\">Restaurante Senac Pelourinho<\/a><\/span><span style=\"font-weight: 400;\">; de religiosidade, como a <a href=\"https:\/\/www.instagram.com\/irmandadedoshomenspretos\/\">Igreja de Nossa Senhora do Ros\u00e1rio dos Pretos<\/a><\/span><span style=\"font-weight: 400;\">; sem contar as op\u00e7\u00f5es de lazer, compras, m\u00fasica e outras express\u00f5es art\u00edsticas. <a href=\"https:\/\/www.salvadordabahia.com\/capitalafro\/experiencias\/passeio-pelo-centro-historico-une-cultura-lazer-e-compras\/\">Saiba mais neste link.<\/a><\/span><\/p>\n<p><b>A feira mais emblem\u00e1tica de Salvador<\/b><\/p>\n<p><span style=\"font-weight: 400;\">A maior feira de rua da Am\u00e9rica Latina, a Feira de S\u00e3o Joaquim, n\u00e3o pode ficar fora do roteiro de quem, al\u00e9m de divers\u00e3o e boa comida, est\u00e1 em busca de imers\u00e3o no modo de vida do soteropolitano e cotidiano da popula\u00e7\u00e3o. A feira comercializa produtos de subsist\u00eancia e tamb\u00e9m \u00e9 o espa\u00e7o onde se acham itens utilizados nas religi\u00f5es de matriz africana. L\u00e1 \u00e9 poss\u00edvel presenciar a forma como o baiano vive, e, al\u00e9m disso tudo, \u00e9 o lugar onde se come bem, onde <a href=\"https:\/\/www.salvadordabahia.com\/capitalafro\/experiencias\/pelas-rodas-de-samba-de-salvador\/\">conceituadas rodas de samba realizam ensaios <\/a><\/span><span style=\"font-weight: 400;\"> (Samba da Feira, no p\u00eder, Samba dos Primos, no Galp\u00e3o do Quiabo) e onde se acha quase tudo. <a href=\"https:\/\/www.salvadordabahia.com\/capitalafro\/experiencias\/feira-de-sao-joaquim\/\">Saiba mais neste link.<\/a><\/span><\/p>\n<p><b>Gastronomia local, cultura e um lindo p\u00f4r do sol<\/b><\/p>\n<p>&nbsp;<\/p>\n<blockquote class=\"instagram-media\" style=\"background: #FFF; border: 0; border-radius: 3px; box-shadow: 0 0 1px 0 rgba(0,0,0,0.5),0 1px 10px 0 rgba(0,0,0,0.15); margin: 1px; max-width: 540px; min-width: 326px; padding: 0; width: calc(100% - 2px);\" data-instgrm-permalink=\"https:\/\/www.instagram.com\/p\/CcyFPuwJ7Yq\/?utm_source=ig_embed&amp;utm_campaign=loading\" data-instgrm-version=\"14\">\n<div style=\"padding: 16px;\">\n<p>&nbsp;<\/p>\n<div style=\"display: flex; flex-direction: row; align-items: center;\">\n<div style=\"background-color: #f4f4f4; border-radius: 50%; flex-grow: 0; height: 40px; margin-right: 14px; width: 40px;\"><\/div>\n<div style=\"display: flex; flex-direction: column; flex-grow: 1; justify-content: center;\">\n<div style=\"background-color: #f4f4f4; border-radius: 4px; flex-grow: 0; height: 14px; margin-bottom: 6px; width: 100px;\"><\/div>\n<div style=\"background-color: #f4f4f4; border-radius: 4px; flex-grow: 0; height: 14px; width: 60px;\"><\/div>\n<\/div>\n<\/div>\n<div style=\"padding: 19% 0;\"><\/div>\n<div style=\"display: block; height: 50px; margin: 0 auto 12px; width: 50px;\"><\/div>\n<div style=\"padding-top: 8px;\">\n<div style=\"color: #3897f0; font-family: Arial,sans-serif; font-size: 14px; font-style: normal; font-weight: 550; line-height: 18px;\">View this post on Instagram<\/div>\n<\/div>\n<div style=\"padding: 12.5% 0;\"><\/div>\n<div style=\"display: flex; flex-direction: row; margin-bottom: 14px; align-items: center;\">\n<div>\n<div style=\"background-color: #f4f4f4; border-radius: 50%; height: 12.5px; width: 12.5px; transform: translateX(0px) translateY(7px);\"><\/div>\n<div style=\"background-color: #f4f4f4; height: 12.5px; transform: rotate(-45deg) translateX(3px) translateY(1px); width: 12.5px; flex-grow: 0; margin-right: 14px; margin-left: 2px;\"><\/div>\n<div style=\"background-color: #f4f4f4; border-radius: 50%; height: 12.5px; width: 12.5px; transform: translateX(9px) translateY(-18px);\"><\/div>\n<\/div>\n<div style=\"margin-left: 8px;\">\n<div style=\"background-color: #f4f4f4; border-radius: 50%; flex-grow: 0; height: 20px; width: 20px;\"><\/div>\n<div style=\"width: 0; height: 0; border-top: 2px solid transparent; border-left: 6px solid #f4f4f4; border-bottom: 2px solid transparent; transform: translateX(16px) translateY(-4px) rotate(30deg);\"><\/div>\n<\/div>\n<div style=\"margin-left: auto;\">\n<div style=\"width: 0px; border-top: 8px solid #F4F4F4; border-right: 8px solid transparent; transform: translateY(16px);\"><\/div>\n<div style=\"background-color: #f4f4f4; flex-grow: 0; height: 12px; width: 16px; transform: translateY(-4px);\"><\/div>\n<div style=\"width: 0; height: 0; border-top: 8px solid #F4F4F4; border-left: 8px solid transparent; transform: translateY(-4px) translateX(8px);\"><\/div>\n<\/div>\n<\/div>\n<div style=\"display: flex; flex-direction: column; flex-grow: 1; justify-content: center; margin-bottom: 24px;\">\n<div style=\"background-color: #f4f4f4; border-radius: 4px; flex-grow: 0; height: 14px; margin-bottom: 6px; width: 224px;\"><\/div>\n<div style=\"background-color: #f4f4f4; border-radius: 4px; flex-grow: 0; height: 14px; width: 144px;\"><\/div>\n<\/div>\n<p>&nbsp;<\/p>\n<p style=\"color: #c9c8cd; font-family: Arial,sans-serif; font-size: 14px; line-height: 17px; margin-bottom: 0; margin-top: 8px; overflow: hidden; padding: 8px 0 7px; text-align: center; text-overflow: ellipsis; white-space: nowrap;\"><a style=\"color: #c9c8cd; font-family: Arial,sans-serif; font-size: 14px; font-style: normal; font-weight: normal; line-height: 17px; text-decoration: none;\" href=\"https:\/\/www.instagram.com\/p\/CcyFPuwJ7Yq\/?utm_source=ig_embed&amp;utm_campaign=loading\" target=\"_blank\" rel=\"noopener\">A post shared by Pier 7 (@pier7bar)<\/a><\/p>\n<\/div>\n<\/blockquote>\n<p><script async src=\"\/\/www.instagram.com\/embed.js\"><\/script><\/p>\n<p><span style=\"font-weight: 400;\">Na mesma regi\u00e3o, <\/span><span style=\"font-weight: 400;\">bem pertinho<\/span><span style=\"font-weight: 400;\"> (4,4km)<\/span> <span style=\"font-weight: 400;\">da Feira de S\u00e3o Joaquim, fica a Gamboa (de Baixo e de Cima), que \u00e9 o lugar perfeito para quem n\u00e3o abre m\u00e3o da comida t\u00edpica baiana e do mar com \u00e1gua calma da Ba\u00eda de Todos-os-Santos. Os locais mais procurados s\u00e3o a praia das Pedrinhas, onde a vis\u00e3o do p\u00f4r do sol \u00e9 disputada, a da Gamboa e a do Museu de Arte Moderna (MAM). As refer\u00eancias gastron\u00f4micas s\u00e3o o <a href=\"https:\/\/www.instagram.com\/donasuzanarerestaurante\/\">@donasuzanarerestaurante<\/a>, o <a href=\"https:\/\/www.instagram.com\/bardamonica\/\">@bardamonica<\/a> e o <a href=\"https:\/\/www.instagram.com\/pier7bar\/\">@pier7bar<\/a>. A op\u00e7\u00e3o cultural fica por conta do\u00a0 <a href=\"https:\/\/www.instagram.com\/bahiamam\/\">Museu de Arte Moderna da Bahia &#8211; MAM<\/a><\/span><span style=\"font-weight: 400;\">, na mesma regi\u00e3o, no Solar do Unh\u00e3o, com o Caf\u00e9 Saladearte e Exposi\u00e7\u00f5es. <a href=\"https:\/\/www.salvadordabahia.com\/capitalafro\/experiencias\/praias-calmas-e-comida-boa-sao-atrativos-da-gamboa\/\">Saiba mais neste link.<\/a><\/span><\/p>\n<p><b>Conhe\u00e7a de perto a Casa do Candombl\u00e9 do Gantois<\/b><\/p>\n<p>&nbsp;<\/p>\n<blockquote class=\"instagram-media\" style=\"background: #FFF; border: 0; border-radius: 3px; box-shadow: 0 0 1px 0 rgba(0,0,0,0.5),0 1px 10px 0 rgba(0,0,0,0.15); margin: 1px; max-width: 540px; min-width: 326px; padding: 0; width: calc(100% - 2px);\" data-instgrm-permalink=\"https:\/\/www.instagram.com\/p\/CPiV_Qln_yP\/?utm_source=ig_embed&amp;utm_campaign=loading\" data-instgrm-version=\"14\">\n<div style=\"padding: 16px;\">\n<p>&nbsp;<\/p>\n<div style=\"display: flex; flex-direction: row; align-items: center;\">\n<div style=\"background-color: #f4f4f4; border-radius: 50%; flex-grow: 0; height: 40px; margin-right: 14px; width: 40px;\"><\/div>\n<div style=\"display: flex; flex-direction: column; flex-grow: 1; justify-content: center;\">\n<div style=\"background-color: #f4f4f4; border-radius: 4px; flex-grow: 0; height: 14px; margin-bottom: 6px; width: 100px;\"><\/div>\n<div style=\"background-color: #f4f4f4; border-radius: 4px; flex-grow: 0; height: 14px; width: 60px;\"><\/div>\n<\/div>\n<\/div>\n<div style=\"padding: 19% 0;\"><\/div>\n<div style=\"display: block; height: 50px; margin: 0 auto 12px; width: 50px;\"><\/div>\n<div style=\"padding-top: 8px;\">\n<div style=\"color: #3897f0; font-family: Arial,sans-serif; font-size: 14px; font-style: normal; font-weight: 550; line-height: 18px;\">View this post on Instagram<\/div>\n<\/div>\n<div style=\"padding: 12.5% 0;\"><\/div>\n<div style=\"display: flex; flex-direction: row; margin-bottom: 14px; align-items: center;\">\n<div>\n<div style=\"background-color: #f4f4f4; border-radius: 50%; height: 12.5px; width: 12.5px; transform: translateX(0px) translateY(7px);\"><\/div>\n<div style=\"background-color: #f4f4f4; height: 12.5px; transform: rotate(-45deg) translateX(3px) translateY(1px); width: 12.5px; flex-grow: 0; margin-right: 14px; margin-left: 2px;\"><\/div>\n<div style=\"background-color: #f4f4f4; border-radius: 50%; height: 12.5px; width: 12.5px; transform: translateX(9px) translateY(-18px);\"><\/div>\n<\/div>\n<div style=\"margin-left: 8px;\">\n<div style=\"background-color: #f4f4f4; border-radius: 50%; flex-grow: 0; height: 20px; width: 20px;\"><\/div>\n<div style=\"width: 0; height: 0; border-top: 2px solid transparent; border-left: 6px solid #f4f4f4; border-bottom: 2px solid transparent; transform: translateX(16px) translateY(-4px) rotate(30deg);\"><\/div>\n<\/div>\n<div style=\"margin-left: auto;\">\n<div style=\"width: 0px; border-top: 8px solid #F4F4F4; border-right: 8px solid transparent; transform: translateY(16px);\"><\/div>\n<div style=\"background-color: #f4f4f4; flex-grow: 0; height: 12px; width: 16px; transform: translateY(-4px); text-align: center;\"><\/div>\n<div style=\"width: 0; height: 0; border-top: 8px solid #F4F4F4; border-left: 8px solid transparent; transform: translateY(-4px) translateX(8px);\"><\/div>\n<\/div>\n<\/div>\n<div style=\"display: flex; flex-direction: column; flex-grow: 1; justify-content: center; margin-bottom: 24px;\">\n<div style=\"background-color: #f4f4f4; border-radius: 4px; flex-grow: 0; height: 14px; margin-bottom: 6px; width: 224px;\"><\/div>\n<div style=\"background-color: #f4f4f4; border-radius: 4px; flex-grow: 0; height: 14px; width: 144px;\"><\/div>\n<\/div>\n<p>&nbsp;<\/p>\n<p style=\"color: #c9c8cd; font-family: Arial,sans-serif; font-size: 14px; line-height: 17px; margin-bottom: 0; margin-top: 8px; overflow: hidden; padding: 8px 0 7px; text-align: center; text-overflow: ellipsis; white-space: nowrap;\"><a style=\"color: #c9c8cd; font-family: Arial,sans-serif; font-size: 14px; font-style: normal; font-weight: normal; line-height: 17px; text-decoration: none;\" href=\"https:\/\/www.instagram.com\/p\/CPiV_Qln_yP\/?utm_source=ig_embed&amp;utm_campaign=loading\" target=\"_blank\" rel=\"noopener\">A post shared by Terreiro do Gantois (@terreirodogantois)<\/a><\/p>\n<\/div>\n<\/blockquote>\n<p><script async src=\"\/\/www.instagram.com\/embed.js\"><\/script><\/p>\n<p><span style=\"font-weight: 400;\">Se a escolha for pelo aspecto religioso de matriz africana, como templos e institui\u00e7\u00f5es que preservam a mem\u00f3ria hist\u00f3rica e de ritos, o Memorial M\u00e3e Menininha do Gantois \u00e9 um deles. Fica instalado no mesmo espa\u00e7o do Il\u00ea Iy\u00e1 Omi Ax\u00e9 Iyamas\u00e9 \u2013 Casa do Candombl\u00e9 do Gantois. O acervo conta com mais de 500 pe\u00e7as civis e sagradas, al\u00e9m de documentos da l\u00edder espiritual Maria Escol\u00e1stica da Concei\u00e7\u00e3o Nazareth, que esteve \u00e0 frente do templo de tradi\u00e7\u00e3o nag\u00f4 entre 1922 e 1986. S\u00e3o vestimentas, fotografias, mobili\u00e1rio, joias, objetos utilizados no culto, o jogo de b\u00fazios, entre outros. O equipamento funciona de ter\u00e7a-feira a sexta-feira, das 9h \u00e0s 12h e das 14h \u00e0s 17h; e aos s\u00e1bados, em caso de visitas guiadas e agendadas (<\/span><a href=\"mailto:memorialmaemenininha@gmail.com\"><span style=\"font-weight: 400;\">memorialmaemenininha@gmail.com<\/span><\/a><span style=\"font-weight: 400;\">). <a href=\"http:\/\/terreirodogantois.com.br\/\">Saiba mais neste link.<\/a>\u00a0<\/span><\/p>\n<p><span style=\"font-weight: 400;\">Instagram: <a href=\"https:\/\/www.instagram.com\/terreirodogantois\/\">@terreirodogantois<\/a>\u00a0<\/span><\/p>\n<p><b>Voc\u00ea conhece o Acervo da Laje no Sub\u00farbio Ferrovi\u00e1rio?<\/b><\/p>\n<p>&nbsp;<\/p>\n<blockquote class=\"instagram-media\" style=\"background: #FFF; border: 0; border-radius: 3px; box-shadow: 0 0 1px 0 rgba(0,0,0,0.5),0 1px 10px 0 rgba(0,0,0,0.15); margin: 1px; max-width: 540px; min-width: 326px; padding: 0; width: calc(100% - 2px);\" data-instgrm-permalink=\"https:\/\/www.instagram.com\/p\/Cl_bp7hLn9Q\/?utm_source=ig_embed&amp;utm_campaign=loading\" data-instgrm-version=\"14\">\n<div style=\"padding: 16px;\">\n<p>&nbsp;<\/p>\n<div style=\"display: flex; flex-direction: row; align-items: center;\">\n<div style=\"background-color: #f4f4f4; border-radius: 50%; flex-grow: 0; height: 40px; margin-right: 14px; width: 40px;\"><\/div>\n<div style=\"display: flex; flex-direction: column; flex-grow: 1; justify-content: center;\">\n<div style=\"background-color: #f4f4f4; border-radius: 4px; flex-grow: 0; height: 14px; margin-bottom: 6px; width: 100px;\"><\/div>\n<div style=\"background-color: #f4f4f4; border-radius: 4px; flex-grow: 0; height: 14px; width: 60px;\"><\/div>\n<\/div>\n<\/div>\n<div style=\"padding: 19% 0;\"><\/div>\n<div style=\"display: block; height: 50px; margin: 0 auto 12px; width: 50px;\"><\/div>\n<div style=\"padding-top: 8px;\">\n<div style=\"color: #3897f0; font-family: Arial,sans-serif; font-size: 14px; font-style: normal; font-weight: 550; line-height: 18px;\">View this post on Instagram<\/div>\n<\/div>\n<div style=\"padding: 12.5% 0;\"><\/div>\n<div style=\"display: flex; flex-direction: row; margin-bottom: 14px; align-items: center;\">\n<div>\n<div style=\"background-color: #f4f4f4; border-radius: 50%; height: 12.5px; width: 12.5px; transform: translateX(0px) translateY(7px);\"><\/div>\n<div style=\"background-color: #f4f4f4; height: 12.5px; transform: rotate(-45deg) translateX(3px) translateY(1px); width: 12.5px; flex-grow: 0; margin-right: 14px; margin-left: 2px;\"><\/div>\n<div style=\"background-color: #f4f4f4; border-radius: 50%; height: 12.5px; width: 12.5px; transform: translateX(9px) translateY(-18px);\"><\/div>\n<\/div>\n<div style=\"margin-left: 8px;\">\n<div style=\"background-color: #f4f4f4; border-radius: 50%; flex-grow: 0; height: 20px; width: 20px;\"><\/div>\n<div style=\"width: 0; height: 0; border-top: 2px solid transparent; border-left: 6px solid #f4f4f4; border-bottom: 2px solid transparent; transform: translateX(16px) translateY(-4px) rotate(30deg);\"><\/div>\n<\/div>\n<div style=\"margin-left: auto;\">\n<div style=\"width: 0px; border-top: 8px solid #F4F4F4; border-right: 8px solid transparent; transform: translateY(16px);\"><\/div>\n<div style=\"background-color: #f4f4f4; flex-grow: 0; height: 12px; width: 16px; transform: translateY(-4px);\"><\/div>\n<div style=\"width: 0; height: 0; border-top: 8px solid #F4F4F4; border-left: 8px solid transparent; transform: translateY(-4px) translateX(8px);\"><\/div>\n<\/div>\n<\/div>\n<div style=\"display: flex; flex-direction: column; flex-grow: 1; justify-content: center; margin-bottom: 24px;\">\n<div style=\"background-color: #f4f4f4; border-radius: 4px; flex-grow: 0; height: 14px; margin-bottom: 6px; width: 224px;\"><\/div>\n<div style=\"background-color: #f4f4f4; border-radius: 4px; flex-grow: 0; height: 14px; width: 144px;\"><\/div>\n<\/div>\n<p>&nbsp;<\/p>\n<p style=\"color: #c9c8cd; font-family: Arial,sans-serif; font-size: 14px; line-height: 17px; margin-bottom: 0; margin-top: 8px; overflow: hidden; padding: 8px 0 7px; text-align: center; text-overflow: ellipsis; white-space: nowrap;\"><a style=\"color: #c9c8cd; font-family: Arial,sans-serif; font-size: 14px; font-style: normal; font-weight: normal; line-height: 17px; text-decoration: none;\" href=\"https:\/\/www.instagram.com\/p\/Cl_bp7hLn9Q\/?utm_source=ig_embed&amp;utm_campaign=loading\" target=\"_blank\" rel=\"noopener\">A post shared by Acervo da Laje (@acervodalaje)<\/a><\/p>\n<\/div>\n<\/blockquote>\n<p><script async src=\"\/\/www.instagram.com\/embed.js\"><\/script><\/p>\n<p><span style=\"font-weight: 400;\">Ainda na mesma proposta, a Associa\u00e7\u00e3o Cultural Acervo da Laje, o primeiro museu do sub\u00farbio da capital baiana, direciona sua atua\u00e7\u00e3o para o registro e resgate da hist\u00f3ria da regi\u00e3o do sub\u00farbio ferrovi\u00e1rio, com foco na cultura negra, e funciona desde 2010, no bairro de S\u00e3o Jo\u00e3o do Cabrito. S\u00e3o quatro mil pe\u00e7as, entre CDs, discos, azulejos, artefatos, fotografias, esculturas, documentos, obras, dentre outros objetos que guardam essas mem\u00f3rias. A entidade, fundada pelos professores Vilma Santos e Jos\u00e9 Eduardo Ferreira Santos, ocupa dois im\u00f3veis na regi\u00e3o e possui 11 projetos. A partir do conceito casa-museu-escola,\u00a0 promove exposi\u00e7\u00f5es dentro e fora do espa\u00e7o do museu, visitas guiadas, oficinas art\u00edsticas e debates. Saiba mais neste link. <\/span><a href=\"http:\/\/www.acervodalaje.com.br\"><span style=\"font-weight: 400;\">www.acervodalaje.com.br<\/span><\/a><\/p>\n<p><span style=\"font-weight: 400;\">Instagram: <a href=\"https:\/\/www.instagram.com\/acervodalaje\/\">@acervodalaje<\/a>\u00a0<\/span><\/p>\n","protected":false},"featured_media":1342,"template":"","territorios":[96],"pilares":[63,66,61,60,59,65],"acf":[],"yoast_head":"<!-- This site is optimized with the Yoast SEO plugin v21.5 - https:\/\/yoast.com\/wordpress\/plugins\/seo\/ -->\n<title>Conhe\u00e7a aspectos culturais em cinco passeios imperd\u00edveis - Salvador Capital Afro<\/title>\n<meta name=\"robots\" content=\"index, follow, max-snippet:-1, max-image-preview:large, max-video-preview:-1\" \/>\n<link rel=\"canonical\" href=\"https:\/\/www.salvadordabahia.com\/capitalafro\/experiencias\/conheca-aspectos-culturais-em-cinco-passeios-imperdiveis\/\" \/>\n<meta property=\"og:locale\" content=\"pt_BR\" \/>\n<meta property=\"og:type\" content=\"article\" \/>\n<meta property=\"og:title\" content=\"Conhe\u00e7a aspectos culturais em cinco passeios imperd\u00edveis - Salvador Capital Afro\" \/>\n<meta property=\"og:description\" content=\"Aproveite o Dia do Turista e v\u00e1 passear por lugares que contemplam interesses diversos Quem faz a melhor divulga\u00e7\u00e3o da capital baiana como destino tur\u00edstico tem dia especial e merece homenagens. O Dia Nacional do Turista \u00e9 comemorado em 13 de junho, e o Salvador Capital Afro escolheu cinco op\u00e7\u00f5es dentro da diversidade de roteiros [&hellip;]\" \/>\n<meta property=\"og:url\" content=\"https:\/\/www.salvadordabahia.com\/capitalafro\/experiencias\/conheca-aspectos-culturais-em-cinco-passeios-imperdiveis\/\" \/>\n<meta property=\"og:site_name\" content=\"Salvador Capital Afro\" \/>\n<meta property=\"og:image\" content=\"https:\/\/www.salvadordabahia.com\/capitalafro\/wp-content\/uploads\/2023\/06\/SCA_ROSARIO-8-2.jpg\" \/>\n\t<meta property=\"og:image:width\" content=\"1815\" \/>\n\t<meta property=\"og:image:height\" content=\"906\" \/>\n\t<meta property=\"og:image:type\" content=\"image\/jpeg\" \/>\n<meta name=\"twitter:card\" content=\"summary_large_image\" \/>\n<meta name=\"twitter:label1\" content=\"Est. tempo de leitura\" \/>\n\t<meta name=\"twitter:data1\" content=\"5 minutos\" \/>\n<script type=\"application\/ld+json\" class=\"yoast-schema-graph\">{\"@context\":\"https:\/\/schema.org\",\"@graph\":[{\"@type\":\"WebPage\",\"@id\":\"https:\/\/www.salvadordabahia.com\/capitalafro\/experiencias\/conheca-aspectos-culturais-em-cinco-passeios-imperdiveis\/\",\"url\":\"https:\/\/www.salvadordabahia.com\/capitalafro\/experiencias\/conheca-aspectos-culturais-em-cinco-passeios-imperdiveis\/\",\"name\":\"Conhe\u00e7a aspectos culturais em cinco passeios imperd\u00edveis - Salvador Capital Afro\",\"isPartOf\":{\"@id\":\"https:\/\/www.salvadordabahia.com\/capitalafro\/#website\"},\"datePublished\":\"2023-06-13T18:32:40+00:00\",\"dateModified\":\"2023-06-13T18:32:40+00:00\",\"breadcrumb\":{\"@id\":\"https:\/\/www.salvadordabahia.com\/capitalafro\/experiencias\/conheca-aspectos-culturais-em-cinco-passeios-imperdiveis\/#breadcrumb\"},\"inLanguage\":\"pt-BR\",\"potentialAction\":[{\"@type\":\"ReadAction\",\"target\":[\"https:\/\/www.salvadordabahia.com\/capitalafro\/experiencias\/conheca-aspectos-culturais-em-cinco-passeios-imperdiveis\/\"]}]},{\"@type\":\"BreadcrumbList\",\"@id\":\"https:\/\/www.salvadordabahia.com\/capitalafro\/experiencias\/conheca-aspectos-culturais-em-cinco-passeios-imperdiveis\/#breadcrumb\",\"itemListElement\":[{\"@type\":\"ListItem\",\"position\":1,\"name\":\"In\u00edcio\",\"item\":\"https:\/\/www.salvadordabahia.com\/capitalafro\/\"},{\"@type\":\"ListItem\",\"position\":2,\"name\":\"Experi\u00eancias\",\"item\":\"https:\/\/www.salvadordabahia.com\/capitalafro\/experiencias\/\"},{\"@type\":\"ListItem\",\"position\":3,\"name\":\"Conhe\u00e7a aspectos culturais em cinco passeios imperd\u00edveis\"}]},{\"@type\":\"WebSite\",\"@id\":\"https:\/\/www.salvadordabahia.com\/capitalafro\/#website\",\"url\":\"https:\/\/www.salvadordabahia.com\/capitalafro\/\",\"name\":\"Salvador Capital Afro\",\"description\":\"\",\"potentialAction\":[{\"@type\":\"SearchAction\",\"target\":{\"@type\":\"EntryPoint\",\"urlTemplate\":\"https:\/\/www.salvadordabahia.com\/capitalafro\/?s={search_term_string}\"},\"query-input\":\"required name=search_term_string\"}],\"inLanguage\":\"pt-BR\"}]}<\/script>\n<!-- \/ Yoast SEO plugin. -->","yoast_head_json":{"title":"Conhe\u00e7a aspectos culturais em cinco passeios imperd\u00edveis - Salvador Capital Afro","robots":{"index":"index","follow":"follow","max-snippet":"max-snippet:-1","max-image-preview":"max-image-preview:large","max-video-preview":"max-video-preview:-1"},"canonical":"https:\/\/www.salvadordabahia.com\/capitalafro\/experiencias\/conheca-aspectos-culturais-em-cinco-passeios-imperdiveis\/","og_locale":"pt_BR","og_type":"article","og_title":"Conhe\u00e7a aspectos culturais em cinco passeios imperd\u00edveis - Salvador Capital Afro","og_description":"Aproveite o Dia do Turista e v\u00e1 passear por lugares que contemplam interesses diversos Quem faz a melhor divulga\u00e7\u00e3o da capital baiana como destino tur\u00edstico tem dia especial e merece homenagens. O Dia Nacional do Turista \u00e9 comemorado em 13 de junho, e o Salvador Capital Afro escolheu cinco op\u00e7\u00f5es dentro da diversidade de roteiros [&hellip;]","og_url":"https:\/\/www.salvadordabahia.com\/capitalafro\/experiencias\/conheca-aspectos-culturais-em-cinco-passeios-imperdiveis\/","og_site_name":"Salvador Capital Afro","og_image":[{"width":1815,"height":906,"url":"https:\/\/www.salvadordabahia.com\/capitalafro\/wp-content\/uploads\/2023\/06\/SCA_ROSARIO-8-2.jpg","type":"image\/jpeg"}],"twitter_card":"summary_large_image","twitter_misc":{"Est. tempo de leitura":"5 minutos"},"schema":{"@context":"https:\/\/schema.org","@graph":[{"@type":"WebPage","@id":"https:\/\/www.salvadordabahia.com\/capitalafro\/experiencias\/conheca-aspectos-culturais-em-cinco-passeios-imperdiveis\/","url":"https:\/\/www.salvadordabahia.com\/capitalafro\/experiencias\/conheca-aspectos-culturais-em-cinco-passeios-imperdiveis\/","name":"Conhe\u00e7a aspectos culturais em cinco passeios imperd\u00edveis - Salvador Capital Afro","isPartOf":{"@id":"https:\/\/www.salvadordabahia.com\/capitalafro\/#website"},"datePublished":"2023-06-13T18:32:40+00:00","dateModified":"2023-06-13T18:32:40+00:00","breadcrumb":{"@id":"https:\/\/www.salvadordabahia.com\/capitalafro\/experiencias\/conheca-aspectos-culturais-em-cinco-passeios-imperdiveis\/#breadcrumb"},"inLanguage":"pt-BR","potentialAction":[{"@type":"ReadAction","target":["https:\/\/www.salvadordabahia.com\/capitalafro\/experiencias\/conheca-aspectos-culturais-em-cinco-passeios-imperdiveis\/"]}]},{"@type":"BreadcrumbList","@id":"https:\/\/www.salvadordabahia.com\/capitalafro\/experiencias\/conheca-aspectos-culturais-em-cinco-passeios-imperdiveis\/#breadcrumb","itemListElement":[{"@type":"ListItem","position":1,"name":"In\u00edcio","item":"https:\/\/www.salvadordabahia.com\/capitalafro\/"},{"@type":"ListItem","position":2,"name":"Experi\u00eancias","item":"https:\/\/www.salvadordabahia.com\/capitalafro\/experiencias\/"},{"@type":"ListItem","position":3,"name":"Conhe\u00e7a aspectos culturais em cinco passeios imperd\u00edveis"}]},{"@type":"WebSite","@id":"https:\/\/www.salvadordabahia.com\/capitalafro\/#website","url":"https:\/\/www.salvadordabahia.com\/capitalafro\/","name":"Salvador Capital Afro","description":"","potentialAction":[{"@type":"SearchAction","target":{"@type":"EntryPoint","urlTemplate":"https:\/\/www.salvadordabahia.com\/capitalafro\/?s={search_term_string}"},"query-input":"required name=search_term_string"}],"inLanguage":"pt-BR"}]}},"lang":"pt","translations":{"pt":1339},"pll_sync_post":[],"_links":{"self":[{"href":"https:\/\/www.salvadordabahia.com\/capitalafro\/wp-json\/wp\/v2\/experiencias\/1339"}],"collection":[{"href":"https:\/\/www.salvadordabahia.com\/capitalafro\/wp-json\/wp\/v2\/experiencias"}],"about":[{"href":"https:\/\/www.salvadordabahia.com\/capitalafro\/wp-json\/wp\/v2\/types\/experiencias"}],"wp:featuredmedia":[{"embeddable":true,"href":"https:\/\/www.salvadordabahia.com\/capitalafro\/wp-json\/wp\/v2\/media\/1342"}],"wp:attachment":[{"href":"https:\/\/www.salvadordabahia.com\/capitalafro\/wp-json\/wp\/v2\/media?parent=1339"}],"wp:term":[{"taxonomy":"territorios","embeddable":true,"href":"https:\/\/www.salvadordabahia.com\/capitalafro\/wp-json\/wp\/v2\/territorios?post=1339"},{"taxonomy":"pilares","embeddable":true,"href":"https:\/\/www.salvadordabahia.com\/capitalafro\/wp-json\/wp\/v2\/pilares?post=1339"}],"curies":[{"name":"wp","href":"https:\/\/api.w.org\/{rel}","templated":true}]}}