{"id":1100,"date":"2023-06-15T21:17:27","date_gmt":"2023-06-15T21:17:27","guid":{"rendered":"https:\/\/salvadordabahia.com\/capitalafro\/?post_type=destaques&#038;p=1100"},"modified":"2023-06-16T09:26:19","modified_gmt":"2023-06-16T12:26:19","slug":"espaco-cultural-dvenetta","status":"publish","type":"destaques","link":"https:\/\/www.salvadordabahia.com\/capitalafro\/destaques\/espaco-cultural-dvenetta\/","title":{"rendered":"Espa\u00e7o Cultural D\u2019Venetta"},"content":{"rendered":"<h2 style=\"text-align: center;\">Gastronomia, exposi\u00e7\u00f5es, shows e demais express\u00f5es culturais<\/h2>\n<p>H\u00e1 quase dez anos surpreendendo quem passa pelo Santo Ant\u00f4nio Al\u00e9m do Carmo, o Espa\u00e7o Cultural D\u2019Venetta est\u00e1 em um casar\u00e3o com uma fachada de azulejos antigos que facilmente passa despercebido \u00e0 primeira vista. O movimento dentro do im\u00f3vel, no entanto, atrai a aten\u00e7\u00e3o, e, ao entrar, voc\u00ea \u00e9 surpreendido pelas cores e cheiros.<\/p>\n<p>O D\u2019Venetta possui um pub no subsolo, uma sala e um quintal, que \u00e9 o espa\u00e7o mais concorrido da casa, j\u00e1 que \u00e9 onde acontecem os shows. Sob o comando de Dona D\u00f4ra, a charmosa decora\u00e7\u00e3o da casa \u00e9 composta por objetos, m\u00f3veis e pe\u00e7as antigas, e suas paredes s\u00e3o de tijolos de barro, com fotos, recortes e pinturas que enaltecem a cultura negra.<\/p>\n<p>Na cozinha, comandada pelo propriet\u00e1rio Ademir, o card\u00e1pio \u00e9 simples, mas bastante variado, e as comidas s\u00e3o servidas em cumbucas de barro. Com a mani\u00e7oba, o sarapatel, a feijoada tradicional e de mariscos, a carne de sol, a galinha ao molho pardo, o arrumadinho vegetariano, as bebidas tropicais e in\u00fameras cervejas artesanais \u2013 da amora ao maracuj\u00e1 \u2013, o local tornou-se ponto de encontro de artistas diversos e um espa\u00e7o para exposi\u00e7\u00f5es, apresenta\u00e7\u00e3o de DJs e demais express\u00f5es culturais.<\/p>\n<h3>Servi\u00e7o:<\/h3>\n<p><strong>Espa\u00e7o Cultural D\u2019Venetta<\/strong><br \/>\nEndere\u00e7o: Rua dos Adobes, 12 \u2013 Santo Ant\u00f4nio Al\u00e9m do Carmo<br \/>\nInstagram: @<a href=\"https:\/\/www.instagram.com\/dvenetta\/\" target=\"_blank\" rel=\"noopener\">dvenetta<\/a><br \/>\nFacebook: www.facebook.com\/espaco.dvenetta<br \/>\nTelefone: (71) 3243-0616<br \/>\nWhatsApp: (71) 98763-6423<\/p>\n","protected":false},"featured_media":1234,"template":"","tipos":[137],"acf":[],"yoast_head":"<!-- This site is optimized with the Yoast SEO plugin v21.5 - https:\/\/yoast.com\/wordpress\/plugins\/seo\/ -->\n<title>Espa\u00e7o Cultural D\u2019Venetta - Salvador Capital Afro<\/title>\n<meta name=\"robots\" content=\"index, follow, max-snippet:-1, max-image-preview:large, max-video-preview:-1\" \/>\n<link rel=\"canonical\" href=\"https:\/\/www.salvadordabahia.com\/capitalafro\/destaques\/espaco-cultural-dvenetta\/\" \/>\n<meta property=\"og:locale\" content=\"pt_BR\" \/>\n<meta property=\"og:type\" content=\"article\" \/>\n<meta property=\"og:title\" content=\"Espa\u00e7o Cultural D\u2019Venetta - Salvador Capital Afro\" \/>\n<meta property=\"og:description\" content=\"Gastronomia, exposi\u00e7\u00f5es, shows e demais express\u00f5es culturais H\u00e1 quase dez anos surpreendendo quem passa pelo Santo Ant\u00f4nio Al\u00e9m do Carmo, o Espa\u00e7o Cultural D\u2019Venetta est\u00e1 em um casar\u00e3o com uma fachada de azulejos antigos que facilmente passa despercebido \u00e0 primeira vista. O movimento dentro do im\u00f3vel, no entanto, atrai a aten\u00e7\u00e3o, e, ao entrar, voc\u00ea [&hellip;]\" \/>\n<meta property=\"og:url\" content=\"https:\/\/www.salvadordabahia.com\/capitalafro\/destaques\/espaco-cultural-dvenetta\/\" \/>\n<meta property=\"og:site_name\" content=\"Salvador Capital Afro\" \/>\n<meta property=\"article:modified_time\" content=\"2023-06-16T12:26:19+00:00\" \/>\n<meta property=\"og:image\" content=\"https:\/\/www.salvadordabahia.com\/capitalafro\/wp-content\/uploads\/2023\/05\/DVenetta.-Destaques.-Foto-divulgacao-scaled.jpg\" \/>\n\t<meta property=\"og:image:width\" content=\"2128\" \/>\n\t<meta property=\"og:image:height\" content=\"2560\" \/>\n\t<meta property=\"og:image:type\" content=\"image\/jpeg\" \/>\n<meta name=\"twitter:card\" content=\"summary_large_image\" \/>\n<meta name=\"twitter:label1\" content=\"Est. tempo de leitura\" \/>\n\t<meta name=\"twitter:data1\" content=\"2 minutos\" \/>\n<script type=\"application\/ld+json\" class=\"yoast-schema-graph\">{\"@context\":\"https:\/\/schema.org\",\"@graph\":[{\"@type\":\"WebPage\",\"@id\":\"https:\/\/www.salvadordabahia.com\/capitalafro\/destaques\/espaco-cultural-dvenetta\/\",\"url\":\"https:\/\/www.salvadordabahia.com\/capitalafro\/destaques\/espaco-cultural-dvenetta\/\",\"name\":\"Espa\u00e7o Cultural D\u2019Venetta - Salvador Capital Afro\",\"isPartOf\":{\"@id\":\"https:\/\/www.salvadordabahia.com\/capitalafro\/#website\"},\"datePublished\":\"2023-06-15T21:17:27+00:00\",\"dateModified\":\"2023-06-16T12:26:19+00:00\",\"breadcrumb\":{\"@id\":\"https:\/\/www.salvadordabahia.com\/capitalafro\/destaques\/espaco-cultural-dvenetta\/#breadcrumb\"},\"inLanguage\":\"pt-BR\",\"potentialAction\":[{\"@type\":\"ReadAction\",\"target\":[\"https:\/\/www.salvadordabahia.com\/capitalafro\/destaques\/espaco-cultural-dvenetta\/\"]}]},{\"@type\":\"BreadcrumbList\",\"@id\":\"https:\/\/www.salvadordabahia.com\/capitalafro\/destaques\/espaco-cultural-dvenetta\/#breadcrumb\",\"itemListElement\":[{\"@type\":\"ListItem\",\"position\":1,\"name\":\"In\u00edcio\",\"item\":\"https:\/\/www.salvadordabahia.com\/capitalafro\/\"},{\"@type\":\"ListItem\",\"position\":2,\"name\":\"Destaques\",\"item\":\"https:\/\/www.salvadordabahia.com\/capitalafro\/destaques\/\"},{\"@type\":\"ListItem\",\"position\":3,\"name\":\"Espa\u00e7o Cultural D\u2019Venetta\"}]},{\"@type\":\"WebSite\",\"@id\":\"https:\/\/www.salvadordabahia.com\/capitalafro\/#website\",\"url\":\"https:\/\/www.salvadordabahia.com\/capitalafro\/\",\"name\":\"Salvador Capital Afro\",\"description\":\"\",\"potentialAction\":[{\"@type\":\"SearchAction\",\"target\":{\"@type\":\"EntryPoint\",\"urlTemplate\":\"https:\/\/www.salvadordabahia.com\/capitalafro\/?s={search_term_string}\"},\"query-input\":\"required name=search_term_string\"}],\"inLanguage\":\"pt-BR\"}]}<\/script>\n<!-- \/ Yoast SEO plugin. -->","yoast_head_json":{"title":"Espa\u00e7o Cultural D\u2019Venetta - Salvador Capital Afro","robots":{"index":"index","follow":"follow","max-snippet":"max-snippet:-1","max-image-preview":"max-image-preview:large","max-video-preview":"max-video-preview:-1"},"canonical":"https:\/\/www.salvadordabahia.com\/capitalafro\/destaques\/espaco-cultural-dvenetta\/","og_locale":"pt_BR","og_type":"article","og_title":"Espa\u00e7o Cultural D\u2019Venetta - Salvador Capital Afro","og_description":"Gastronomia, exposi\u00e7\u00f5es, shows e demais express\u00f5es culturais H\u00e1 quase dez anos surpreendendo quem passa pelo Santo Ant\u00f4nio Al\u00e9m do Carmo, o Espa\u00e7o Cultural D\u2019Venetta est\u00e1 em um casar\u00e3o com uma fachada de azulejos antigos que facilmente passa despercebido \u00e0 primeira vista. O movimento dentro do im\u00f3vel, no entanto, atrai a aten\u00e7\u00e3o, e, ao entrar, voc\u00ea [&hellip;]","og_url":"https:\/\/www.salvadordabahia.com\/capitalafro\/destaques\/espaco-cultural-dvenetta\/","og_site_name":"Salvador Capital Afro","article_modified_time":"2023-06-16T12:26:19+00:00","og_image":[{"width":2128,"height":2560,"url":"https:\/\/www.salvadordabahia.com\/capitalafro\/wp-content\/uploads\/2023\/05\/DVenetta.-Destaques.-Foto-divulgacao-scaled.jpg","type":"image\/jpeg"}],"twitter_card":"summary_large_image","twitter_misc":{"Est. tempo de leitura":"2 minutos"},"schema":{"@context":"https:\/\/schema.org","@graph":[{"@type":"WebPage","@id":"https:\/\/www.salvadordabahia.com\/capitalafro\/destaques\/espaco-cultural-dvenetta\/","url":"https:\/\/www.salvadordabahia.com\/capitalafro\/destaques\/espaco-cultural-dvenetta\/","name":"Espa\u00e7o Cultural D\u2019Venetta - Salvador Capital Afro","isPartOf":{"@id":"https:\/\/www.salvadordabahia.com\/capitalafro\/#website"},"datePublished":"2023-06-15T21:17:27+00:00","dateModified":"2023-06-16T12:26:19+00:00","breadcrumb":{"@id":"https:\/\/www.salvadordabahia.com\/capitalafro\/destaques\/espaco-cultural-dvenetta\/#breadcrumb"},"inLanguage":"pt-BR","potentialAction":[{"@type":"ReadAction","target":["https:\/\/www.salvadordabahia.com\/capitalafro\/destaques\/espaco-cultural-dvenetta\/"]}]},{"@type":"BreadcrumbList","@id":"https:\/\/www.salvadordabahia.com\/capitalafro\/destaques\/espaco-cultural-dvenetta\/#breadcrumb","itemListElement":[{"@type":"ListItem","position":1,"name":"In\u00edcio","item":"https:\/\/www.salvadordabahia.com\/capitalafro\/"},{"@type":"ListItem","position":2,"name":"Destaques","item":"https:\/\/www.salvadordabahia.com\/capitalafro\/destaques\/"},{"@type":"ListItem","position":3,"name":"Espa\u00e7o Cultural D\u2019Venetta"}]},{"@type":"WebSite","@id":"https:\/\/www.salvadordabahia.com\/capitalafro\/#website","url":"https:\/\/www.salvadordabahia.com\/capitalafro\/","name":"Salvador Capital Afro","description":"","potentialAction":[{"@type":"SearchAction","target":{"@type":"EntryPoint","urlTemplate":"https:\/\/www.salvadordabahia.com\/capitalafro\/?s={search_term_string}"},"query-input":"required name=search_term_string"}],"inLanguage":"pt-BR"}]}},"_links":{"self":[{"href":"https:\/\/www.salvadordabahia.com\/capitalafro\/wp-json\/wp\/v2\/destaques\/1100"}],"collection":[{"href":"https:\/\/www.salvadordabahia.com\/capitalafro\/wp-json\/wp\/v2\/destaques"}],"about":[{"href":"https:\/\/www.salvadordabahia.com\/capitalafro\/wp-json\/wp\/v2\/types\/destaques"}],"wp:featuredmedia":[{"embeddable":true,"href":"https:\/\/www.salvadordabahia.com\/capitalafro\/wp-json\/wp\/v2\/media\/1234"}],"wp:attachment":[{"href":"https:\/\/www.salvadordabahia.com\/capitalafro\/wp-json\/wp\/v2\/media?parent=1100"}],"wp:term":[{"taxonomy":"tipos","embeddable":true,"href":"https:\/\/www.salvadordabahia.com\/capitalafro\/wp-json\/wp\/v2\/tipos?post=1100"}],"curies":[{"name":"wp","href":"https:\/\/api.w.org\/{rel}","templated":true}]}}