{"id":1087,"date":"2023-06-15T21:17:51","date_gmt":"2023-06-15T21:17:51","guid":{"rendered":"https:\/\/salvadordabahia.com\/capitalafro\/?post_type=destaques&#038;p=1087"},"modified":"2023-06-16T09:26:09","modified_gmt":"2023-06-16T12:26:09","slug":"associacao-cultural-camugere-capoeira","status":"publish","type":"destaques","link":"https:\/\/www.salvadordabahia.com\/capitalafro\/destaques\/associacao-cultural-camugere-capoeira\/","title":{"rendered":"Associa\u00e7\u00e3o Cultural Camuger\u00ea Capoeira"},"content":{"rendered":"<h2 style=\"text-align: center;\">Samba de roda, o maculel\u00ea e a puxada de rede<\/h2>\n<p>Proporcionar atividade fundamentada em elementos identit\u00e1rios com foco na cultura popular e tradi\u00e7\u00e3o foi a motiva\u00e7\u00e3o para a cria\u00e7\u00e3o do Centro de Ensino Camuger\u00ea Capoeira (CECC), no bairro de Itapu\u00e3, em 15 de mar\u00e7o de 2002, que atende crian\u00e7as, jovens e adultos. A partir dessa proposta, atividades com manifesta\u00e7\u00f5es como o samba de roda, o maculel\u00ea e a puxada de rede integram a grade de a\u00e7\u00f5es realizadas pelo grupo, que conta com representantes em pa\u00edses como Espanha, B\u00e9lgica, Su\u00ed\u00e7a e Austr\u00e1lia.<\/p>\n<p>O destaque das iniciativas desenvolvidas \u00e9 o projeto Ginga Menino, que nasceu junto com o CECC e \u00e9 voltado para crian\u00e7as e jovens em situa\u00e7\u00e3o de vulnerabilidade social em comunidades de baixa renda. Al\u00e9m de localidades da regi\u00e3o metropolitana de Salvador, a a\u00e7\u00e3o abrange o munic\u00edpio de Arapiraca, no estado de Alagoas.<\/p>\n<p>Durante sua trajet\u00f3ria, o projeto idealizado e conduzido por Hamilton Tosta dos Santos (Mestre Tosta) j\u00e1 atendeu mais de duas mil crian\u00e7as, ministrando atividades em escolas da rede p\u00fablica, e suas fam\u00edlias, oferecendo capacita\u00e7\u00e3o em oficinas profissionalizantes, possibilitando a inser\u00e7\u00e3o no mercado de trabalho. Cada faixa et\u00e1ria \u00e9 abordada com uma metodologia espec\u00edfica, com acesso gratuito ao material utilizado nas oficinas.<\/p>\n<h2>Servi\u00e7o:<\/h2>\n<p><strong>Associa\u00e7\u00e3o Cultural Camuger\u00ea Capoeira<\/strong><br \/>\nEndere\u00e7o: Rua das Ac\u00e1cias, 42 A \u2013 Alto do Coqueirinho<br \/>\nInstagram: <a href=\"https:\/\/www.instagram.com\/camugerecapoeira\/\" target=\"_blank\" rel=\"noopener\">@camugerecapoeira<\/a><br \/>\nFacebook: Camuger\u00ea Capoeira<br \/>\nTelefone: (71) 98725-1013<\/p>\n","protected":false},"featured_media":0,"template":"","tipos":[139],"acf":[],"yoast_head":"<!-- This site is optimized with the Yoast SEO plugin v21.5 - https:\/\/yoast.com\/wordpress\/plugins\/seo\/ -->\n<title>Associa\u00e7\u00e3o Cultural Camuger\u00ea Capoeira - Salvador Capital Afro<\/title>\n<meta name=\"robots\" content=\"index, follow, max-snippet:-1, max-image-preview:large, max-video-preview:-1\" \/>\n<link rel=\"canonical\" href=\"https:\/\/www.salvadordabahia.com\/capitalafro\/destaques\/associacao-cultural-camugere-capoeira\/\" \/>\n<meta property=\"og:locale\" content=\"pt_BR\" \/>\n<meta property=\"og:type\" content=\"article\" \/>\n<meta property=\"og:title\" content=\"Associa\u00e7\u00e3o Cultural Camuger\u00ea Capoeira - Salvador Capital Afro\" \/>\n<meta property=\"og:description\" content=\"Samba de roda, o maculel\u00ea e a puxada de rede Proporcionar atividade fundamentada em elementos identit\u00e1rios com foco na cultura popular e tradi\u00e7\u00e3o foi a motiva\u00e7\u00e3o para a cria\u00e7\u00e3o do Centro de Ensino Camuger\u00ea Capoeira (CECC), no bairro de Itapu\u00e3, em 15 de mar\u00e7o de 2002, que atende crian\u00e7as, jovens e adultos. A partir dessa [&hellip;]\" \/>\n<meta property=\"og:url\" content=\"https:\/\/www.salvadordabahia.com\/capitalafro\/destaques\/associacao-cultural-camugere-capoeira\/\" \/>\n<meta property=\"og:site_name\" content=\"Salvador Capital Afro\" \/>\n<meta property=\"article:modified_time\" content=\"2023-06-16T12:26:09+00:00\" \/>\n<meta name=\"twitter:card\" content=\"summary_large_image\" \/>\n<meta name=\"twitter:label1\" content=\"Est. tempo de leitura\" \/>\n\t<meta name=\"twitter:data1\" content=\"2 minutos\" \/>\n<script type=\"application\/ld+json\" class=\"yoast-schema-graph\">{\"@context\":\"https:\/\/schema.org\",\"@graph\":[{\"@type\":\"WebPage\",\"@id\":\"https:\/\/www.salvadordabahia.com\/capitalafro\/destaques\/associacao-cultural-camugere-capoeira\/\",\"url\":\"https:\/\/www.salvadordabahia.com\/capitalafro\/destaques\/associacao-cultural-camugere-capoeira\/\",\"name\":\"Associa\u00e7\u00e3o Cultural Camuger\u00ea Capoeira - Salvador Capital Afro\",\"isPartOf\":{\"@id\":\"https:\/\/www.salvadordabahia.com\/capitalafro\/#website\"},\"datePublished\":\"2023-06-15T21:17:51+00:00\",\"dateModified\":\"2023-06-16T12:26:09+00:00\",\"breadcrumb\":{\"@id\":\"https:\/\/www.salvadordabahia.com\/capitalafro\/destaques\/associacao-cultural-camugere-capoeira\/#breadcrumb\"},\"inLanguage\":\"pt-BR\",\"potentialAction\":[{\"@type\":\"ReadAction\",\"target\":[\"https:\/\/www.salvadordabahia.com\/capitalafro\/destaques\/associacao-cultural-camugere-capoeira\/\"]}]},{\"@type\":\"BreadcrumbList\",\"@id\":\"https:\/\/www.salvadordabahia.com\/capitalafro\/destaques\/associacao-cultural-camugere-capoeira\/#breadcrumb\",\"itemListElement\":[{\"@type\":\"ListItem\",\"position\":1,\"name\":\"In\u00edcio\",\"item\":\"https:\/\/www.salvadordabahia.com\/capitalafro\/\"},{\"@type\":\"ListItem\",\"position\":2,\"name\":\"Destaques\",\"item\":\"https:\/\/www.salvadordabahia.com\/capitalafro\/destaques\/\"},{\"@type\":\"ListItem\",\"position\":3,\"name\":\"Associa\u00e7\u00e3o Cultural Camuger\u00ea Capoeira\"}]},{\"@type\":\"WebSite\",\"@id\":\"https:\/\/www.salvadordabahia.com\/capitalafro\/#website\",\"url\":\"https:\/\/www.salvadordabahia.com\/capitalafro\/\",\"name\":\"Salvador Capital Afro\",\"description\":\"\",\"potentialAction\":[{\"@type\":\"SearchAction\",\"target\":{\"@type\":\"EntryPoint\",\"urlTemplate\":\"https:\/\/www.salvadordabahia.com\/capitalafro\/?s={search_term_string}\"},\"query-input\":\"required name=search_term_string\"}],\"inLanguage\":\"pt-BR\"}]}<\/script>\n<!-- \/ Yoast SEO plugin. -->","yoast_head_json":{"title":"Associa\u00e7\u00e3o Cultural Camuger\u00ea Capoeira - Salvador Capital Afro","robots":{"index":"index","follow":"follow","max-snippet":"max-snippet:-1","max-image-preview":"max-image-preview:large","max-video-preview":"max-video-preview:-1"},"canonical":"https:\/\/www.salvadordabahia.com\/capitalafro\/destaques\/associacao-cultural-camugere-capoeira\/","og_locale":"pt_BR","og_type":"article","og_title":"Associa\u00e7\u00e3o Cultural Camuger\u00ea Capoeira - Salvador Capital Afro","og_description":"Samba de roda, o maculel\u00ea e a puxada de rede Proporcionar atividade fundamentada em elementos identit\u00e1rios com foco na cultura popular e tradi\u00e7\u00e3o foi a motiva\u00e7\u00e3o para a cria\u00e7\u00e3o do Centro de Ensino Camuger\u00ea Capoeira (CECC), no bairro de Itapu\u00e3, em 15 de mar\u00e7o de 2002, que atende crian\u00e7as, jovens e adultos. A partir dessa [&hellip;]","og_url":"https:\/\/www.salvadordabahia.com\/capitalafro\/destaques\/associacao-cultural-camugere-capoeira\/","og_site_name":"Salvador Capital Afro","article_modified_time":"2023-06-16T12:26:09+00:00","twitter_card":"summary_large_image","twitter_misc":{"Est. tempo de leitura":"2 minutos"},"schema":{"@context":"https:\/\/schema.org","@graph":[{"@type":"WebPage","@id":"https:\/\/www.salvadordabahia.com\/capitalafro\/destaques\/associacao-cultural-camugere-capoeira\/","url":"https:\/\/www.salvadordabahia.com\/capitalafro\/destaques\/associacao-cultural-camugere-capoeira\/","name":"Associa\u00e7\u00e3o Cultural Camuger\u00ea Capoeira - Salvador Capital Afro","isPartOf":{"@id":"https:\/\/www.salvadordabahia.com\/capitalafro\/#website"},"datePublished":"2023-06-15T21:17:51+00:00","dateModified":"2023-06-16T12:26:09+00:00","breadcrumb":{"@id":"https:\/\/www.salvadordabahia.com\/capitalafro\/destaques\/associacao-cultural-camugere-capoeira\/#breadcrumb"},"inLanguage":"pt-BR","potentialAction":[{"@type":"ReadAction","target":["https:\/\/www.salvadordabahia.com\/capitalafro\/destaques\/associacao-cultural-camugere-capoeira\/"]}]},{"@type":"BreadcrumbList","@id":"https:\/\/www.salvadordabahia.com\/capitalafro\/destaques\/associacao-cultural-camugere-capoeira\/#breadcrumb","itemListElement":[{"@type":"ListItem","position":1,"name":"In\u00edcio","item":"https:\/\/www.salvadordabahia.com\/capitalafro\/"},{"@type":"ListItem","position":2,"name":"Destaques","item":"https:\/\/www.salvadordabahia.com\/capitalafro\/destaques\/"},{"@type":"ListItem","position":3,"name":"Associa\u00e7\u00e3o Cultural Camuger\u00ea Capoeira"}]},{"@type":"WebSite","@id":"https:\/\/www.salvadordabahia.com\/capitalafro\/#website","url":"https:\/\/www.salvadordabahia.com\/capitalafro\/","name":"Salvador Capital Afro","description":"","potentialAction":[{"@type":"SearchAction","target":{"@type":"EntryPoint","urlTemplate":"https:\/\/www.salvadordabahia.com\/capitalafro\/?s={search_term_string}"},"query-input":"required name=search_term_string"}],"inLanguage":"pt-BR"}]}},"_links":{"self":[{"href":"https:\/\/www.salvadordabahia.com\/capitalafro\/wp-json\/wp\/v2\/destaques\/1087"}],"collection":[{"href":"https:\/\/www.salvadordabahia.com\/capitalafro\/wp-json\/wp\/v2\/destaques"}],"about":[{"href":"https:\/\/www.salvadordabahia.com\/capitalafro\/wp-json\/wp\/v2\/types\/destaques"}],"wp:attachment":[{"href":"https:\/\/www.salvadordabahia.com\/capitalafro\/wp-json\/wp\/v2\/media?parent=1087"}],"wp:term":[{"taxonomy":"tipos","embeddable":true,"href":"https:\/\/www.salvadordabahia.com\/capitalafro\/wp-json\/wp\/v2\/tipos?post=1087"}],"curies":[{"name":"wp","href":"https:\/\/api.w.org\/{rel}","templated":true}]}}